{"id":18633,"date":"2025-08-01T23:52:30","date_gmt":"2025-08-01T21:52:30","guid":{"rendered":"https:\/\/www.fondationpierrefabre.org\/?post_type=avada_portfolio&#038;p=18633"},"modified":"2025-11-11T16:20:50","modified_gmt":"2025-11-11T15:20:50","slug":"soutien-a-la-maison-medicale-de-wassadou","status":"publish","type":"avada_portfolio","link":"https:\/\/www.fondationpierrefabre.org\/fr\/programmes\/soutien-a-la-maison-medicale-de-wassadou\/","title":{"rendered":"Soutien \u00e0 la Maison m\u00e9dicale de Wassadou"},"content":{"rendered":"<p><div class=\"fusion-fullwidth fullwidth-box fusion-builder-row-1 nonhundred-percent-fullwidth non-hundred-percent-height-scrolling\" style=\"--awb-border-radius-top-left:0px;--awb-border-radius-top-right:0px;--awb-border-radius-bottom-right:0px;--awb-border-radius-bottom-left:0px;--awb-background-color:#f2f2f2;--awb-flex-wrap:wrap;\" ><div class=\"fusion-builder-row fusion-row\"><div class=\"fusion-layout-column fusion_builder_column fusion-builder-column-0 fusion_builder_column_1_1 1_1 fusion-one-full fusion-column-first fusion-column-last\" style=\"--awb-bg-color:#f2f2f2;--awb-bg-color-hover:#f2f2f2;--awb-bg-size:cover;\"><div class=\"fusion-column-wrapper fusion-flex-column-wrapper-legacy\"><div class=\"fusion-text fusion-text-1\"><h1 style=\"text-align: center;\">Soutien \u00e0 la Maison m\u00e9dicale de Wassadou<\/h1>\n<h3 style=\"text-align: center;\"><em><span style=\"color: #717171;\">\u2014 S\u00e9n\u00e9gal \u2014<\/span><\/em><\/h3>\n<\/div><div class=\"fusion-clearfix\"><\/div><\/div><\/div><\/div><\/div><div class=\"fusion-fullwidth fullwidth-box fusion-builder-row-2 fusion-parallax-none nonhundred-percent-fullwidth non-hundred-percent-height-scrolling fusion-no-small-visibility lazyload\" style=\"--awb-border-radius-top-left:0px;--awb-border-radius-top-right:0px;--awb-border-radius-bottom-right:0px;--awb-border-radius-bottom-left:0px;--awb-background-size:cover;--awb-flex-wrap:wrap;\" data-bg=\"https:\/\/www.fondationpierrefabre.org\/wp-content\/uploads\/sites\/2\/2018\/07\/soins-senegal-wassadou-fondation-fabre.jpg\" ><div class=\"fusion-builder-row fusion-row\"><div class=\"fusion-layout-column fusion_builder_column fusion-builder-column-1 fusion_builder_column_1_1 1_1 fusion-one-full fusion-column-first fusion-column-last\" style=\"--awb-bg-size:cover;--awb-margin-top:305px;--awb-margin-bottom:305px;\"><div class=\"fusion-column-wrapper fusion-flex-column-wrapper-legacy\"><div class=\"fusion-clearfix\"><\/div><\/div><\/div><\/div><\/div><div class=\"fusion-fullwidth fullwidth-box fusion-builder-row-3 hundred-percent-fullwidth non-hundred-percent-height-scrolling fusion-no-medium-visibility fusion-no-large-visibility\" style=\"--awb-border-radius-top-left:0px;--awb-border-radius-top-right:0px;--awb-border-radius-bottom-right:0px;--awb-border-radius-bottom-left:0px;--awb-background-color:#f2f2f2;--awb-flex-wrap:wrap;\" ><div class=\"fusion-builder-row fusion-row\"><div class=\"fusion-layout-column fusion_builder_column fusion-builder-column-2 fusion_builder_column_1_1 1_1 fusion-one-full fusion-column-first fusion-column-last\" style=\"--awb-bg-size:cover;\"><div class=\"fusion-column-wrapper fusion-flex-column-wrapper-legacy\"><div class=\"fusion-image-element fusion-image-align-center fusion-no-medium-visibility fusion-no-large-visibility in-legacy-container\" style=\"text-align:center;--awb-caption-title-font-family:var(--h2_typography-font-family);--awb-caption-title-font-weight:var(--h2_typography-font-weight);--awb-caption-title-font-style:var(--h2_typography-font-style);--awb-caption-title-size:var(--h2_typography-font-size);--awb-caption-title-transform:var(--h2_typography-text-transform);--awb-caption-title-line-height:var(--h2_typography-line-height);--awb-caption-title-letter-spacing:var(--h2_typography-letter-spacing);\"><div class=\"imageframe-align-center\"><span class=\" fusion-imageframe imageframe-none imageframe-1 hover-type-none\"><img decoding=\"async\" width=\"320\" height=\"180\" title=\"soins-senegal-wassadou-fondation-fabre\" src=\"https:\/\/www.fondationpierrefabre.org\/wp-content\/uploads\/sites\/2\/2019\/02\/soins-senegal-wassadou-fondation-fabre.jpg\" data-orig-src=\"https:\/\/www.fondationpierrefabre.org\/wp-content\/uploads\/sites\/2\/2019\/02\/soins-senegal-wassadou-fondation-fabre.jpg\" alt class=\"lazyload img-responsive wp-image-4598\" srcset=\"data:image\/svg+xml,%3Csvg%20xmlns%3D%27http%3A%2F%2Fwww.w3.org%2F2000%2Fsvg%27%20width%3D%27320%27%20height%3D%27180%27%20viewBox%3D%270%200%20320%20180%27%3E%3Crect%20width%3D%27320%27%20height%3D%27180%27%20fill-opacity%3D%220%22%2F%3E%3C%2Fsvg%3E\" data-srcset=\"https:\/\/www.fondationpierrefabre.org\/wp-content\/uploads\/sites\/2\/2019\/02\/soins-senegal-wassadou-fondation-fabre-200x113.jpg 200w, https:\/\/www.fondationpierrefabre.org\/wp-content\/uploads\/sites\/2\/2019\/02\/soins-senegal-wassadou-fondation-fabre.jpg 320w\" data-sizes=\"auto\" data-orig-sizes=\"(max-width: 800px) 100vw, 320px\" \/><\/span><\/div><\/div><div class=\"fusion-clearfix\"><\/div><\/div><\/div><\/div><\/div><div class=\"fusion-fullwidth fullwidth-box fusion-builder-row-4 nonhundred-percent-fullwidth non-hundred-percent-height-scrolling reverse\" style=\"--awb-border-radius-top-left:0px;--awb-border-radius-top-right:0px;--awb-border-radius-bottom-right:0px;--awb-border-radius-bottom-left:0px;--awb-padding-bottom:40px;--awb-background-color:#f2f2f2;--awb-flex-wrap:wrap;\" ><div class=\"fusion-builder-row fusion-row\"><div class=\"fusion-layout-column fusion_builder_column fusion-builder-column-3 fusion_builder_column_3_5 3_5 fusion-three-fifth fusion-column-first\" style=\"--awb-bg-size:cover;width:60%;width:calc(60% - ( ( 4% ) * 0.6 ) );margin-right: 4%;\"><div class=\"fusion-column-wrapper fusion-flex-column-wrapper-legacy\"><div class=\"fusion-sep-clear\"><\/div><div class=\"fusion-separator fusion-full-width-sep\" style=\"margin-left: auto;margin-right: auto;margin-top:20px;margin-bottom:20px;width:100%;\"><\/div><div class=\"fusion-sep-clear\"><\/div><div class=\"fusion-text fusion-text-2\"><p><span style=\"font-size: 30pt; color: #14769e;\"><strong>L\u2019HISTOIRE<\/strong><\/span><\/p>\n<\/div>\n<div class=\"fusion-sep-clear\"><\/div><div class=\"fusion-separator fusion-full-width-sep\" style=\"margin-left: auto;margin-right: auto;margin-top:10px;margin-bottom:10px;width:100%;\"><\/div><div class=\"fusion-sep-clear\"><\/div><div class=\"fusion-text fusion-text-3\"><p>Dot\u00e9 d\u2019un Plan national de d\u00e9veloppement sanitaire (PNDS) depuis 1998, le S\u00e9n\u00e9gal enregistre au d\u00e9but des ann\u00e9es 2000\u00a0un taux de mortalit\u00e9 infantile de pr\u00e8s de 77 \u2030, largement inf\u00e9rieur \u00e0 celui de l\u2019Afrique subsaharienne (92\u2030). Ses zones rurales sont cependant moins prot\u00e9g\u00e9es, notamment celles de Kolda et de Tambacounda (100\u2030), selon le rapport de l\u2019USAID de septembre 2009. Parmi les principales causes de mortalit\u00e9\u00a0: les infections respiratoires, le paludisme, les conditions p\u00e9rinatales, la tuberculose. Afin de renforcer l\u2019acc\u00e8s aux soins des populations isol\u00e9es, la Fondation Pierre Fabre d\u00e9cide en 2003 de soutenir l\u2019action de l\u2019association Kinkeliba, et plus particuli\u00e8rement\u00a0la <strong>cr\u00e9ation d\u2019une maison m\u00e9dicale en pleine brousse, \u00e0 Wassadou<\/strong>\u00a0(r\u00e9gion de Tambacounda).<\/p>\n<p>La premi\u00e8re pierre est pos\u00e9e d\u00e8s la fin de l\u2019ann\u00e9e, et l\u2019inauguration a lieu en 2005. \u00c9tablie sur 3 ha, comprenant un pavillon de m\u00e9decine, une maternit\u00e9 et un pavillon des sp\u00e9cialit\u00e9s, ainsi que des cases d\u2019hospitalisation comprenant 14 lits, la maison m\u00e9dicale compte une douzaine de collaborateurs, jeunes et motiv\u00e9s, assurant des consultations du lundi au vendredi, et des soins d\u2019urgence 24 h\/ 24 et 7 j\/ 7. Des sorties en brousse sont \u00e9galement effectu\u00e9es pour soigner les personnes ne pouvant se d\u00e9placer et leur prodiguer des conseils de pr\u00e9vention.\u00a0<strong>Au total, c\u2019est un bassin de plus de 22\u00a0000 personnes qui est couvert<\/strong>.<\/p>\n<p>Deux ans apr\u00e8s son ouverture, le centre de soins de Wassadou ne d\u00e9semplit pas, bien au contraire. Aussi la Fondation Pierre Fabre renouvelle-t-elle r\u00e9guli\u00e8rement son engagement \u00e0 partir de 2008. Ce qui permet \u00e0 la maison m\u00e9dicale d\u2019\u00e9largir son offre de soins, et de\u00a0<strong>jouer un r\u00f4le incontestable dans des domaines tels que la lutte contre le paludisme<\/strong>.\u00a0En 2013, alors que sa gestion op\u00e9rationnelle est reprise par l\u2019association Premi\u00e8re urgence Aide m\u00e9dicale internationale (PU-AMI), elle s\u2019att\u00e8le \u00e0 la prise en charge des enfants malnutris, des porteurs du VIH et des tuberculeux, et elle d\u00e9veloppe le centre de planning familial.<\/p>\n<p>Aujourd\u2019hui, gr\u00e2ce \u00e0 l\u2019implication sur le terrain d\u2019une vingtaine de collaborateurs, le centre de soins de Wassadou remplit \u00e0 merveille sa vocation\u00a0:\u00a0<strong>combler un d\u00e9sert m\u00e9dical par une offre de soins durable et de qualit\u00e9<\/strong>.<\/p>\n<\/div><div class=\"fusion-sep-clear\"><\/div><div class=\"fusion-separator fusion-full-width-sep\" style=\"margin-left: auto;margin-right: auto;margin-top:15px;width:100%;\"><\/div><div class=\"fusion-sep-clear\"><\/div><div class=\"fusion-clearfix\"><\/div><\/div><\/div><div class=\"fusion-layout-column fusion_builder_column fusion-builder-column-4 fusion_builder_column_2_5 2_5 fusion-two-fifth fusion-column-last page-side\" style=\"--awb-padding-top:10px;--awb-padding-right:15px;--awb-padding-left:15px;--awb-bg-size:cover;width:40%;width:calc(40% - ( ( 4% ) * 0.4 ) );\"><div class=\"fusion-column-wrapper fusion-flex-column-wrapper-legacy\"><div class=\"fusion-builder-row fusion-builder-row-inner fusion-row\"><div class=\"fusion-layout-column fusion_builder_column_inner fusion-builder-nested-column-0 fusion_builder_column_inner_1_1 1_1 fusion-one-full fusion-column-first fusion-column-last bloc-violet\" style=\"--awb-bg-size:cover;\"><div class=\"fusion-column-wrapper fusion-flex-column-wrapper-legacy\"><div class=\"fusion-text fusion-text-4\"><p style=\"text-align: center;\"><span style=\"color: #ffffff;\"><strong><span style=\"font-size: 14pt;\">L&rsquo;ESSENTIEL<\/span><br \/>\n<\/strong>_____<\/span><\/p>\n<p><span style=\"color: #ffffff;\"><strong>Axe<\/strong><\/span><br \/>\n<span style=\"color: #ffffff;\">Acc\u00e8s aux soins<\/span><\/p>\n<p><span style=\"color: #ffffff;\"><strong>Programme<\/strong><\/span><br \/>\n<span style=\"color: #ffffff;\">Depuis 2003<\/span><\/p>\n<p><span style=\"color: #ffffff;\"><strong>Mode d\u2019intervention<\/strong><\/span><br \/>\n<span style=\"color: #ffffff;\">Distributeur<\/span><\/p>\n<p><span style=\"color: #ffffff;\"><strong>Action\u00a0<\/strong><\/span><\/p>\n<ul>\n<li><span style=\"color: #ffffff;\">Financement de la construction<\/span><\/li>\n<li><span style=\"color: #ffffff;\">Financement des d\u00e9penses de sant\u00e9 (achat de m\u00e9dicaments, de produits de laboratoire, de produits dentaires, financement des tourn\u00e9es m\u00e9dicales)<\/span><\/li>\n<li><span style=\"color: #ffffff;\">Financement du personnel m\u00e9dical<\/span><\/li>\n<\/ul>\n<\/div><div class=\"fusion-clearfix\"><\/div><\/div><\/div><\/div><div class=\"fusion-clearfix\"><\/div><\/div><\/div><\/div><\/div><div class=\"fusion-fullwidth fullwidth-box fusion-builder-row-5 nonhundred-percent-fullwidth non-hundred-percent-height-scrolling fusion-equal-height-columns\" style=\"--awb-border-radius-top-left:0px;--awb-border-radius-top-right:0px;--awb-border-radius-bottom-right:0px;--awb-border-radius-bottom-left:0px;--awb-background-color:#22789c;--awb-flex-wrap:wrap;\" ><div class=\"fusion-builder-row fusion-row\"><div class=\"fusion-layout-column fusion_builder_column fusion-builder-column-5 fusion_builder_column_2_5 2_5 fusion-two-fifth fusion-column-first\" style=\"--awb-bg-size:cover;width:40%;width:calc(40% - ( ( 4% ) * 0.4 ) );margin-right: 4%;\"><div class=\"fusion-column-wrapper lazyload fusion-flex-column-wrapper-legacy fusion-empty-column-bg-image fusion-column-has-bg-image\" data-bg-url=\"https:\/\/www.fondationpierrefabre.org\/wp-content\/uploads\/sites\/2\/2018\/07\/l3l5268_testi2_0.jpg\" data-bg=\"https:\/\/www.fondationpierrefabre.org\/wp-content\/uploads\/sites\/2\/2018\/07\/l3l5268_testi2_0.jpg\"><img decoding=\"async\" class=\"fusion-empty-dims-img-placeholder fusion-no-large-visibility\" aria-label=\"_l3l5268_testi2_0\" src=\"data:image\/svg+xml,%3Csvg%20xmlns%3D%27http%3A%2F%2Fwww.w3.org%2F2000%2Fsvg%27%20width%3D%27400%27%20height%3D%27266%27%20viewBox%3D%270%200%20400%20266%27%3E%3Crect%20width%3D%27400%27%20height%3D%27266%27%20fill-opacity%3D%220%22%2F%3E%3C%2Fsvg%3E\"><div class=\"fusion-clearfix\"><\/div><\/div><\/div><div class=\"fusion-layout-column fusion_builder_column fusion-builder-column-6 fusion_builder_column_3_5 3_5 fusion-three-fifth fusion-column-last\" style=\"--awb-padding-top:40px;--awb-bg-size:cover;width:60%;width:calc(60% - ( ( 4% ) * 0.6 ) );\"><div class=\"fusion-column-wrapper fusion-flex-column-wrapper-legacy\"><div class=\"fusion-text fusion-text-5\"><p><span style=\"color: #000000;\"><img decoding=\"async\" class=\"lazyload alignnone wp-image-1802\" src=\"data:image\/svg+xml,%3Csvg%20xmlns%3D%27http%3A%2F%2Fwww.w3.org%2F2000%2Fsvg%27%20width%3D%2775%27%20height%3D%2763%27%20viewBox%3D%270%200%2075%2063%27%3E%3Crect%20width%3D%2775%27%20height%3D%2763%27%20fill-opacity%3D%220%22%2F%3E%3C%2Fsvg%3E\" data-orig-src=\"https:\/\/www.fondationpierrefabre.org\/wp-content\/uploads\/sites\/2\/2018\/07\/Sans-titre-1-1.png\" alt=\"\" width=\"75\" height=\"63\" \/><\/span><\/p>\n<p><span style=\"color: #ffffff;\">Il y a quelques jours, l\u2019un de mes enfants est tomb\u00e9 malade. Je l\u2019ai emmen\u00e9 en consultation \u00e0 la maison m\u00e9dicale, o\u00f9 nous avons \u00e9t\u00e9 tr\u00e8s bien accueillis. Mon fils, qui souffrait du paludisme, a \u00e9t\u00e9 hospitalis\u00e9 pendant deux jours. Il est d\u00e9sormais gu\u00e9ri, mais nous avons rendez-vous dans une semaine avec le m\u00e9decin pour effectuer un contr\u00f4le m\u00e9dical.\u00a0\u00bb<\/span><\/p>\n<p><span style=\"color: #ffffff;\"><strong><span style=\"font-size: 10pt;\">Macouta Keita<\/span><\/strong><\/span><br \/>\n<span style=\"font-size: 10pt; color: #ffffff;\">17 ans, femme au foyer et m\u00e8re de jumeaux, janvier 2014<\/span><\/p>\n<\/div><div class=\"fusion-clearfix\"><\/div><\/div><\/div><\/div><\/div><div class=\"fusion-fullwidth fullwidth-box fusion-builder-row-6 nonhundred-percent-fullwidth non-hundred-percent-height-scrolling\" style=\"--awb-border-radius-top-left:0px;--awb-border-radius-top-right:0px;--awb-border-radius-bottom-right:0px;--awb-border-radius-bottom-left:0px;--awb-margin-top:30px;--awb-margin-bottom:30px;--awb-flex-wrap:wrap;\" ><div class=\"fusion-builder-row fusion-row\"><div class=\"fusion-layout-column fusion_builder_column fusion-builder-column-7 fusion_builder_column_1_1 1_1 fusion-one-full fusion-column-first fusion-column-last\" style=\"--awb-bg-size:cover;\"><div class=\"fusion-column-wrapper fusion-flex-column-wrapper-legacy\"><div class=\"fusion-text fusion-text-6\"><h2 style=\"text-align: center;\">BILAN ET PERSPECTIVES<\/h2>\n<\/div><div class=\"fusion-sep-clear\"><\/div><div class=\"fusion-separator fusion-full-width-sep\" style=\"margin-left: auto;margin-right: auto;margin-top:10px;width:100%;\"><\/div><div class=\"fusion-sep-clear\"><\/div><div class=\"fusion-text fusion-text-7\"><h4 class=\"heading\"><span class=\"nulle\">Bilan<\/span><\/h4>\n<\/div><div class=\"fusion-clearfix\"><\/div><\/div><\/div><div class=\"fusion-layout-column fusion_builder_column fusion-builder-column-8 fusion_builder_column_1_3 1_3 fusion-one-third fusion-column-first\" style=\"--awb-bg-size:cover;width:33.333333333333%;width:calc(33.333333333333% - ( ( 4% + 4% ) * 0.33333333333333 ) );margin-right: 4%;\"><div class=\"fusion-column-wrapper fusion-flex-column-wrapper-legacy\"><div class=\"fusion-text fusion-text-8\"><p style=\"text-align: center;\"><img decoding=\"async\" class=\"lazyload alignnone wp-image-2117 size-full\" src=\"https:\/\/www.fondationpierrefabre.org\/wp-content\/uploads\/sites\/2\/2018\/07\/l3l4915.jpg\" data-orig-src=\"https:\/\/www.fondationpierrefabre.org\/wp-content\/uploads\/sites\/2\/2018\/07\/l3l4915.jpg\" alt=\"\" width=\"320\" height=\"180\" srcset=\"data:image\/svg+xml,%3Csvg%20xmlns%3D%27http%3A%2F%2Fwww.w3.org%2F2000%2Fsvg%27%20width%3D%27320%27%20height%3D%27180%27%20viewBox%3D%270%200%20320%20180%27%3E%3Crect%20width%3D%27320%27%20height%3D%27180%27%20fill-opacity%3D%220%22%2F%3E%3C%2Fsvg%3E\" data-srcset=\"https:\/\/www.fondationpierrefabre.org\/wp-content\/uploads\/sites\/2\/2018\/07\/l3l4915-200x113.jpg 200w, https:\/\/www.fondationpierrefabre.org\/wp-content\/uploads\/sites\/2\/2018\/07\/l3l4915-300x169.jpg 300w, https:\/\/www.fondationpierrefabre.org\/wp-content\/uploads\/sites\/2\/2018\/07\/l3l4915.jpg 320w\" data-sizes=\"auto\" data-orig-sizes=\"(max-width: 320px) 100vw, 320px\" \/><\/p>\n<p style=\"text-align: center;\"><strong><span style=\"font-size: 36pt;\"><span style=\"color: #3da694;\">22 500<\/span><br \/>\n<\/span>b\u00e9n\u00e9ficiaires de soins en 2014<br \/>\n<\/strong><\/p>\n<\/div><div class=\"fusion-sep-clear\"><\/div><div class=\"fusion-separator fusion-full-width-sep\" style=\"margin-left: auto;margin-right: auto;margin-top:5px;margin-bottom:5px;width:100%;\"><\/div><div class=\"fusion-sep-clear\"><\/div><div class=\"fusion-clearfix\"><\/div><\/div><\/div><div class=\"fusion-layout-column fusion_builder_column fusion-builder-column-9 fusion_builder_column_1_3 1_3 fusion-one-third\" style=\"--awb-bg-size:cover;width:33.333333333333%;width:calc(33.333333333333% - ( ( 4% + 4% ) * 0.33333333333333 ) );margin-right: 4%;\"><div class=\"fusion-column-wrapper fusion-flex-column-wrapper-legacy\"><div class=\"fusion-text fusion-text-9\"><p style=\"text-align: center;\"><img decoding=\"async\" class=\"lazyload alignnone wp-image-2119 size-full\" src=\"https:\/\/www.fondationpierrefabre.org\/wp-content\/uploads\/sites\/2\/2018\/07\/l3l5370.jpg\" data-orig-src=\"https:\/\/www.fondationpierrefabre.org\/wp-content\/uploads\/sites\/2\/2018\/07\/l3l5370.jpg\" alt=\"\" width=\"320\" height=\"180\" srcset=\"data:image\/svg+xml,%3Csvg%20xmlns%3D%27http%3A%2F%2Fwww.w3.org%2F2000%2Fsvg%27%20width%3D%27320%27%20height%3D%27180%27%20viewBox%3D%270%200%20320%20180%27%3E%3Crect%20width%3D%27320%27%20height%3D%27180%27%20fill-opacity%3D%220%22%2F%3E%3C%2Fsvg%3E\" data-srcset=\"https:\/\/www.fondationpierrefabre.org\/wp-content\/uploads\/sites\/2\/2018\/07\/l3l5370-200x113.jpg 200w, https:\/\/www.fondationpierrefabre.org\/wp-content\/uploads\/sites\/2\/2018\/07\/l3l5370-300x169.jpg 300w, https:\/\/www.fondationpierrefabre.org\/wp-content\/uploads\/sites\/2\/2018\/07\/l3l5370.jpg 320w\" data-sizes=\"auto\" data-orig-sizes=\"(max-width: 320px) 100vw, 320px\" \/><\/p>\n<p style=\"text-align: center;\"><strong><span style=\"font-size: 36pt;\"><span style=\"color: #0a709a;\">11 781<\/span><br \/>\n<\/span>consultations r\u00e9alis\u00e9es en 2014 dont 7 086 en m\u00e9decine g\u00e9n\u00e9rale et 3 610<br \/>\n\u00e0 la maternit\u00e9<br \/>\n<\/strong><\/p>\n<\/div><div class=\"fusion-sep-clear\"><\/div><div class=\"fusion-separator fusion-full-width-sep\" style=\"margin-left: auto;margin-right: auto;margin-top:5px;margin-bottom:5px;width:100%;\"><\/div><div class=\"fusion-sep-clear\"><\/div><div class=\"fusion-clearfix\"><\/div><\/div><\/div><div class=\"fusion-layout-column fusion_builder_column fusion-builder-column-10 fusion_builder_column_1_3 1_3 fusion-one-third fusion-column-last\" style=\"--awb-bg-size:cover;width:33.333333333333%;width:calc(33.333333333333% - ( ( 4% + 4% ) * 0.33333333333333 ) );\"><div class=\"fusion-column-wrapper fusion-flex-column-wrapper-legacy\"><div class=\"fusion-text fusion-text-10\"><p style=\"text-align: center;\"><img decoding=\"async\" class=\"lazyload alignnone wp-image-2121 size-full\" src=\"https:\/\/www.fondationpierrefabre.org\/wp-content\/uploads\/sites\/2\/2018\/07\/l3l5724-1.jpg\" data-orig-src=\"https:\/\/www.fondationpierrefabre.org\/wp-content\/uploads\/sites\/2\/2018\/07\/l3l5724-1.jpg\" alt=\"\" width=\"320\" height=\"180\" srcset=\"data:image\/svg+xml,%3Csvg%20xmlns%3D%27http%3A%2F%2Fwww.w3.org%2F2000%2Fsvg%27%20width%3D%27320%27%20height%3D%27180%27%20viewBox%3D%270%200%20320%20180%27%3E%3Crect%20width%3D%27320%27%20height%3D%27180%27%20fill-opacity%3D%220%22%2F%3E%3C%2Fsvg%3E\" data-srcset=\"https:\/\/www.fondationpierrefabre.org\/wp-content\/uploads\/sites\/2\/2018\/07\/l3l5724-1-200x113.jpg 200w, https:\/\/www.fondationpierrefabre.org\/wp-content\/uploads\/sites\/2\/2018\/07\/l3l5724-1-300x169.jpg 300w, https:\/\/www.fondationpierrefabre.org\/wp-content\/uploads\/sites\/2\/2018\/07\/l3l5724-1.jpg 320w\" data-sizes=\"auto\" data-orig-sizes=\"(max-width: 320px) 100vw, 320px\" \/><\/p>\n<p style=\"text-align: center;\"><strong><span style=\"font-size: 36pt;\"><span style=\"color: #724c8f;\">222<\/span><br \/>\n<\/span>naissances \u00e0 la maison m\u00e9dicale<br \/>\nen 2014<br \/>\n<\/strong><\/p>\n<\/div><div class=\"fusion-sep-clear\"><\/div><div class=\"fusion-separator fusion-full-width-sep\" style=\"margin-left: auto;margin-right: auto;margin-top:5px;margin-bottom:5px;width:100%;\"><\/div><div class=\"fusion-sep-clear\"><\/div><div class=\"fusion-clearfix\"><\/div><\/div><\/div><div class=\"fusion-layout-column fusion_builder_column fusion-builder-column-11 fusion_builder_column_1_3 1_3 fusion-one-third fusion-column-first\" style=\"--awb-bg-size:cover;width:33.333333333333%;width:calc(33.333333333333% - ( ( 4% + 4% ) * 0.33333333333333 ) );margin-right: 4%;\"><div class=\"fusion-column-wrapper fusion-flex-column-wrapper-legacy\"><div class=\"fusion-text fusion-text-11\"><p style=\"text-align: center;\"><img decoding=\"async\" class=\"lazyload alignnone wp-image-2123 size-full\" src=\"https:\/\/www.fondationpierrefabre.org\/wp-content\/uploads\/sites\/2\/2018\/07\/l3l5006.jpg\" data-orig-src=\"https:\/\/www.fondationpierrefabre.org\/wp-content\/uploads\/sites\/2\/2018\/07\/l3l5006.jpg\" alt=\"\" width=\"320\" height=\"180\" srcset=\"data:image\/svg+xml,%3Csvg%20xmlns%3D%27http%3A%2F%2Fwww.w3.org%2F2000%2Fsvg%27%20width%3D%27320%27%20height%3D%27180%27%20viewBox%3D%270%200%20320%20180%27%3E%3Crect%20width%3D%27320%27%20height%3D%27180%27%20fill-opacity%3D%220%22%2F%3E%3C%2Fsvg%3E\" data-srcset=\"https:\/\/www.fondationpierrefabre.org\/wp-content\/uploads\/sites\/2\/2018\/07\/l3l5006-200x113.jpg 200w, https:\/\/www.fondationpierrefabre.org\/wp-content\/uploads\/sites\/2\/2018\/07\/l3l5006-300x169.jpg 300w, https:\/\/www.fondationpierrefabre.org\/wp-content\/uploads\/sites\/2\/2018\/07\/l3l5006.jpg 320w\" data-sizes=\"auto\" data-orig-sizes=\"(max-width: 320px) 100vw, 320px\" \/><\/p>\n<p style=\"text-align: center;\"><strong><span style=\"font-size: 36pt;\"><span style=\"color: #e5606a;\">425<\/span><br \/>\n<\/span>consultations de planning familial<br \/>\nen 2014<br \/>\n<\/strong><\/p>\n<\/div><div class=\"fusion-clearfix\"><\/div><\/div><\/div><div class=\"fusion-layout-column fusion_builder_column fusion-builder-column-12 fusion_builder_column_1_3 1_3 fusion-one-third\" style=\"--awb-bg-size:cover;width:33.333333333333%;width:calc(33.333333333333% - ( ( 4% + 4% ) * 0.33333333333333 ) );margin-right: 4%;\"><div class=\"fusion-column-wrapper fusion-flex-column-wrapper-legacy\"><div class=\"fusion-text fusion-text-12\"><p style=\"text-align: center;\"><img decoding=\"async\" class=\"lazyload alignnone wp-image-2125 size-full\" src=\"https:\/\/www.fondationpierrefabre.org\/wp-content\/uploads\/sites\/2\/2018\/07\/l3l5401.jpg\" data-orig-src=\"https:\/\/www.fondationpierrefabre.org\/wp-content\/uploads\/sites\/2\/2018\/07\/l3l5401.jpg\" alt=\"\" width=\"320\" height=\"180\" srcset=\"data:image\/svg+xml,%3Csvg%20xmlns%3D%27http%3A%2F%2Fwww.w3.org%2F2000%2Fsvg%27%20width%3D%27320%27%20height%3D%27180%27%20viewBox%3D%270%200%20320%20180%27%3E%3Crect%20width%3D%27320%27%20height%3D%27180%27%20fill-opacity%3D%220%22%2F%3E%3C%2Fsvg%3E\" data-srcset=\"https:\/\/www.fondationpierrefabre.org\/wp-content\/uploads\/sites\/2\/2018\/07\/l3l5401-200x113.jpg 200w, https:\/\/www.fondationpierrefabre.org\/wp-content\/uploads\/sites\/2\/2018\/07\/l3l5401-300x169.jpg 300w, https:\/\/www.fondationpierrefabre.org\/wp-content\/uploads\/sites\/2\/2018\/07\/l3l5401.jpg 320w\" data-sizes=\"auto\" data-orig-sizes=\"(max-width: 320px) 100vw, 320px\" \/><\/p>\n<p style=\"text-align: center;\"><strong><span style=\"font-size: 36pt;\"><span style=\"color: #0a709a;\">1 267<\/span><br \/>\n<\/span>examens paracliniques en 2014<br \/>\n<\/strong><\/p>\n<\/div><div class=\"fusion-clearfix\"><\/div><\/div><\/div><div class=\"fusion-layout-column fusion_builder_column fusion-builder-column-13 fusion_builder_column_1_3 1_3 fusion-one-third fusion-column-last\" style=\"--awb-bg-size:cover;width:33.333333333333%;width:calc(33.333333333333% - ( ( 4% + 4% ) * 0.33333333333333 ) );\"><div class=\"fusion-column-wrapper fusion-flex-column-wrapper-legacy\"><div class=\"fusion-text fusion-text-13\"><p style=\"text-align: center;\"><img decoding=\"async\" class=\"lazyload alignnone wp-image-2127 size-full\" src=\"https:\/\/www.fondationpierrefabre.org\/wp-content\/uploads\/sites\/2\/2018\/07\/l3l5110-1.jpg\" data-orig-src=\"https:\/\/www.fondationpierrefabre.org\/wp-content\/uploads\/sites\/2\/2018\/07\/l3l5110-1.jpg\" alt=\"\" width=\"320\" height=\"180\" srcset=\"data:image\/svg+xml,%3Csvg%20xmlns%3D%27http%3A%2F%2Fwww.w3.org%2F2000%2Fsvg%27%20width%3D%27320%27%20height%3D%27180%27%20viewBox%3D%270%200%20320%20180%27%3E%3Crect%20width%3D%27320%27%20height%3D%27180%27%20fill-opacity%3D%220%22%2F%3E%3C%2Fsvg%3E\" data-srcset=\"https:\/\/www.fondationpierrefabre.org\/wp-content\/uploads\/sites\/2\/2018\/07\/l3l5110-1-200x113.jpg 200w, https:\/\/www.fondationpierrefabre.org\/wp-content\/uploads\/sites\/2\/2018\/07\/l3l5110-1-300x169.jpg 300w, https:\/\/www.fondationpierrefabre.org\/wp-content\/uploads\/sites\/2\/2018\/07\/l3l5110-1.jpg 320w\" data-sizes=\"auto\" data-orig-sizes=\"(max-width: 320px) 100vw, 320px\" \/><\/p>\n<p style=\"text-align: center;\"><strong><span style=\"font-size: 36pt;\"><span style=\"color: #ee8548;\">20<\/span><br \/>\n<\/span>personnes impliqu\u00e9es sur le terrain en 2014<br \/>\n<\/strong><\/p>\n<\/div><div class=\"fusion-clearfix\"><\/div><\/div><\/div><\/div><\/div><div class=\"fusion-fullwidth fullwidth-box fusion-builder-row-7 nonhundred-percent-fullwidth non-hundred-percent-height-scrolling\" style=\"--awb-border-radius-top-left:0px;--awb-border-radius-top-right:0px;--awb-border-radius-bottom-right:0px;--awb-border-radius-bottom-left:0px;--awb-margin-bottom:30px;--awb-flex-wrap:wrap;\" ><div class=\"fusion-builder-row fusion-row\"><div class=\"fusion-layout-column fusion_builder_column fusion-builder-column-14 fusion_builder_column_1_1 1_1 fusion-one-full fusion-column-first fusion-column-last mod-focus\" style=\"--awb-padding-top:0px;--awb-padding-right:20px;--awb-padding-bottom:0px;--awb-padding-left:20px;--awb-bg-size:cover;--awb-border-color:#717171;--awb-border-bottom:0;--awb-border-style:solid;--awb-margin-top:20px;--awb-margin-bottom:20px;\"><div class=\"fusion-column-wrapper fusion-flex-column-wrapper-legacy\"><div class=\"fusion-text fusion-text-14\"><h3><span class=\"null\">Perspectives<\/span><\/h3>\n<\/div><div class=\"fusion-text fusion-text-15\"><p style=\"text-align: center;\">En 2015, la Fondation Pierre Fabre a poursuivi son engagement financier en faveur des populations de la r\u00e9gion de Tambacounda et r\u00e9fl\u00e9chit avec PU-AMI aux moyens de p\u00e9renniser la structure, notamment via l\u2019int\u00e9gration progressive de la maison m\u00e9dicale dans le syst\u00e8me public de sant\u00e9 s\u00e9n\u00e9galais.<\/p>\n<\/div><div class=\"fusion-clearfix\"><\/div><\/div><\/div><\/div><\/div><div class=\"fusion-fullwidth fullwidth-box fusion-builder-row-8 nonhundred-percent-fullwidth non-hundred-percent-height-scrolling\" style=\"--awb-border-radius-top-left:0px;--awb-border-radius-top-right:0px;--awb-border-radius-bottom-right:0px;--awb-border-radius-bottom-left:0px;--awb-padding-top:30px;--awb-padding-bottom:20px;--awb-background-color:#f2f2f2;--awb-flex-wrap:wrap;\" ><div class=\"fusion-builder-row fusion-row\"><div class=\"fusion-layout-column fusion_builder_column fusion-builder-column-15 fusion_builder_column_1_1 1_1 fusion-one-full fusion-column-first fusion-column-last\" style=\"--awb-bg-size:cover;\"><div class=\"fusion-column-wrapper fusion-flex-column-wrapper-legacy\"><div class=\"fusion-text fusion-text-16\"><h2 style=\"text-align: center;\">PARTENAIRES<\/h2>\n<\/div><div class=\"fusion-sep-clear\"><\/div><div class=\"fusion-separator fusion-full-width-sep\" style=\"margin-left: auto;margin-right: auto;margin-top:10px;width:100%;\"><\/div><div class=\"fusion-sep-clear\"><\/div><div class=\"fusion-clearfix\"><\/div><\/div><\/div><div class=\"fusion-layout-column fusion_builder_column fusion-builder-column-16 fusion_builder_column_1_2 1_2 fusion-one-half fusion-column-first\" style=\"--awb-bg-size:cover;width:50%;width:calc(50% - ( ( 4% ) * 0.5 ) );margin-right: 4%;\"><div class=\"fusion-column-wrapper fusion-flex-column-wrapper-legacy\"><div class=\"fusion-text fusion-text-17\"><p>A la cr\u00e9ation du projet\u00a0:<\/p>\n<ul>\n<li><a href=\"http:\/\/fondation.veolia.com\/fr\/\">Fondation Veolia Environnement<\/a>\u00a0(financement de l\u2019approvisionnement en eau)<\/li>\n<li>Population locale (Peuls, Mandingues, etc.) \u2013 (don du terrain, participation \u00e0 la construction)<\/li>\n<\/ul>\n<\/div><div class=\"fusion-clearfix\"><\/div><\/div><\/div><div class=\"fusion-layout-column fusion_builder_column fusion-builder-column-17 fusion_builder_column_1_2 1_2 fusion-one-half fusion-column-last\" style=\"--awb-bg-size:cover;width:50%;width:calc(50% - ( ( 4% ) * 0.5 ) );\"><div class=\"fusion-column-wrapper fusion-flex-column-wrapper-legacy\"><div class=\"fusion-text fusion-text-18\"><p>Depuis la cr\u00e9ation du projet\u00a0:<\/p>\n<ul>\n<li>Association Kinkeliba (cr\u00e9ation et gestion op\u00e9rationnelle entre 2003 et 2011)<\/li>\n<li><a href=\"https:\/\/www.premiere-urgence.org\/\">Association Premi\u00e8re urgence Aide m\u00e9dicale internationale<\/a> (gestion op\u00e9rationnelle depuis 2012)<\/li>\n<\/ul>\n<\/div><div class=\"fusion-clearfix\"><\/div><\/div><\/div><\/div><\/div><div class=\"fusion-fullwidth fullwidth-box fusion-builder-row-9 nonhundred-percent-fullwidth non-hundred-percent-height-scrolling\" style=\"--awb-border-radius-top-left:0px;--awb-border-radius-top-right:0px;--awb-border-radius-bottom-right:0px;--awb-border-radius-bottom-left:0px;--awb-margin-top:40px;--awb-flex-wrap:wrap;\" ><div class=\"fusion-builder-row fusion-row\"><div class=\"fusion-layout-column fusion_builder_column fusion-builder-column-18 fusion_builder_column_2_3 2_3 fusion-two-third fusion-column-first\" style=\"--awb-bg-size:cover;width:66.666666666667%;width:calc(66.666666666667% - ( ( 4% ) * 0.66666666666667 ) );margin-right: 4%;\"><div class=\"fusion-column-wrapper fusion-column-has-shadow fusion-flex-column-wrapper-legacy\"><div class=\"fusion-text fusion-text-19\"><h4 class=\"heading\"><span class=\"nulle\">Et aussi<\/span><\/h4>\n<\/div><style type=\"text\/css\">.fusion-portfolio-wrapper#fusion-portfolio-1 .fusion-portfolio-content{  text-align: left; }<\/style><div class=\"fusion-recent-works fusion-portfolio-element fusion-portfolio fusion-portfolio-1 fusion-portfolio-grid fusion-portfolio-paging-none fusion-portfolio-two fusion-portfolio-unboxed fusion-portfolio-text fusion-portfolio-equal-heights fusion-portfolio-rollover\" data-id=\"-rw-1\" data-columns=\"two\"><style type=\"text\/css\">.fusion-portfolio-1 .fusion-portfolio-wrapper .fusion-col-spacing{padding:6px;}<\/style><div class=\"fusion-portfolio-wrapper\" id=\"fusion-portfolio-1\" data-picturesize=\"fixed\" data-pages=\"5\" style=\"margin:-6px;\"><article id=\"portfolio-1-post-18584\" class=\"fusion-portfolio-post acces-aux-soins-des-populations-vulnerables en-cours rca fusion-col-spacing post-18584\"><div class=\"fusion-portfolio-content-wrapper\" style=\"border:none;\"><span class=\"vcard rich-snippet-hidden\"><span class=\"fn\"><a href=\"https:\/\/www.fondationpierrefabre.org\/fr\/author\/tma25pf\/\" title=\"Articles par tma25pf\" rel=\"author\">tma25pf<\/a><\/span><\/span><span class=\"updated rich-snippet-hidden\">2025-11-11T16:17:28+01:00<\/span><div  class=\"fusion-image-wrapper fusion-image-size-fixed\" aria-haspopup=\"true\">\n\t\t\t\t<img decoding=\"async\" width=\"460\" height=\"295\" src=\"data:image\/svg+xml,%3Csvg%20xmlns%3D%27http%3A%2F%2Fwww.w3.org%2F2000%2Fsvg%27%20width%3D%27460%27%20height%3D%27295%27%20viewBox%3D%270%200%20460%20295%27%3E%3Crect%20width%3D%27460%27%20height%3D%27295%27%20fill-opacity%3D%220%22%2F%3E%3C%2Fsvg%3E\" data-orig-src=\"https:\/\/www.fondationpierrefabre.org\/wp-content\/uploads\/sites\/2\/2025\/07\/couv-nengo-460x295.jpg\" class=\"lazyload attachment-portfolio-two size-portfolio-two wp-post-image\" alt=\"\" \/><div class=\"fusion-rollover\">\n\t<div class=\"fusion-rollover-content\">\n\n\t\t\t\t\n\t\t\n\t\t\t\t\t\t\t\t\n\t\t\t\t\t\t\t\t\n\t\t\n\t\t\t\t\t\t<a class=\"fusion-link-wrapper\" href=\"https:\/\/www.fondationpierrefabre.org\/fr\/programmes\/nengo-prise-en-charge-holistique-des-victimes-de-violences-sexuelles-et-basees-sur-le-genre-en-rca\/?portfolioCats=478\" aria-label=\"NENGO : prise en charge holistique des victimes de violences sexuelles et bas\u00e9es sur le genre en RCA\"><\/a>\n\t<\/div>\n<\/div>\n<\/div>\n<div class=\"fusion-portfolio-content\"><h2 class=\"entry-title fusion-post-title\"><a href=\"https:\/\/www.fondationpierrefabre.org\/fr\/programmes\/nengo-prise-en-charge-holistique-des-victimes-de-violences-sexuelles-et-basees-sur-le-genre-en-rca\/?portfolioCats=478\">NENGO : prise en charge holistique des victimes de violences sexuelles et bas\u00e9es sur le genre en RCA<\/a><\/h2><div class=\"fusion-post-content\"><p>La Centrafrique compte des dizaines de milliers de victimes de violences sexuelles. La Fondation Pierre Fabre et ses partenaires mettent en place un centre de prise en charge globale \u00e0 Bangui.<\/p><\/div><\/div><\/div><\/article><article id=\"portfolio-1-post-18590\" class=\"fusion-portfolio-post acces-aux-soins-des-populations-vulnerables en-cours liban fusion-col-spacing post-18590\"><div class=\"fusion-portfolio-content-wrapper\" style=\"border:none;\"><span class=\"vcard rich-snippet-hidden\"><span class=\"fn\"><a href=\"https:\/\/www.fondationpierrefabre.org\/fr\/author\/tma25pf\/\" title=\"Articles par tma25pf\" rel=\"author\">tma25pf<\/a><\/span><\/span><span class=\"updated rich-snippet-hidden\">2025-11-11T16:18:49+01:00<\/span><div  class=\"fusion-image-wrapper fusion-image-size-fixed\" aria-haspopup=\"true\">\n\t\t\t\t<img decoding=\"async\" width=\"460\" height=\"295\" src=\"data:image\/svg+xml,%3Csvg%20xmlns%3D%27http%3A%2F%2Fwww.w3.org%2F2000%2Fsvg%27%20width%3D%27460%27%20height%3D%27295%27%20viewBox%3D%270%200%20460%20295%27%3E%3Crect%20width%3D%27460%27%20height%3D%27295%27%20fill-opacity%3D%220%22%2F%3E%3C%2Fsvg%3E\" data-orig-src=\"https:\/\/www.fondationpierrefabre.org\/wp-content\/uploads\/sites\/2\/2025\/07\/Soha-460x295.jpg\" class=\"lazyload attachment-portfolio-two size-portfolio-two wp-post-image\" alt=\"\" \/><div class=\"fusion-rollover\">\n\t<div class=\"fusion-rollover-content\">\n\n\t\t\t\t\n\t\t\n\t\t\t\t\t\t\t\t\n\t\t\t\t\t\t\t\t\n\t\t\n\t\t\t\t\t\t<a class=\"fusion-link-wrapper\" href=\"https:\/\/www.fondationpierrefabre.org\/fr\/programmes\/developper-des-soins-essentiels-de-qualite-pour-les-populations-demunies-au-liban-le-projet-soha-2\/?portfolioCats=478\" aria-label=\"D\u00e9velopper des soins essentiels de qualit\u00e9 pour les populations d\u00e9munies au Liban : Le Projet SOHA 2\"><\/a>\n\t<\/div>\n<\/div>\n<\/div>\n<div class=\"fusion-portfolio-content\"><h2 class=\"entry-title fusion-post-title\"><a href=\"https:\/\/www.fondationpierrefabre.org\/fr\/programmes\/developper-des-soins-essentiels-de-qualite-pour-les-populations-demunies-au-liban-le-projet-soha-2\/?portfolioCats=478\">D\u00e9velopper des soins essentiels de qualit\u00e9 pour les populations d\u00e9munies au Liban : Le Projet SOHA 2<\/a><\/h2><div class=\"fusion-post-content\"><p>Le projet SOHA signifie \u00ab\u00a0sant\u00e9\u00a0\u00bb en arabe, il s\u2019organise autour de la pr\u00e9vention, du d\u00e9veloppement des consultations m\u00e9dicales, de la prise en charge des patients atteints de maladies chroniques, de la lutte contre la surconsommation m\u00e9dicamenteuse et de l\u2019accompagnement vers un \u00e9quilibre financier des structures de soin.\u00a0<\/p><\/div><\/div><\/div><\/article><\/div><\/div><div class=\"fusion-clearfix\"><\/div><\/div><\/div><div class=\"fusion-layout-column fusion_builder_column fusion-builder-column-19 fusion_builder_column_1_3 1_3 fusion-one-third fusion-column-last\" style=\"--awb-bg-size:cover;width:33.333333333333%;width:calc(33.333333333333% - ( ( 4% ) * 0.33333333333333 ) );\"><div class=\"fusion-column-wrapper fusion-flex-column-wrapper-legacy\"><div class=\"fusion-text fusion-text-20\"><h4 class=\"heading\"><span class=\"nulle\">Suivre notre action<\/span><\/h4>\n<\/div><div class=\"fusion-recent-posts fusion-recent-posts-1 avada-container layout-default layout-columns-1\"><section class=\"fusion-columns columns fusion-columns-1 columns-1\"><article class=\"post fusion-column column col col-lg-12 col-md-12 col-sm-12\"><div class=\"fusion-flexslider fusion-flexslider-loading flexslider flexslider-hover-type-none\"><ul class=\"slides\"><li><a href=\"https:\/\/www.fondationpierrefabre.org\/fr\/suivre-notre-action\/sud-liban-la-fondation-pierre-fabre-agit\/\" aria-label=\"Sud Liban : la Fondation Pierre Fabre agit\" class=\"hover-type-none\"><img decoding=\"async\" width=\"700\" height=\"441\" src=\"https:\/\/www.fondationpierrefabre.org\/wp-content\/uploads\/sites\/2\/2026\/04\/Solidarite-Liban-700x441.jpg\" class=\"attachment-recent-posts size-recent-posts lazyload\" alt=\"\" srcset=\"data:image\/svg+xml,%3Csvg%20xmlns%3D%27http%3A%2F%2Fwww.w3.org%2F2000%2Fsvg%27%20width%3D%271200%27%20height%3D%27800%27%20viewBox%3D%270%200%201200%20800%27%3E%3Crect%20width%3D%271200%27%20height%3D%27800%27%20fill-opacity%3D%220%22%2F%3E%3C%2Fsvg%3E\" data-orig-src=\"https:\/\/www.fondationpierrefabre.org\/wp-content\/uploads\/sites\/2\/2026\/04\/Solidarite-Liban-700x441.jpg\" data-srcset=\"https:\/\/www.fondationpierrefabre.org\/wp-content\/uploads\/sites\/2\/2026\/04\/Solidarite-Liban-320x202.jpg 320w, https:\/\/www.fondationpierrefabre.org\/wp-content\/uploads\/sites\/2\/2026\/04\/Solidarite-Liban-700x441.jpg 700w\" data-sizes=\"auto\" \/><\/a><\/li><\/ul><\/div><div class=\"recent-posts-content\"><span class=\"vcard\" style=\"display: none;\"><span class=\"fn\"><a href=\"https:\/\/www.fondationpierrefabre.org\/fr\/author\/tma25pf\/\" title=\"Articles par tma25pf\" rel=\"author\">tma25pf<\/a><\/span><\/span><span class=\"updated\" style=\"display:none;\">2026-04-23T23:42:32+02:00<\/span><h4 class=\"entry-title\"><a href=\"https:\/\/www.fondationpierrefabre.org\/fr\/suivre-notre-action\/sud-liban-la-fondation-pierre-fabre-agit\/\">Sud Liban : la Fondation Pierre Fabre agit<\/a><\/h4><p>La Fondation Pierre Fabre finance l\u2019organisation de convois humanitaires pour r\u00e9pondre en urgence aux besoins essentiels des habitants refusant l\u2019exode dans les villages au Sud Liban.<\/p><\/div><\/article><\/section><\/div><div class=\"fusion-clearfix\"><\/div><\/div><\/div><div class=\"fusion-layout-column fusion_builder_column fusion-builder-column-20 fusion_builder_column_1_1 1_1 fusion-one-full fusion-column-first fusion-column-last\" style=\"--awb-padding-top:50px;--awb-bg-size:cover;\" data-scroll-devices=\"small-visibility,medium-visibility,large-visibility\"><div class=\"fusion-column-wrapper fusion-column-has-shadow fusion-flex-column-wrapper-legacy\"><div class=\"fusion-button-wrapper fusion-aligncenter\"><a class=\"fusion-button button-flat button-small button-custom fusion-button-default button-1 fusion-button-span-no \" style=\"--button_accent_color:#717171;--button_accent_hover_color:#717171;--button_border_hover_color:#717171;--button_border_width-top:1px;--button_border_width-right:1px;--button_border_width-bottom:1px;--button_border_width-left:1px;--button-border-radius-top-left:0px;--button-border-radius-top-right:0px;--button-border-radius-bottom-right:0px;--button-border-radius-bottom-left:0px;--button_gradient_top_color:#f2f2f2;--button_gradient_bottom_color:#f2f2f2;--button_gradient_top_color_hover:#ffffff;--button_gradient_bottom_color_hover:#ffffff;--button_text_transform:none;\" target=\"_blank\" rel=\"noopener noreferrer\" href=\"https:\/\/www.fondationpierrefabre.org\/fr\/programmes-en-cours\/acces-aux-soins-de-qualite\/\"><i class=\"fa-angle-double-right fas awb-button__icon awb-button__icon--default button-icon-left\" aria-hidden=\"true\"><\/i><span class=\"fusion-button-text awb-button__text awb-button__text--default\">Tous les programmes<\/span><\/a><\/div><div class=\"fusion-clearfix\"><\/div><\/div><\/div><\/div><\/div><\/p>\n","protected":false},"excerpt":{"rendered":"<p>En 2003, afin de renforcer l\u2019acc\u00e8s aux soins des populations isol\u00e9es de Tambacounda, la Fondation soutient la cr\u00e9ation puis le d\u00e9veloppement d\u2019une maison m\u00e9dicale. Celle-ci est situ\u00e9e en pleine brousse, \u00e0 Wassadou.<\/p>\n","protected":false},"author":12,"featured_media":18205,"menu_order":8,"comment_status":"closed","ping_status":"closed","template":"","format":"standard","meta":{"_acf_changed":false,"footnotes":""},"portfolio_category":[478,467,516],"portfolio_skills":[],"portfolio_tags":[],"class_list":["post-18633","avada_portfolio","type-avada_portfolio","status-publish","format-standard","has-post-thumbnail","hentry","portfolio_category-acces-aux-soins-des-populations-vulnerables","portfolio_category-precedent","portfolio_category-senegal"],"acf":[],"yoast_head":"<!-- This site is optimized with the Yoast SEO plugin v27.4 - https:\/\/yoast.com\/product\/yoast-seo-wordpress\/ -->\n<title>Soutien \u00e0 la Maison m\u00e9dicale de Wassadou - Fondation Pierre Fabre<\/title>\n<meta name=\"description\" content=\"En 2003, afin de renforcer l\u2019acc\u00e8s aux soins des populations isol\u00e9es de Tambacounda, la Fondation soutient la cr\u00e9ation puis le d\u00e9veloppement d\u2019une maison m\u00e9dicale. Celle-ci est situ\u00e9e en pleine brousse, \u00e0 Wassadou.\" \/>\n<meta name=\"robots\" content=\"index, follow, max-snippet:-1, max-image-preview:large, max-video-preview:-1\" \/>\n<link rel=\"canonical\" href=\"https:\/\/www.fondationpierrefabre.org\/fr\/programmes\/soutien-a-la-maison-medicale-de-wassadou\/\" \/>\n<meta property=\"og:locale\" content=\"fr_FR\" \/>\n<meta property=\"og:type\" content=\"article\" \/>\n<meta property=\"og:title\" content=\"Soutien \u00e0 la Maison m\u00e9dicale de Wassadou - Fondation Pierre Fabre\" \/>\n<meta property=\"og:description\" content=\"En 2003, afin de renforcer l\u2019acc\u00e8s aux soins des populations isol\u00e9es de Tambacounda, la Fondation soutient la cr\u00e9ation puis le d\u00e9veloppement d\u2019une maison m\u00e9dicale. Celle-ci est situ\u00e9e en pleine brousse, \u00e0 Wassadou.\" \/>\n<meta property=\"og:url\" content=\"https:\/\/www.fondationpierrefabre.org\/fr\/programmes\/soutien-a-la-maison-medicale-de-wassadou\/\" \/>\n<meta property=\"og:site_name\" content=\"Fondation Pierre Fabre\" \/>\n<meta property=\"article:publisher\" content=\"https:\/\/www.facebook.com\/FondationPierreFabre\/\" \/>\n<meta property=\"article:modified_time\" content=\"2025-11-11T15:20:50+00:00\" \/>\n<meta property=\"og:image\" content=\"https:\/\/www.fondationpierrefabre.org\/wp-content\/uploads\/sites\/2\/2025\/07\/soins-senegal-wassadou-fondation-fabre.jpg\" \/>\n\t<meta property=\"og:image:width\" content=\"600\" \/>\n\t<meta property=\"og:image:height\" content=\"400\" \/>\n\t<meta property=\"og:image:type\" content=\"image\/jpeg\" \/>\n<meta name=\"twitter:card\" content=\"summary_large_image\" \/>\n<meta name=\"twitter:site\" content=\"@FondationPFabre\" \/>\n<meta name=\"twitter:label1\" content=\"Dur\u00e9e de lecture estim\u00e9e\" \/>\n\t<meta name=\"twitter:data1\" content=\"7 minutes\" \/>\n<script type=\"application\/ld+json\" class=\"yoast-schema-graph\">{\"@context\":\"https:\\\/\\\/schema.org\",\"@graph\":[{\"@type\":\"WebPage\",\"@id\":\"https:\\\/\\\/www.fondationpierrefabre.org\\\/fr\\\/programmes\\\/soutien-a-la-maison-medicale-de-wassadou\\\/\",\"url\":\"https:\\\/\\\/www.fondationpierrefabre.org\\\/fr\\\/programmes\\\/soutien-a-la-maison-medicale-de-wassadou\\\/\",\"name\":\"Soutien \u00e0 la Maison m\u00e9dicale de Wassadou - Fondation Pierre Fabre\",\"isPartOf\":{\"@id\":\"https:\\\/\\\/www.fondationpierrefabre.org\\\/fr\\\/#website\"},\"primaryImageOfPage\":{\"@id\":\"https:\\\/\\\/www.fondationpierrefabre.org\\\/fr\\\/programmes\\\/soutien-a-la-maison-medicale-de-wassadou\\\/#primaryimage\"},\"image\":{\"@id\":\"https:\\\/\\\/www.fondationpierrefabre.org\\\/fr\\\/programmes\\\/soutien-a-la-maison-medicale-de-wassadou\\\/#primaryimage\"},\"thumbnailUrl\":\"https:\\\/\\\/www.fondationpierrefabre.org\\\/wp-content\\\/uploads\\\/sites\\\/2\\\/2025\\\/07\\\/soins-senegal-wassadou-fondation-fabre.jpg\",\"datePublished\":\"2025-08-01T21:52:30+00:00\",\"dateModified\":\"2025-11-11T15:20:50+00:00\",\"description\":\"En 2003, afin de renforcer l\u2019acc\u00e8s aux soins des populations isol\u00e9es de Tambacounda, la Fondation soutient la cr\u00e9ation puis le d\u00e9veloppement d\u2019une maison m\u00e9dicale. Celle-ci est situ\u00e9e en pleine brousse, \u00e0 Wassadou.\",\"breadcrumb\":{\"@id\":\"https:\\\/\\\/www.fondationpierrefabre.org\\\/fr\\\/programmes\\\/soutien-a-la-maison-medicale-de-wassadou\\\/#breadcrumb\"},\"inLanguage\":\"fr-FR\",\"potentialAction\":[{\"@type\":\"ReadAction\",\"target\":[\"https:\\\/\\\/www.fondationpierrefabre.org\\\/fr\\\/programmes\\\/soutien-a-la-maison-medicale-de-wassadou\\\/\"]}]},{\"@type\":\"ImageObject\",\"inLanguage\":\"fr-FR\",\"@id\":\"https:\\\/\\\/www.fondationpierrefabre.org\\\/fr\\\/programmes\\\/soutien-a-la-maison-medicale-de-wassadou\\\/#primaryimage\",\"url\":\"https:\\\/\\\/www.fondationpierrefabre.org\\\/wp-content\\\/uploads\\\/sites\\\/2\\\/2025\\\/07\\\/soins-senegal-wassadou-fondation-fabre.jpg\",\"contentUrl\":\"https:\\\/\\\/www.fondationpierrefabre.org\\\/wp-content\\\/uploads\\\/sites\\\/2\\\/2025\\\/07\\\/soins-senegal-wassadou-fondation-fabre.jpg\",\"width\":600,\"height\":400},{\"@type\":\"BreadcrumbList\",\"@id\":\"https:\\\/\\\/www.fondationpierrefabre.org\\\/fr\\\/programmes\\\/soutien-a-la-maison-medicale-de-wassadou\\\/#breadcrumb\",\"itemListElement\":[{\"@type\":\"ListItem\",\"position\":1,\"name\":\"\",\"item\":\"https:\\\/\\\/www.fondationpierrefabre.org\\\/fr\\\/\"},{\"@type\":\"ListItem\",\"position\":2,\"name\":\"Portfolio\",\"item\":\"https:\\\/\\\/www.fondationpierrefabre.org\\\/en\\\/decouvrir-nos-programmes-old\\\/\"},{\"@type\":\"ListItem\",\"position\":3,\"name\":\"Soutien \u00e0 la Maison m\u00e9dicale de Wassadou\"}]},{\"@type\":\"WebSite\",\"@id\":\"https:\\\/\\\/www.fondationpierrefabre.org\\\/fr\\\/#website\",\"url\":\"https:\\\/\\\/www.fondationpierrefabre.org\\\/fr\\\/\",\"name\":\"Fondation Pierre Fabre\",\"description\":\"Acc\u00e8s aux soins de qualit\u00e9 pour tous\",\"publisher\":{\"@id\":\"https:\\\/\\\/www.fondationpierrefabre.org\\\/fr\\\/#organization\"},\"potentialAction\":[{\"@type\":\"SearchAction\",\"target\":{\"@type\":\"EntryPoint\",\"urlTemplate\":\"https:\\\/\\\/www.fondationpierrefabre.org\\\/fr\\\/?s={search_term_string}\"},\"query-input\":{\"@type\":\"PropertyValueSpecification\",\"valueRequired\":true,\"valueName\":\"search_term_string\"}}],\"inLanguage\":\"fr-FR\"},{\"@type\":\"Organization\",\"@id\":\"https:\\\/\\\/www.fondationpierrefabre.org\\\/fr\\\/#organization\",\"name\":\"Fondation Pierre Fabre\",\"alternateName\":\"FPF\",\"url\":\"https:\\\/\\\/www.fondationpierrefabre.org\\\/fr\\\/\",\"logo\":{\"@type\":\"ImageObject\",\"inLanguage\":\"fr-FR\",\"@id\":\"https:\\\/\\\/www.fondationpierrefabre.org\\\/fr\\\/#\\\/schema\\\/logo\\\/image\\\/\",\"url\":\"https:\\\/\\\/www.fondationpierrefabre.org\\\/wp-content\\\/uploads\\\/sites\\\/2\\\/2020\\\/03\\\/FPF_Logo500.png\",\"contentUrl\":\"https:\\\/\\\/www.fondationpierrefabre.org\\\/wp-content\\\/uploads\\\/sites\\\/2\\\/2020\\\/03\\\/FPF_Logo500.png\",\"width\":500,\"height\":155,\"caption\":\"Fondation Pierre Fabre\"},\"image\":{\"@id\":\"https:\\\/\\\/www.fondationpierrefabre.org\\\/fr\\\/#\\\/schema\\\/logo\\\/image\\\/\"},\"sameAs\":[\"https:\\\/\\\/www.facebook.com\\\/FondationPierreFabre\\\/\",\"https:\\\/\\\/x.com\\\/FondationPFabre\",\"https:\\\/\\\/www.linkedin.com\\\/company\\\/fondation_pierrefabre\\\/\",\"https:\\\/\\\/www.youtube.com\\\/channel\\\/UCSTB8YVIiEnbarvfFcQ-4UA\"]}]}<\/script>\n<!-- \/ Yoast SEO plugin. -->","yoast_head_json":{"title":"Soutien \u00e0 la Maison m\u00e9dicale de Wassadou - Fondation Pierre Fabre","description":"En 2003, afin de renforcer l\u2019acc\u00e8s aux soins des populations isol\u00e9es de Tambacounda, la Fondation soutient la cr\u00e9ation puis le d\u00e9veloppement d\u2019une maison m\u00e9dicale. Celle-ci est situ\u00e9e en pleine brousse, \u00e0 Wassadou.","robots":{"index":"index","follow":"follow","max-snippet":"max-snippet:-1","max-image-preview":"max-image-preview:large","max-video-preview":"max-video-preview:-1"},"canonical":"https:\/\/www.fondationpierrefabre.org\/fr\/programmes\/soutien-a-la-maison-medicale-de-wassadou\/","og_locale":"fr_FR","og_type":"article","og_title":"Soutien \u00e0 la Maison m\u00e9dicale de Wassadou - Fondation Pierre Fabre","og_description":"En 2003, afin de renforcer l\u2019acc\u00e8s aux soins des populations isol\u00e9es de Tambacounda, la Fondation soutient la cr\u00e9ation puis le d\u00e9veloppement d\u2019une maison m\u00e9dicale. Celle-ci est situ\u00e9e en pleine brousse, \u00e0 Wassadou.","og_url":"https:\/\/www.fondationpierrefabre.org\/fr\/programmes\/soutien-a-la-maison-medicale-de-wassadou\/","og_site_name":"Fondation Pierre Fabre","article_publisher":"https:\/\/www.facebook.com\/FondationPierreFabre\/","article_modified_time":"2025-11-11T15:20:50+00:00","og_image":[{"width":600,"height":400,"url":"https:\/\/www.fondationpierrefabre.org\/wp-content\/uploads\/sites\/2\/2025\/07\/soins-senegal-wassadou-fondation-fabre.jpg","type":"image\/jpeg"}],"twitter_card":"summary_large_image","twitter_site":"@FondationPFabre","twitter_misc":{"Dur\u00e9e de lecture estim\u00e9e":"7 minutes"},"schema":{"@context":"https:\/\/schema.org","@graph":[{"@type":"WebPage","@id":"https:\/\/www.fondationpierrefabre.org\/fr\/programmes\/soutien-a-la-maison-medicale-de-wassadou\/","url":"https:\/\/www.fondationpierrefabre.org\/fr\/programmes\/soutien-a-la-maison-medicale-de-wassadou\/","name":"Soutien \u00e0 la Maison m\u00e9dicale de Wassadou - Fondation Pierre Fabre","isPartOf":{"@id":"https:\/\/www.fondationpierrefabre.org\/fr\/#website"},"primaryImageOfPage":{"@id":"https:\/\/www.fondationpierrefabre.org\/fr\/programmes\/soutien-a-la-maison-medicale-de-wassadou\/#primaryimage"},"image":{"@id":"https:\/\/www.fondationpierrefabre.org\/fr\/programmes\/soutien-a-la-maison-medicale-de-wassadou\/#primaryimage"},"thumbnailUrl":"https:\/\/www.fondationpierrefabre.org\/wp-content\/uploads\/sites\/2\/2025\/07\/soins-senegal-wassadou-fondation-fabre.jpg","datePublished":"2025-08-01T21:52:30+00:00","dateModified":"2025-11-11T15:20:50+00:00","description":"En 2003, afin de renforcer l\u2019acc\u00e8s aux soins des populations isol\u00e9es de Tambacounda, la Fondation soutient la cr\u00e9ation puis le d\u00e9veloppement d\u2019une maison m\u00e9dicale. Celle-ci est situ\u00e9e en pleine brousse, \u00e0 Wassadou.","breadcrumb":{"@id":"https:\/\/www.fondationpierrefabre.org\/fr\/programmes\/soutien-a-la-maison-medicale-de-wassadou\/#breadcrumb"},"inLanguage":"fr-FR","potentialAction":[{"@type":"ReadAction","target":["https:\/\/www.fondationpierrefabre.org\/fr\/programmes\/soutien-a-la-maison-medicale-de-wassadou\/"]}]},{"@type":"ImageObject","inLanguage":"fr-FR","@id":"https:\/\/www.fondationpierrefabre.org\/fr\/programmes\/soutien-a-la-maison-medicale-de-wassadou\/#primaryimage","url":"https:\/\/www.fondationpierrefabre.org\/wp-content\/uploads\/sites\/2\/2025\/07\/soins-senegal-wassadou-fondation-fabre.jpg","contentUrl":"https:\/\/www.fondationpierrefabre.org\/wp-content\/uploads\/sites\/2\/2025\/07\/soins-senegal-wassadou-fondation-fabre.jpg","width":600,"height":400},{"@type":"BreadcrumbList","@id":"https:\/\/www.fondationpierrefabre.org\/fr\/programmes\/soutien-a-la-maison-medicale-de-wassadou\/#breadcrumb","itemListElement":[{"@type":"ListItem","position":1,"name":"","item":"https:\/\/www.fondationpierrefabre.org\/fr\/"},{"@type":"ListItem","position":2,"name":"Portfolio","item":"https:\/\/www.fondationpierrefabre.org\/en\/decouvrir-nos-programmes-old\/"},{"@type":"ListItem","position":3,"name":"Soutien \u00e0 la Maison m\u00e9dicale de Wassadou"}]},{"@type":"WebSite","@id":"https:\/\/www.fondationpierrefabre.org\/fr\/#website","url":"https:\/\/www.fondationpierrefabre.org\/fr\/","name":"Fondation Pierre Fabre","description":"Acc\u00e8s aux soins de qualit\u00e9 pour tous","publisher":{"@id":"https:\/\/www.fondationpierrefabre.org\/fr\/#organization"},"potentialAction":[{"@type":"SearchAction","target":{"@type":"EntryPoint","urlTemplate":"https:\/\/www.fondationpierrefabre.org\/fr\/?s={search_term_string}"},"query-input":{"@type":"PropertyValueSpecification","valueRequired":true,"valueName":"search_term_string"}}],"inLanguage":"fr-FR"},{"@type":"Organization","@id":"https:\/\/www.fondationpierrefabre.org\/fr\/#organization","name":"Fondation Pierre Fabre","alternateName":"FPF","url":"https:\/\/www.fondationpierrefabre.org\/fr\/","logo":{"@type":"ImageObject","inLanguage":"fr-FR","@id":"https:\/\/www.fondationpierrefabre.org\/fr\/#\/schema\/logo\/image\/","url":"https:\/\/www.fondationpierrefabre.org\/wp-content\/uploads\/sites\/2\/2020\/03\/FPF_Logo500.png","contentUrl":"https:\/\/www.fondationpierrefabre.org\/wp-content\/uploads\/sites\/2\/2020\/03\/FPF_Logo500.png","width":500,"height":155,"caption":"Fondation Pierre Fabre"},"image":{"@id":"https:\/\/www.fondationpierrefabre.org\/fr\/#\/schema\/logo\/image\/"},"sameAs":["https:\/\/www.facebook.com\/FondationPierreFabre\/","https:\/\/x.com\/FondationPFabre","https:\/\/www.linkedin.com\/company\/fondation_pierrefabre\/","https:\/\/www.youtube.com\/channel\/UCSTB8YVIiEnbarvfFcQ-4UA"]}]}},"_links":{"self":[{"href":"https:\/\/www.fondationpierrefabre.org\/fr\/wp-json\/wp\/v2\/avada_portfolio\/18633","targetHints":{"allow":["GET"]}}],"collection":[{"href":"https:\/\/www.fondationpierrefabre.org\/fr\/wp-json\/wp\/v2\/avada_portfolio"}],"about":[{"href":"https:\/\/www.fondationpierrefabre.org\/fr\/wp-json\/wp\/v2\/types\/avada_portfolio"}],"author":[{"embeddable":true,"href":"https:\/\/www.fondationpierrefabre.org\/fr\/wp-json\/wp\/v2\/users\/12"}],"replies":[{"embeddable":true,"href":"https:\/\/www.fondationpierrefabre.org\/fr\/wp-json\/wp\/v2\/comments?post=18633"}],"version-history":[{"count":3,"href":"https:\/\/www.fondationpierrefabre.org\/fr\/wp-json\/wp\/v2\/avada_portfolio\/18633\/revisions"}],"predecessor-version":[{"id":19092,"href":"https:\/\/www.fondationpierrefabre.org\/fr\/wp-json\/wp\/v2\/avada_portfolio\/18633\/revisions\/19092"}],"wp:featuredmedia":[{"embeddable":true,"href":"https:\/\/www.fondationpierrefabre.org\/fr\/wp-json\/wp\/v2\/media\/18205"}],"wp:attachment":[{"href":"https:\/\/www.fondationpierrefabre.org\/fr\/wp-json\/wp\/v2\/media?parent=18633"}],"wp:term":[{"taxonomy":"portfolio_category","embeddable":true,"href":"https:\/\/www.fondationpierrefabre.org\/fr\/wp-json\/wp\/v2\/portfolio_category?post=18633"},{"taxonomy":"portfolio_skills","embeddable":true,"href":"https:\/\/www.fondationpierrefabre.org\/fr\/wp-json\/wp\/v2\/portfolio_skills?post=18633"},{"taxonomy":"portfolio_tags","embeddable":true,"href":"https:\/\/www.fondationpierrefabre.org\/fr\/wp-json\/wp\/v2\/portfolio_tags?post=18633"}],"curies":[{"name":"wp","href":"https:\/\/api.w.org\/{rel}","templated":true}]}}