{"id":18410,"date":"2025-07-30T18:24:04","date_gmt":"2025-07-30T16:24:04","guid":{"rendered":"https:\/\/www.fondationpierrefabre.org\/?post_type=avada_portfolio&#038;p=18410"},"modified":"2025-11-23T18:01:17","modified_gmt":"2025-11-23T17:01:17","slug":"soutien-au-centre-de-lutte-contre-la-drepanocytose","status":"publish","type":"avada_portfolio","link":"https:\/\/www.fondationpierrefabre.org\/fr\/programmes\/soutien-au-centre-de-lutte-contre-la-drepanocytose\/","title":{"rendered":"Soutien au Centre de Lutte contre la Dr\u00e9panocytose"},"content":{"rendered":"<p><div class=\"fusion-fullwidth fullwidth-box fusion-builder-row-1 nonhundred-percent-fullwidth non-hundred-percent-height-scrolling\" style=\"--awb-border-radius-top-left:0px;--awb-border-radius-top-right:0px;--awb-border-radius-bottom-right:0px;--awb-border-radius-bottom-left:0px;--awb-background-color:#f2f2f2;--awb-flex-wrap:wrap;\" ><div class=\"fusion-builder-row fusion-row\"><div class=\"fusion-layout-column fusion_builder_column fusion-builder-column-0 fusion_builder_column_1_1 1_1 fusion-one-full fusion-column-first fusion-column-last\" style=\"--awb-bg-color:#f2f2f2;--awb-bg-color-hover:#f2f2f2;--awb-bg-size:cover;\"><div class=\"fusion-column-wrapper fusion-flex-column-wrapper-legacy\"><div class=\"fusion-text fusion-text-1\"><h1 style=\"text-align: center;\">Soutien au Centre de Lutte contre la Dr\u00e9panocytose<\/h1>\n<h3 style=\"text-align: center;\"><em><span style=\"color: #717171;\">\u2014 Guin\u00e9e \u2014<\/span><\/em><\/h3>\n<\/div><div class=\"fusion-clearfix\"><\/div><\/div><\/div><\/div><\/div><div class=\"fusion-fullwidth fullwidth-box fusion-builder-row-2 fusion-parallax-none nonhundred-percent-fullwidth non-hundred-percent-height-scrolling fusion-no-small-visibility lazyload\" style=\"--awb-border-radius-top-left:0px;--awb-border-radius-top-right:0px;--awb-border-radius-bottom-right:0px;--awb-border-radius-bottom-left:0px;--awb-background-size:cover;--awb-flex-wrap:wrap;\" data-bg=\"https:\/\/www.fondationpierrefabre.org\/wp-content\/uploads\/sites\/2\/2021\/09\/Drepanocytose-Guinee-1900x610-1.jpg\" ><div class=\"fusion-builder-row fusion-row\"><div class=\"fusion-layout-column fusion_builder_column fusion-builder-column-1 fusion_builder_column_1_1 1_1 fusion-one-full fusion-column-first fusion-column-last\" style=\"--awb-bg-size:cover;--awb-margin-top:305px;--awb-margin-bottom:305px;\"><div class=\"fusion-column-wrapper fusion-flex-column-wrapper-legacy\"><div class=\"fusion-clearfix\"><\/div><\/div><\/div><\/div><\/div><div class=\"fusion-fullwidth fullwidth-box fusion-builder-row-3 hundred-percent-fullwidth non-hundred-percent-height-scrolling fusion-no-medium-visibility fusion-no-large-visibility\" style=\"--awb-border-radius-top-left:0px;--awb-border-radius-top-right:0px;--awb-border-radius-bottom-right:0px;--awb-border-radius-bottom-left:0px;--awb-background-color:#f2f2f2;--awb-flex-wrap:wrap;\" ><div class=\"fusion-builder-row fusion-row\"><div class=\"fusion-layout-column fusion_builder_column fusion-builder-column-2 fusion_builder_column_1_1 1_1 fusion-one-full fusion-column-first fusion-column-last\" style=\"--awb-bg-size:cover;\"><div class=\"fusion-column-wrapper fusion-flex-column-wrapper-legacy\"><div class=\"fusion-image-element fusion-image-align-center fusion-no-medium-visibility fusion-no-large-visibility in-legacy-container\" style=\"text-align:center;--awb-caption-title-font-family:var(--h2_typography-font-family);--awb-caption-title-font-weight:var(--h2_typography-font-weight);--awb-caption-title-font-style:var(--h2_typography-font-style);--awb-caption-title-size:var(--h2_typography-font-size);--awb-caption-title-transform:var(--h2_typography-text-transform);--awb-caption-title-line-height:var(--h2_typography-line-height);--awb-caption-title-letter-spacing:var(--h2_typography-letter-spacing);\"><div class=\"imageframe-align-center\"><span class=\" fusion-imageframe imageframe-none imageframe-1 hover-type-none\"><img decoding=\"async\" width=\"320\" height=\"180\" title=\"Dr\u00e9panocytose-Guin\u00e9e-320&#215;180\" src=\"https:\/\/www.fondationpierrefabre.org\/wp-content\/uploads\/sites\/2\/2021\/09\/Drepanocytose-Guinee-320x180-1.jpg\" data-orig-src=\"https:\/\/www.fondationpierrefabre.org\/wp-content\/uploads\/sites\/2\/2021\/09\/Drepanocytose-Guinee-320x180-1.jpg\" alt class=\"lazyload img-responsive wp-image-10629\" srcset=\"data:image\/svg+xml,%3Csvg%20xmlns%3D%27http%3A%2F%2Fwww.w3.org%2F2000%2Fsvg%27%20width%3D%27320%27%20height%3D%27180%27%20viewBox%3D%270%200%20320%20180%27%3E%3Crect%20width%3D%27320%27%20height%3D%27180%27%20fill-opacity%3D%220%22%2F%3E%3C%2Fsvg%3E\" data-srcset=\"https:\/\/www.fondationpierrefabre.org\/wp-content\/uploads\/sites\/2\/2021\/09\/Drepanocytose-Guinee-320x180-1-200x113.jpg 200w, https:\/\/www.fondationpierrefabre.org\/wp-content\/uploads\/sites\/2\/2021\/09\/Drepanocytose-Guinee-320x180-1.jpg 320w\" data-sizes=\"auto\" data-orig-sizes=\"(max-width: 800px) 100vw, 320px\" \/><\/span><\/div><\/div><div class=\"fusion-clearfix\"><\/div><\/div><\/div><\/div><\/div><div class=\"fusion-fullwidth fullwidth-box fusion-builder-row-4 nonhundred-percent-fullwidth non-hundred-percent-height-scrolling reverse\" style=\"--awb-border-radius-top-left:0px;--awb-border-radius-top-right:0px;--awb-border-radius-bottom-right:0px;--awb-border-radius-bottom-left:0px;--awb-padding-bottom:40px;--awb-background-color:#f2f2f2;--awb-flex-wrap:wrap;\" ><div class=\"fusion-builder-row fusion-row\"><div class=\"fusion-layout-column fusion_builder_column fusion-builder-column-3 fusion_builder_column_3_5 3_5 fusion-three-fifth fusion-column-first\" style=\"--awb-bg-size:cover;width:60%;width:calc(60% - ( ( 4% ) * 0.6 ) );margin-right: 4%;\"><div class=\"fusion-column-wrapper fusion-flex-column-wrapper-legacy\"><div class=\"fusion-sep-clear\"><\/div><div class=\"fusion-separator fusion-full-width-sep\" style=\"margin-left: auto;margin-right: auto;margin-top:20px;margin-bottom:20px;width:100%;\"><\/div><div class=\"fusion-sep-clear\"><\/div><div class=\"fusion-text fusion-text-2\"><p><span style=\"font-size: 30pt; color: #14769e;\"><strong>L&rsquo;HISTOIRE<\/strong><\/span><\/p>\n<\/div><div class=\"fusion-sep-clear\"><\/div><div class=\"fusion-separator fusion-full-width-sep\" style=\"margin-left: auto;margin-right: auto;margin-top:10px;margin-bottom:10px;width:100%;\"><\/div><div class=\"fusion-sep-clear\"><\/div><div class=\"fusion-text fusion-text-3\"><p>La Guin\u00e9e fait partie des pays les plus touch\u00e9s par la dr\u00e9panocytose, maladie h\u00e9r\u00e9ditaire particuli\u00e8rement douloureuse qui peut \u00eatre mortelle si elle n\u2019est pas correctement prise en charge (voir <a href=\"https:\/\/www.fondationpierrefabre.org\/fr\/programmes-en-cours\/lutte-contre-la-drepanocytose\/\" target=\"_blank\" rel=\"noopener\">dossier programmes dr\u00e9panocytose, premi\u00e8re maladie g\u00e9n\u00e9tique dans le monde<\/a>). Selon les statistiques publi\u00e9es en 2019 par l&rsquo;h\u00f4pital national de Donka \u00e0 Conacry, 20\u00a0% de la population guin\u00e9enne serait porteuse de la maladie. Face aux difficult\u00e9s de diagnostic et d\u2019acc\u00e8s aux m\u00e9dicaments essentiels, les patients sont pouss\u00e9s \u00e0 l\u2019exode m\u00e9dical vers d\u2019autres pays de la sous-r\u00e9gion, comme le Mali, le S\u00e9n\u00e9gal ou la C\u00f4te d\u2019Ivoire.<\/p>\n<p><strong>RENFORCER LES CAPACIT\u00c9S TECHNIQUES ET HUMAINES<\/strong><\/p>\n<p>Depuis 2019, la Fondation Pierre Fabre soutient le Centre de Lutte contre la Dr\u00e9panocytose de l\u2019Association SOS Dr\u00e9panocytaires situ\u00e9e \u00e0 Conakry. Cette ONG m\u00e9dicale cr\u00e9\u00e9e en 2008 offre des services de soin \u00e0 co\u00fbt mod\u00e9r\u00e9 et r\u00e9alise des activit\u00e9s de sensibilisation, notamment en faveur du d\u00e9pistage des jeunes enfants, dont la prise en charge pr\u00e9coce permet de r\u00e9guler l\u2019\u00e9volution de la maladie.<\/p>\n<p>Le soutien de la Fondation s\u2019articule autour de 3 objectifs d\u2019accompagnement :<\/p>\n<ul>\n<li><strong>Soutien \u00e0 la formation du personnel et aux activit\u00e9s de soin et de transfusion<\/strong> (notamment : formation \u00e0 la prise en charge de la douleur effectu\u00e9e par l\u2019ONG <a href=\"https:\/\/www.douleurs.org\/\" target=\"_blank\" rel=\"noopener\">Douleurs sans Fronti\u00e8res<\/a>) ;<\/li>\n<li><strong>Cr\u00e9ation d\u2019un laboratoire d\u2019analyses m\u00e9dicales<\/strong> (les premi\u00e8res analyses m\u00e9dicales ont \u00e9t\u00e9 effectu\u00e9es en novembre 2020) ;<\/li>\n<li><strong>Mise en place d\u2019un p\u00f4le pharmacie<\/strong> (avec le recrutement d\u2019un pharmacien dipl\u00f4m\u00e9).<\/li>\n<\/ul>\n<p>D\u2019autres postes d\u2019accompagnement ont \u00e9t\u00e9 identifi\u00e9s, en particulier l\u2019informatisation des dossiers patients.<\/p>\n<p><strong>AUGMENTER LE NOMBRE DE B\u00c9N\u00c9FICIAIRES<\/strong><\/p>\n<p>Le nombre de consultations de patients dr\u00e9panocytaires a augment\u00e9 tout au long de l\u2019ann\u00e9e 2019, passant de 334 consultations et 34 nouveaux patients en janvier, \u00e0 518 consultations et 75 nouveaux patients en d\u00e9cembre.<\/p>\n<p>En 2020, le contexte sanitaire et s\u00e9curitaire difficile a retard\u00e9 certaines \u00e9ch\u00e9ances, la Guin\u00e9e ayant \u00e9t\u00e9 parmi les pays d\u2019Afrique les plus impact\u00e9s par l\u2019\u00e9pid\u00e9mie de Covid-19. La prise en charge des patients a n\u00e9anmoins progress\u00e9 avec pr\u00e8s de <strong>2\u00a0000 consultations entre mai et septembre 2020<\/strong>.<\/p>\n<\/div><div class=\"fusion-clearfix\"><\/div><\/div><\/div><div class=\"fusion-layout-column fusion_builder_column fusion-builder-column-4 fusion_builder_column_2_5 2_5 fusion-two-fifth fusion-column-last page-side\" style=\"--awb-padding-top:10px;--awb-padding-right:15px;--awb-padding-left:15px;--awb-bg-size:cover;width:40%;width:calc(40% - ( ( 4% ) * 0.4 ) );\"><div class=\"fusion-column-wrapper fusion-flex-column-wrapper-legacy\"><div class=\"fusion-builder-row fusion-builder-row-inner fusion-row\"><div class=\"fusion-layout-column fusion_builder_column_inner fusion-builder-nested-column-0 fusion_builder_column_inner_1_1 1_1 fusion-one-full fusion-column-first fusion-column-last bloc-violet\" style=\"--awb-bg-size:cover;\"><div class=\"fusion-column-wrapper fusion-flex-column-wrapper-legacy\"><div class=\"fusion-text fusion-text-4\" style=\"--awb-text-color:#ffffff;\"><p style=\"text-align: center;\"><strong><span style=\"font-size: 14pt;\">L&rsquo;ESSENTIEL<\/span><br \/>\n<\/strong>_____<\/p>\n<p><strong>Axe<\/strong><br \/>\nLutte contre la dr\u00e9panocytose<\/p>\n<p><strong>Programme<\/strong><br \/>\n2019-2022<\/p>\n<p><strong>Mode d\u2019intervention<\/strong><\/p>\n<p><strong>Objectifs<\/strong><\/p>\n<ul>\n<li>Renforcer les capacit\u00e9s techniques du centre<\/li>\n<li>Garantir l\u2019autonomie financi\u00e8re de la structure<\/li>\n<li>Soutenir la formation du personnel (activit\u00e9s de soin et de transfusion)<\/li>\n<li>Cr\u00e9er un laboratoire d\u2019analyses m\u00e9dicales et un p\u00f4le pharmacie<\/li>\n<\/ul>\n<\/div><div class=\"fusion-clearfix\"><\/div><\/div><\/div><\/div><div class=\"fusion-sep-clear\"><\/div><div class=\"fusion-separator fusion-full-width-sep\" style=\"margin-left: auto;margin-right: auto;margin-top:10px;margin-bottom:10px;width:100%;\"><\/div><div class=\"fusion-sep-clear\"><\/div><div class=\"fusion-builder-row fusion-builder-row-inner fusion-row\"><div class=\"fusion-layout-column fusion_builder_column_inner fusion-builder-nested-column-1 fusion_builder_column_inner_1_1 1_1 fusion-one-full fusion-column-first fusion-column-last bloc-bleu\" style=\"--awb-bg-size:cover;\" data-scroll-devices=\"small-visibility,medium-visibility,large-visibility\"><div class=\"fusion-column-wrapper fusion-column-has-shadow fusion-flex-column-wrapper-legacy\"><div class=\"fusion-text fusion-text-5\" style=\"--awb-text-color:#ffffff;\"><p style=\"text-align: center;\"><strong><span style=\"font-size: 14pt;\">LES DERNIERES AVANCEES<\/span><br \/>\n<\/strong>_____<\/p>\n<p><strong>Bilan du projet<\/strong><br \/>\nForte augmentation de l\u2019activit\u00e9 clinique en trois ans : 6 000 patients, doublement du nombre de consultations annuelles.<br \/>\nL\u2019accompagnement a permis de valider le mod\u00e8le \u00e9conomique d\u2019autosuffisance du centre, r\u00e9cemment reconnu par le minist\u00e8re de la Sant\u00e9 comme centre de r\u00e9f\u00e9rence de la dr\u00e9panocytose en Guin\u00e9e.<\/p>\n<p><strong>Nouvelle \u00e9tape de soutien<\/strong><br \/>\nValid\u00e9e fin 2022, la nouvelle phase de soutien au CLD d\u00e9butera en 2023 : elle int\u00e8gre les enjeux de d\u00e9localisation de l\u2019acc\u00e8s aux soins dans deux r\u00e9gions \u00e0 forte pr\u00e9valence ainsi qu\u2019un soutien \u00e0 la mise en place d\u2019un plan strat\u00e9gique de lutte contre la maladie.<\/p>\n<\/div><div class=\"fusion-clearfix\"><\/div><\/div><\/div><\/div><div class=\"fusion-sep-clear\"><\/div><div class=\"fusion-separator fusion-full-width-sep\" style=\"margin-left: auto;margin-right: auto;margin-top:10px;margin-bottom:10px;width:100%;\"><\/div><div class=\"fusion-sep-clear\"><\/div><div class=\"fusion-clearfix\"><\/div><\/div><\/div><\/div><\/div><div class=\"fusion-fullwidth fullwidth-box fusion-builder-row-5 nonhundred-percent-fullwidth non-hundred-percent-height-scrolling\" style=\"--awb-border-radius-top-left:0px;--awb-border-radius-top-right:0px;--awb-border-radius-bottom-right:0px;--awb-border-radius-bottom-left:0px;--awb-margin-top:30px;--awb-margin-bottom:30px;--awb-flex-wrap:wrap;\" ><div class=\"fusion-builder-row fusion-row\"><div class=\"fusion-layout-column fusion_builder_column fusion-builder-column-5 fusion_builder_column_1_1 1_1 fusion-one-full fusion-column-first fusion-column-last\" style=\"--awb-bg-size:cover;\"><div class=\"fusion-column-wrapper fusion-flex-column-wrapper-legacy\"><div class=\"fusion-text fusion-text-6\"><h2 style=\"text-align: center;\">BILAN ET PERSPECTIVES<\/h2>\n<\/div><div class=\"fusion-sep-clear\"><\/div><div class=\"fusion-separator fusion-full-width-sep\" style=\"margin-left: auto;margin-right: auto;margin-top:10px;width:100%;\"><\/div><div class=\"fusion-sep-clear\"><\/div><div class=\"fusion-text fusion-text-7\"><h4 class=\"heading\"><span class=\"nulle\">Bilan<\/span><\/h4>\n<\/div><div class=\"fusion-sep-clear\"><\/div><div class=\"fusion-separator fusion-full-width-sep\" style=\"margin-left: auto;margin-right: auto;margin-top:20px;width:100%;\"><\/div><div class=\"fusion-sep-clear\"><\/div><div class=\"fusion-clearfix\"><\/div><\/div><\/div><div class=\"fusion-layout-column fusion_builder_column fusion-builder-column-6 fusion_builder_column_1_3 1_3 fusion-one-third fusion-column-first\" style=\"--awb-bg-size:cover;width:33.333333333333%;width:calc(33.333333333333% - ( ( 4% + 4% ) * 0.33333333333333 ) );margin-right: 4%;\"><div class=\"fusion-column-wrapper fusion-flex-column-wrapper-legacy\"><div class=\"fusion-text fusion-text-8\"><p style=\"text-align: center;\"><strong><span style=\"font-size: 36pt;\"><span style=\"color: #0a709a;\">4 071<br \/>\n<\/span><\/span><\/strong><strong>consultations en 2020<br \/>\n<\/strong><\/p>\n<\/div><div class=\"fusion-sep-clear\"><\/div><div class=\"fusion-separator fusion-full-width-sep\" style=\"margin-left: auto;margin-right: auto;margin-top:5px;margin-bottom:5px;width:100%;\"><\/div><div class=\"fusion-sep-clear\"><\/div><div class=\"fusion-clearfix\"><\/div><\/div><\/div><div class=\"fusion-layout-column fusion_builder_column fusion-builder-column-7 fusion_builder_column_1_3 1_3 fusion-one-third\" style=\"--awb-bg-size:cover;width:33.333333333333%;width:calc(33.333333333333% - ( ( 4% + 4% ) * 0.33333333333333 ) );margin-right: 4%;\"><div class=\"fusion-column-wrapper fusion-flex-column-wrapper-legacy\"><div class=\"fusion-text fusion-text-9\"><p style=\"text-align: center;\"><strong><span style=\"font-size: 36pt;\"><span style=\"color: #e5606a;\">1 086<br \/>\n<\/span><\/span><\/strong><strong>hospitalisations en 2020<br \/>\n<\/strong><\/p>\n<\/div><div class=\"fusion-sep-clear\"><\/div><div class=\"fusion-separator fusion-full-width-sep\" style=\"margin-left: auto;margin-right: auto;margin-top:5px;margin-bottom:5px;width:100%;\"><\/div><div class=\"fusion-sep-clear\"><\/div><div class=\"fusion-clearfix\"><\/div><\/div><\/div><div class=\"fusion-layout-column fusion_builder_column fusion-builder-column-8 fusion_builder_column_1_3 1_3 fusion-one-third fusion-column-last\" style=\"--awb-bg-size:cover;width:33.333333333333%;width:calc(33.333333333333% - ( ( 4% + 4% ) * 0.33333333333333 ) );\"><div class=\"fusion-column-wrapper fusion-flex-column-wrapper-legacy\"><div class=\"fusion-text fusion-text-10\"><p style=\"text-align: center;\"><strong><span style=\"font-size: 36pt;\"><span style=\"color: #724c8f;\">1 963<br \/>\n<\/span><\/span><\/strong><strong>patients inscrits dans la fil active<br \/>\n<\/strong><\/p>\n<\/div><div class=\"fusion-clearfix\"><\/div><\/div><\/div><\/div><\/div><div class=\"fusion-fullwidth fullwidth-box fusion-builder-row-6 nonhundred-percent-fullwidth non-hundred-percent-height-scrolling\" style=\"--awb-border-radius-top-left:0px;--awb-border-radius-top-right:0px;--awb-border-radius-bottom-right:0px;--awb-border-radius-bottom-left:0px;--awb-margin-bottom:30px;--awb-flex-wrap:wrap;\" ><div class=\"fusion-builder-row fusion-row\"><div class=\"fusion-layout-column fusion_builder_column fusion-builder-column-9 fusion_builder_column_1_1 1_1 fusion-one-full fusion-column-first fusion-column-last mod-focus\" style=\"--awb-padding-top:0px;--awb-padding-right:20px;--awb-padding-bottom:0px;--awb-padding-left:20px;--awb-bg-size:cover;--awb-border-color:#717171;--awb-border-bottom:0;--awb-border-style:solid;--awb-margin-top:20px;--awb-margin-bottom:20px;\"><div class=\"fusion-column-wrapper fusion-flex-column-wrapper-legacy\"><div class=\"fusion-text fusion-text-11\"><h3><span class=\"null\">Un mod\u00e8le \u00e9conomique adapt\u00e9 au contexte<\/span><\/h3>\n<\/div><div class=\"fusion-text fusion-text-12\"><p style=\"text-align: center;\">Le Centre de Lutte contre la Dr\u00e9panocytose de Conakry repose sur un mod\u00e8le \u00e9conomique d\u2019auto-suffisance : les m\u00e9dicaments sont factur\u00e9s aux patients \u00e0 un prix inf\u00e9rieur de 15 % aux officines priv\u00e9es et sont d\u00e9livr\u00e9s gratuitement aux patients les plus d\u00e9munis. Les recettes g\u00e9n\u00e9r\u00e9es permettent de r\u00e9mun\u00e9rer le personnel conform\u00e9ment aux standards du pays.<\/p>\n<\/div><div class=\"fusion-clearfix\"><\/div><\/div><\/div><\/div><\/div><div class=\"fusion-fullwidth fullwidth-box fusion-builder-row-7 nonhundred-percent-fullwidth non-hundred-percent-height-scrolling\" style=\"--awb-border-radius-top-left:0px;--awb-border-radius-top-right:0px;--awb-border-radius-bottom-right:0px;--awb-border-radius-bottom-left:0px;--awb-padding-top:30px;--awb-padding-bottom:20px;--awb-background-color:#f2f2f2;--awb-flex-wrap:wrap;\" ><div class=\"fusion-builder-row fusion-row\"><div class=\"fusion-layout-column fusion_builder_column fusion-builder-column-10 fusion_builder_column_1_1 1_1 fusion-one-full fusion-column-first fusion-column-last\" style=\"--awb-bg-size:cover;\"><div class=\"fusion-column-wrapper fusion-flex-column-wrapper-legacy\"><div class=\"fusion-text fusion-text-13\"><h2 style=\"text-align: center;\">PARTENAIRES<\/h2>\n<\/div><div class=\"fusion-sep-clear\"><\/div><div class=\"fusion-separator fusion-full-width-sep\" style=\"margin-left: auto;margin-right: auto;margin-top:10px;width:100%;\"><\/div><div class=\"fusion-sep-clear\"><\/div><div class=\"fusion-clearfix\"><\/div><\/div><\/div><div class=\"fusion-layout-column fusion_builder_column fusion-builder-column-11 fusion_builder_column_1_2 1_2 fusion-one-half fusion-column-first\" style=\"--awb-bg-size:cover;width:50%;width:calc(50% - ( ( 4% ) * 0.5 ) );margin-right: 4%;\"><div class=\"fusion-column-wrapper fusion-flex-column-wrapper-legacy\"><div class=\"fusion-text fusion-text-14\"><ul>\n<li>SOS Dr\u00e9panocytaires Guin\u00e9e, ONG cr\u00e9\u00e9e en 2008 et agr\u00e9\u00e9e par le minist\u00e8re de la Sant\u00e9<\/li>\n<li>Centre de Lutte contre la Dr\u00e9panocytose de Conakry (travaux termin\u00e9s en 2018)<\/li>\n<li>ONG Douleurs sans Fronti\u00e8re<\/li>\n<\/ul>\n<\/div><div class=\"fusion-clearfix\"><\/div><\/div><\/div><div class=\"fusion-layout-column fusion_builder_column fusion-builder-column-12 fusion_builder_column_1_2 1_2 fusion-one-half fusion-column-last\" style=\"--awb-bg-size:cover;width:50%;width:calc(50% - ( ( 4% ) * 0.5 ) );\"><div class=\"fusion-column-wrapper fusion-flex-column-wrapper-legacy\"><div class=\"fusion-clearfix\"><\/div><\/div><\/div><\/div><\/div><div class=\"fusion-fullwidth fullwidth-box fusion-builder-row-8 nonhundred-percent-fullwidth non-hundred-percent-height-scrolling\" style=\"--awb-border-radius-top-left:0px;--awb-border-radius-top-right:0px;--awb-border-radius-bottom-right:0px;--awb-border-radius-bottom-left:0px;--awb-margin-top:40px;--awb-flex-wrap:wrap;\" ><div class=\"fusion-builder-row fusion-row\"><div class=\"fusion-layout-column fusion_builder_column fusion-builder-column-13 fusion_builder_column_1_3 1_3 fusion-one-third fusion-column-first\" style=\"--awb-bg-size:cover;width:33.333333333333%;width:calc(33.333333333333% - ( ( 4% + 4% ) * 0.33333333333333 ) );margin-right: 4%;\"><div class=\"fusion-column-wrapper fusion-flex-column-wrapper-legacy\"><div class=\"fusion-text fusion-text-15\"><h4 class=\"heading\"><span class=\"nulle\">Et aussi<\/span><\/h4>\n<\/div><div class=\"fusion-recent-posts fusion-recent-posts-1 avada-container layout-default layout-columns-1\"><section class=\"fusion-columns columns fusion-columns-1 columns-1\"><article class=\"post fusion-column column col col-lg-12 col-md-12 col-sm-12\"><div class=\"fusion-flexslider flexslider flexslider-hover-type-none\"><ul class=\"slides\"><li style=\"width: 100%; float: left; margin-right: -100%; position: relative; opacity: 1; display: block; z-index: 2;\" class=\"flex-active-slide\"><a href=\"https:\/\/www.fondationpierrefabre.org\/fr\/programmes\/creation-et-soutien-au-developpement-du-centre-de-recherche-et-de-lutte-contre-la-drepanocytose\/\" class=\"hover-type-none\" aria-label=\"Cr\u00e9ation et soutien au d\u00e9veloppement du Centre de recherche et de lutte contre la dr\u00e9panocytose\"><img class=\"lazyload\" decoding=\"async\" src=\"data:image\/svg+xml,%3Csvg%20xmlns%3D%27http%3A%2F%2Fwww.w3.org%2F2000%2Fsvg%27%20width%3D%27600%27%20height%3D%27400%27%20viewBox%3D%270%200%20600%20400%27%3E%3Crect%20width%3D%27600%27%20height%3D%27400%27%20fill-opacity%3D%220%22%2F%3E%3C%2Fsvg%3E\" data-orig-src=\"https:\/\/www.fondationpierrefabre.org\/wp-content\/uploads\/sites\/2\/2025\/07\/Patients-au-Centre-de-Recherche-et-de-Lutte-contre-la-Drepanocytose-CRLD-de-Bamako-en-2015.jpg\" alt=\"\" draggable=\"false\"><\/a><\/li><\/div><div class=\"recent-posts-content\"><h4 class=\"entry-title\"><a href=\"https:\/\/www.fondationpierrefabre.org\/fr\/programmes\/creation-et-soutien-au-developpement-du-centre-de-recherche-et-de-lutte-contre-la-drepanocytose\/\">Cr\u00e9ation et soutien au d\u00e9veloppement du Centre de recherche et de lutte contre la dr\u00e9panocytose<\/a><\/h4>Fort du soutien de la Fondation, un centre unique de Lutte contre la dr\u00e9panocytose en Afrique a vu le jour \u00e0 Bamako au Mali. Il r\u00e9alise le d\u00e9pistage, la prise en charge et l'information des malades.<span class=\"fusion-date\"><em>30\/07\/2025<\/em><\/span><\/div><\/article><\/section><\/div><div class=\"fusion-clearfix\"><\/div><\/div><\/div><div class=\"fusion-layout-column fusion_builder_column fusion-builder-column-14 fusion_builder_column_1_3 1_3 fusion-one-third\" style=\"--awb-bg-size:cover;width:33.333333333333%;width:calc(33.333333333333% - ( ( 4% + 4% ) * 0.33333333333333 ) );margin-right: 4%;\"><div class=\"fusion-column-wrapper fusion-flex-column-wrapper-legacy\"><div class=\"fusion-text fusion-text-16\"><h4 class=\"heading\"><span class=\"nulle\">Et aussi<\/span><\/h4>\n<\/div><div class=\"fusion-recent-posts fusion-recent-posts-1 avada-container layout-default layout-columns-1\"><section class=\"fusion-columns columns fusion-columns-1 columns-1\"><article class=\"post fusion-column column col col-lg-12 col-md-12 col-sm-12\"><div class=\"fusion-flexslider flexslider flexslider-hover-type-none\"><ul class=\"slides\"><li style=\"width: 100%; float: left; margin-right: -100%; position: relative; opacity: 1; display: block; z-index: 2;\" class=\"flex-active-slide\"><a href=\"https:\/\/www.fondationpierrefabre.org\/fr\/programmes\/depistage-et-prise-en-charge-de-la-drepanocytose\/\" class=\"hover-type-none\" aria-label=\"D\u00e9pistage et prise en charge de la dr\u00e9panocytose\"><img class=\"lazyload\" decoding=\"async\" src=\"data:image\/svg+xml,%3Csvg%20xmlns%3D%27http%3A%2F%2Fwww.w3.org%2F2000%2Fsvg%27%20width%3D%27600%27%20height%3D%27400%27%20viewBox%3D%270%200%20600%20400%27%3E%3Crect%20width%3D%27600%27%20height%3D%27400%27%20fill-opacity%3D%220%22%2F%3E%3C%2Fsvg%3E\" data-orig-src=\"https:\/\/www.fondationpierrefabre.org\/wp-content\/uploads\/sites\/2\/2025\/07\/drepanocytose-haiti-fondation-fabre.jpg\" alt=\"\" draggable=\"false\"><\/a><\/li><\/div><div class=\"recent-posts-content\"><h4 class=\"entry-title\"><a href=\"https:\/\/www.fondationpierrefabre.org\/fr\/programmes\/depistage-et-prise-en-charge-de-la-drepanocytose\/\">D\u00e9pistage et prise en charge de la dr\u00e9panocytose<\/a><\/h4>Face \u00e0 la pr\u00e9valence de la dr\u00e9panocytose \u00e0 Ha\u00efti, la Fondation soutient le r\u00e9seau Carest dans son projet pilote de d\u00e9pistage n\u00e9onatal et de prise en charge.<span class=\"fusion-date\"><em>30\/07\/2025<\/em><\/span><\/div><\/article><\/section><\/div><div class=\"fusion-clearfix\"><\/div><\/div><\/div><div class=\"fusion-layout-column fusion_builder_column fusion-builder-column-15 fusion_builder_column_1_3 1_3 fusion-one-third fusion-column-last\" style=\"--awb-bg-size:cover;width:33.333333333333%;width:calc(33.333333333333% - ( ( 4% + 4% ) * 0.33333333333333 ) );\"><div class=\"fusion-column-wrapper fusion-flex-column-wrapper-legacy\"><div class=\"fusion-text fusion-text-17\"><h4 class=\"heading\"><span class=\"nulle\">Suivre notre action<\/span><\/h4>\n<\/div><div class=\"fusion-recent-posts fusion-recent-posts-1 avada-container layout-default layout-columns-1\"><section class=\"fusion-columns columns fusion-columns-1 columns-1\"><article class=\"post fusion-column column col col-lg-12 col-md-12 col-sm-12\"><div class=\"fusion-flexslider fusion-flexslider-loading flexslider flexslider-hover-type-none\"><ul class=\"slides\"><li><a href=\"https:\/\/www.fondationpierrefabre.org\/fr\/suivre-notre-action\/sud-liban-la-fondation-pierre-fabre-agit\/\" aria-label=\"Sud Liban : la Fondation Pierre Fabre agit\" class=\"hover-type-none\"><img decoding=\"async\" width=\"700\" height=\"441\" src=\"https:\/\/www.fondationpierrefabre.org\/wp-content\/uploads\/sites\/2\/2026\/04\/Solidarite-Liban-700x441.jpg\" class=\"attachment-recent-posts size-recent-posts lazyload\" alt=\"\" srcset=\"data:image\/svg+xml,%3Csvg%20xmlns%3D%27http%3A%2F%2Fwww.w3.org%2F2000%2Fsvg%27%20width%3D%271200%27%20height%3D%27800%27%20viewBox%3D%270%200%201200%20800%27%3E%3Crect%20width%3D%271200%27%20height%3D%27800%27%20fill-opacity%3D%220%22%2F%3E%3C%2Fsvg%3E\" data-orig-src=\"https:\/\/www.fondationpierrefabre.org\/wp-content\/uploads\/sites\/2\/2026\/04\/Solidarite-Liban-700x441.jpg\" data-srcset=\"https:\/\/www.fondationpierrefabre.org\/wp-content\/uploads\/sites\/2\/2026\/04\/Solidarite-Liban-320x202.jpg 320w, https:\/\/www.fondationpierrefabre.org\/wp-content\/uploads\/sites\/2\/2026\/04\/Solidarite-Liban-700x441.jpg 700w\" data-sizes=\"auto\" \/><\/a><\/li><\/ul><\/div><div class=\"recent-posts-content\"><span class=\"vcard\" style=\"display: none;\"><span class=\"fn\"><a href=\"https:\/\/www.fondationpierrefabre.org\/fr\/author\/tma25pf\/\" title=\"Articles par tma25pf\" rel=\"author\">tma25pf<\/a><\/span><\/span><span class=\"updated\" style=\"display:none;\">2026-04-23T23:42:32+02:00<\/span><h4 class=\"entry-title\"><a href=\"https:\/\/www.fondationpierrefabre.org\/fr\/suivre-notre-action\/sud-liban-la-fondation-pierre-fabre-agit\/\">Sud Liban : la Fondation Pierre Fabre agit<\/a><\/h4><p>La Fondation Pierre Fabre finance l\u2019organisation de convois humanitaires pour r\u00e9pondre en urgence aux besoins essentiels des habitants refusant l\u2019exode dans les villages au Sud Liban.<\/p><\/div><\/article><\/section><\/div><div class=\"fusion-clearfix\"><\/div><\/div><\/div><div class=\"fusion-layout-column fusion_builder_column fusion-builder-column-16 fusion_builder_column_1_1 1_1 fusion-one-full fusion-column-first fusion-column-last\" style=\"--awb-bg-size:cover;--awb-margin-bottom:50px;\"><div class=\"fusion-column-wrapper fusion-flex-column-wrapper-legacy\"><div class=\"fusion-button-wrapper fusion-aligncenter\"><a class=\"fusion-button button-flat button-small button-custom fusion-button-default button-1 fusion-button-span-no \" style=\"--button_accent_color:#717171;--button_accent_hover_color:#717171;--button_border_hover_color:#717171;--button_border_width-top:1px;--button_border_width-right:1px;--button_border_width-bottom:1px;--button_border_width-left:1px;--button-border-radius-top-left:0px;--button-border-radius-top-right:0px;--button-border-radius-bottom-right:0px;--button-border-radius-bottom-left:0px;--button_gradient_top_color:#f2f2f2;--button_gradient_bottom_color:#f2f2f2;--button_gradient_top_color_hover:#ffffff;--button_gradient_bottom_color_hover:#ffffff;--button_text_transform:none;\" target=\"_blank\" rel=\"noopener noreferrer\" href=\"https:\/\/www.fondationpierrefabre.org\/fr\/decouvrir-nos-programmes\/lutte-contre-la-drepanocytose\"><i class=\"fa-angle-double-right fas awb-button__icon awb-button__icon--default button-icon-left\" aria-hidden=\"true\"><\/i><span class=\"fusion-button-text awb-button__text awb-button__text--default\">Tous les programmes<\/span><\/a><\/div><div class=\"fusion-clearfix\"><\/div><\/div><\/div><\/div><\/div><\/p>\n","protected":false},"excerpt":{"rendered":"<p>En Guin\u00e9e, la Fondation Pierre Fabre accompagne le Centre de Lutte contre la Dr\u00e9panocytose de Conakry dans l\u2019objectif de renforcer ses capacit\u00e9s et de garantir son autonomie financi\u00e8re.<\/p>\n","protected":false},"author":12,"featured_media":18127,"menu_order":26,"comment_status":"closed","ping_status":"closed","template":"","format":"standard","meta":{"_acf_changed":false,"footnotes":""},"portfolio_category":[466,498,477],"portfolio_skills":[],"portfolio_tags":[],"class_list":["post-18410","avada_portfolio","type-avada_portfolio","status-publish","format-standard","has-post-thumbnail","hentry","portfolio_category-en-cours","portfolio_category-guinee","portfolio_category-lutte-contre-la-drepanocytose"],"acf":[],"yoast_head":"<!-- This site is optimized with the Yoast SEO plugin v27.4 - https:\/\/yoast.com\/product\/yoast-seo-wordpress\/ -->\n<title>Soutien au Centre de Lutte contre la Dr\u00e9panocytose - Fondation Pierre Fabre<\/title>\n<meta name=\"description\" content=\"En Guin\u00e9e, la Fondation Pierre Fabre accompagne le Centre de Lutte contre la Dr\u00e9panocytose de Conakry dans l\u2019objectif de renforcer ses capacit\u00e9s et de garantir son autonomie financi\u00e8re.\" \/>\n<meta name=\"robots\" content=\"index, follow, max-snippet:-1, max-image-preview:large, max-video-preview:-1\" \/>\n<link rel=\"canonical\" href=\"https:\/\/www.fondationpierrefabre.org\/fr\/programmes\/soutien-au-centre-de-lutte-contre-la-drepanocytose\/\" \/>\n<meta property=\"og:locale\" content=\"fr_FR\" \/>\n<meta property=\"og:type\" content=\"article\" \/>\n<meta property=\"og:title\" content=\"Soutien au Centre de Lutte contre la Dr\u00e9panocytose - Fondation Pierre Fabre\" \/>\n<meta property=\"og:description\" content=\"En Guin\u00e9e, la Fondation Pierre Fabre accompagne le Centre de Lutte contre la Dr\u00e9panocytose de Conakry dans l\u2019objectif de renforcer ses capacit\u00e9s et de garantir son autonomie financi\u00e8re.\" \/>\n<meta property=\"og:url\" content=\"https:\/\/www.fondationpierrefabre.org\/fr\/programmes\/soutien-au-centre-de-lutte-contre-la-drepanocytose\/\" \/>\n<meta property=\"og:site_name\" content=\"Fondation Pierre Fabre\" \/>\n<meta property=\"article:publisher\" content=\"https:\/\/www.facebook.com\/FondationPierreFabre\/\" \/>\n<meta property=\"article:modified_time\" content=\"2025-11-23T17:01:17+00:00\" \/>\n<meta property=\"og:image\" content=\"https:\/\/www.fondationpierrefabre.org\/wp-content\/uploads\/sites\/2\/2025\/07\/Drepanocytose-Guinee.jpg\" \/>\n\t<meta property=\"og:image:width\" content=\"600\" \/>\n\t<meta property=\"og:image:height\" content=\"400\" \/>\n\t<meta property=\"og:image:type\" content=\"image\/jpeg\" \/>\n<meta name=\"twitter:card\" content=\"summary_large_image\" \/>\n<meta name=\"twitter:site\" content=\"@FondationPFabre\" \/>\n<meta name=\"twitter:label1\" content=\"Dur\u00e9e de lecture estim\u00e9e\" \/>\n\t<meta name=\"twitter:data1\" content=\"5 minutes\" \/>\n<script type=\"application\/ld+json\" class=\"yoast-schema-graph\">{\"@context\":\"https:\\\/\\\/schema.org\",\"@graph\":[{\"@type\":\"WebPage\",\"@id\":\"https:\\\/\\\/www.fondationpierrefabre.org\\\/fr\\\/programmes\\\/soutien-au-centre-de-lutte-contre-la-drepanocytose\\\/\",\"url\":\"https:\\\/\\\/www.fondationpierrefabre.org\\\/fr\\\/programmes\\\/soutien-au-centre-de-lutte-contre-la-drepanocytose\\\/\",\"name\":\"Soutien au Centre de Lutte contre la Dr\u00e9panocytose - Fondation Pierre Fabre\",\"isPartOf\":{\"@id\":\"https:\\\/\\\/www.fondationpierrefabre.org\\\/fr\\\/#website\"},\"primaryImageOfPage\":{\"@id\":\"https:\\\/\\\/www.fondationpierrefabre.org\\\/fr\\\/programmes\\\/soutien-au-centre-de-lutte-contre-la-drepanocytose\\\/#primaryimage\"},\"image\":{\"@id\":\"https:\\\/\\\/www.fondationpierrefabre.org\\\/fr\\\/programmes\\\/soutien-au-centre-de-lutte-contre-la-drepanocytose\\\/#primaryimage\"},\"thumbnailUrl\":\"https:\\\/\\\/www.fondationpierrefabre.org\\\/wp-content\\\/uploads\\\/sites\\\/2\\\/2025\\\/07\\\/Drepanocytose-Guinee.jpg\",\"datePublished\":\"2025-07-30T16:24:04+00:00\",\"dateModified\":\"2025-11-23T17:01:17+00:00\",\"description\":\"En Guin\u00e9e, la Fondation Pierre Fabre accompagne le Centre de Lutte contre la Dr\u00e9panocytose de Conakry dans l\u2019objectif de renforcer ses capacit\u00e9s et de garantir son autonomie financi\u00e8re.\",\"breadcrumb\":{\"@id\":\"https:\\\/\\\/www.fondationpierrefabre.org\\\/fr\\\/programmes\\\/soutien-au-centre-de-lutte-contre-la-drepanocytose\\\/#breadcrumb\"},\"inLanguage\":\"fr-FR\",\"potentialAction\":[{\"@type\":\"ReadAction\",\"target\":[\"https:\\\/\\\/www.fondationpierrefabre.org\\\/fr\\\/programmes\\\/soutien-au-centre-de-lutte-contre-la-drepanocytose\\\/\"]}]},{\"@type\":\"ImageObject\",\"inLanguage\":\"fr-FR\",\"@id\":\"https:\\\/\\\/www.fondationpierrefabre.org\\\/fr\\\/programmes\\\/soutien-au-centre-de-lutte-contre-la-drepanocytose\\\/#primaryimage\",\"url\":\"https:\\\/\\\/www.fondationpierrefabre.org\\\/wp-content\\\/uploads\\\/sites\\\/2\\\/2025\\\/07\\\/Drepanocytose-Guinee.jpg\",\"contentUrl\":\"https:\\\/\\\/www.fondationpierrefabre.org\\\/wp-content\\\/uploads\\\/sites\\\/2\\\/2025\\\/07\\\/Drepanocytose-Guinee.jpg\",\"width\":600,\"height\":400},{\"@type\":\"BreadcrumbList\",\"@id\":\"https:\\\/\\\/www.fondationpierrefabre.org\\\/fr\\\/programmes\\\/soutien-au-centre-de-lutte-contre-la-drepanocytose\\\/#breadcrumb\",\"itemListElement\":[{\"@type\":\"ListItem\",\"position\":1,\"name\":\"\",\"item\":\"https:\\\/\\\/www.fondationpierrefabre.org\\\/fr\\\/\"},{\"@type\":\"ListItem\",\"position\":2,\"name\":\"Portfolio\",\"item\":\"https:\\\/\\\/www.fondationpierrefabre.org\\\/en\\\/decouvrir-nos-programmes-old\\\/\"},{\"@type\":\"ListItem\",\"position\":3,\"name\":\"Soutien au Centre de Lutte contre la Dr\u00e9panocytose\"}]},{\"@type\":\"WebSite\",\"@id\":\"https:\\\/\\\/www.fondationpierrefabre.org\\\/fr\\\/#website\",\"url\":\"https:\\\/\\\/www.fondationpierrefabre.org\\\/fr\\\/\",\"name\":\"Fondation Pierre Fabre\",\"description\":\"Acc\u00e8s aux soins de qualit\u00e9 pour tous\",\"publisher\":{\"@id\":\"https:\\\/\\\/www.fondationpierrefabre.org\\\/fr\\\/#organization\"},\"potentialAction\":[{\"@type\":\"SearchAction\",\"target\":{\"@type\":\"EntryPoint\",\"urlTemplate\":\"https:\\\/\\\/www.fondationpierrefabre.org\\\/fr\\\/?s={search_term_string}\"},\"query-input\":{\"@type\":\"PropertyValueSpecification\",\"valueRequired\":true,\"valueName\":\"search_term_string\"}}],\"inLanguage\":\"fr-FR\"},{\"@type\":\"Organization\",\"@id\":\"https:\\\/\\\/www.fondationpierrefabre.org\\\/fr\\\/#organization\",\"name\":\"Fondation Pierre Fabre\",\"alternateName\":\"FPF\",\"url\":\"https:\\\/\\\/www.fondationpierrefabre.org\\\/fr\\\/\",\"logo\":{\"@type\":\"ImageObject\",\"inLanguage\":\"fr-FR\",\"@id\":\"https:\\\/\\\/www.fondationpierrefabre.org\\\/fr\\\/#\\\/schema\\\/logo\\\/image\\\/\",\"url\":\"https:\\\/\\\/www.fondationpierrefabre.org\\\/wp-content\\\/uploads\\\/sites\\\/2\\\/2020\\\/03\\\/FPF_Logo500.png\",\"contentUrl\":\"https:\\\/\\\/www.fondationpierrefabre.org\\\/wp-content\\\/uploads\\\/sites\\\/2\\\/2020\\\/03\\\/FPF_Logo500.png\",\"width\":500,\"height\":155,\"caption\":\"Fondation Pierre Fabre\"},\"image\":{\"@id\":\"https:\\\/\\\/www.fondationpierrefabre.org\\\/fr\\\/#\\\/schema\\\/logo\\\/image\\\/\"},\"sameAs\":[\"https:\\\/\\\/www.facebook.com\\\/FondationPierreFabre\\\/\",\"https:\\\/\\\/x.com\\\/FondationPFabre\",\"https:\\\/\\\/www.linkedin.com\\\/company\\\/fondation_pierrefabre\\\/\",\"https:\\\/\\\/www.youtube.com\\\/channel\\\/UCSTB8YVIiEnbarvfFcQ-4UA\"]}]}<\/script>\n<!-- \/ Yoast SEO plugin. -->","yoast_head_json":{"title":"Soutien au Centre de Lutte contre la Dr\u00e9panocytose - Fondation Pierre Fabre","description":"En Guin\u00e9e, la Fondation Pierre Fabre accompagne le Centre de Lutte contre la Dr\u00e9panocytose de Conakry dans l\u2019objectif de renforcer ses capacit\u00e9s et de garantir son autonomie financi\u00e8re.","robots":{"index":"index","follow":"follow","max-snippet":"max-snippet:-1","max-image-preview":"max-image-preview:large","max-video-preview":"max-video-preview:-1"},"canonical":"https:\/\/www.fondationpierrefabre.org\/fr\/programmes\/soutien-au-centre-de-lutte-contre-la-drepanocytose\/","og_locale":"fr_FR","og_type":"article","og_title":"Soutien au Centre de Lutte contre la Dr\u00e9panocytose - Fondation Pierre Fabre","og_description":"En Guin\u00e9e, la Fondation Pierre Fabre accompagne le Centre de Lutte contre la Dr\u00e9panocytose de Conakry dans l\u2019objectif de renforcer ses capacit\u00e9s et de garantir son autonomie financi\u00e8re.","og_url":"https:\/\/www.fondationpierrefabre.org\/fr\/programmes\/soutien-au-centre-de-lutte-contre-la-drepanocytose\/","og_site_name":"Fondation Pierre Fabre","article_publisher":"https:\/\/www.facebook.com\/FondationPierreFabre\/","article_modified_time":"2025-11-23T17:01:17+00:00","og_image":[{"width":600,"height":400,"url":"https:\/\/www.fondationpierrefabre.org\/wp-content\/uploads\/sites\/2\/2025\/07\/Drepanocytose-Guinee.jpg","type":"image\/jpeg"}],"twitter_card":"summary_large_image","twitter_site":"@FondationPFabre","twitter_misc":{"Dur\u00e9e de lecture estim\u00e9e":"5 minutes"},"schema":{"@context":"https:\/\/schema.org","@graph":[{"@type":"WebPage","@id":"https:\/\/www.fondationpierrefabre.org\/fr\/programmes\/soutien-au-centre-de-lutte-contre-la-drepanocytose\/","url":"https:\/\/www.fondationpierrefabre.org\/fr\/programmes\/soutien-au-centre-de-lutte-contre-la-drepanocytose\/","name":"Soutien au Centre de Lutte contre la Dr\u00e9panocytose - Fondation Pierre Fabre","isPartOf":{"@id":"https:\/\/www.fondationpierrefabre.org\/fr\/#website"},"primaryImageOfPage":{"@id":"https:\/\/www.fondationpierrefabre.org\/fr\/programmes\/soutien-au-centre-de-lutte-contre-la-drepanocytose\/#primaryimage"},"image":{"@id":"https:\/\/www.fondationpierrefabre.org\/fr\/programmes\/soutien-au-centre-de-lutte-contre-la-drepanocytose\/#primaryimage"},"thumbnailUrl":"https:\/\/www.fondationpierrefabre.org\/wp-content\/uploads\/sites\/2\/2025\/07\/Drepanocytose-Guinee.jpg","datePublished":"2025-07-30T16:24:04+00:00","dateModified":"2025-11-23T17:01:17+00:00","description":"En Guin\u00e9e, la Fondation Pierre Fabre accompagne le Centre de Lutte contre la Dr\u00e9panocytose de Conakry dans l\u2019objectif de renforcer ses capacit\u00e9s et de garantir son autonomie financi\u00e8re.","breadcrumb":{"@id":"https:\/\/www.fondationpierrefabre.org\/fr\/programmes\/soutien-au-centre-de-lutte-contre-la-drepanocytose\/#breadcrumb"},"inLanguage":"fr-FR","potentialAction":[{"@type":"ReadAction","target":["https:\/\/www.fondationpierrefabre.org\/fr\/programmes\/soutien-au-centre-de-lutte-contre-la-drepanocytose\/"]}]},{"@type":"ImageObject","inLanguage":"fr-FR","@id":"https:\/\/www.fondationpierrefabre.org\/fr\/programmes\/soutien-au-centre-de-lutte-contre-la-drepanocytose\/#primaryimage","url":"https:\/\/www.fondationpierrefabre.org\/wp-content\/uploads\/sites\/2\/2025\/07\/Drepanocytose-Guinee.jpg","contentUrl":"https:\/\/www.fondationpierrefabre.org\/wp-content\/uploads\/sites\/2\/2025\/07\/Drepanocytose-Guinee.jpg","width":600,"height":400},{"@type":"BreadcrumbList","@id":"https:\/\/www.fondationpierrefabre.org\/fr\/programmes\/soutien-au-centre-de-lutte-contre-la-drepanocytose\/#breadcrumb","itemListElement":[{"@type":"ListItem","position":1,"name":"","item":"https:\/\/www.fondationpierrefabre.org\/fr\/"},{"@type":"ListItem","position":2,"name":"Portfolio","item":"https:\/\/www.fondationpierrefabre.org\/en\/decouvrir-nos-programmes-old\/"},{"@type":"ListItem","position":3,"name":"Soutien au Centre de Lutte contre la Dr\u00e9panocytose"}]},{"@type":"WebSite","@id":"https:\/\/www.fondationpierrefabre.org\/fr\/#website","url":"https:\/\/www.fondationpierrefabre.org\/fr\/","name":"Fondation Pierre Fabre","description":"Acc\u00e8s aux soins de qualit\u00e9 pour tous","publisher":{"@id":"https:\/\/www.fondationpierrefabre.org\/fr\/#organization"},"potentialAction":[{"@type":"SearchAction","target":{"@type":"EntryPoint","urlTemplate":"https:\/\/www.fondationpierrefabre.org\/fr\/?s={search_term_string}"},"query-input":{"@type":"PropertyValueSpecification","valueRequired":true,"valueName":"search_term_string"}}],"inLanguage":"fr-FR"},{"@type":"Organization","@id":"https:\/\/www.fondationpierrefabre.org\/fr\/#organization","name":"Fondation Pierre Fabre","alternateName":"FPF","url":"https:\/\/www.fondationpierrefabre.org\/fr\/","logo":{"@type":"ImageObject","inLanguage":"fr-FR","@id":"https:\/\/www.fondationpierrefabre.org\/fr\/#\/schema\/logo\/image\/","url":"https:\/\/www.fondationpierrefabre.org\/wp-content\/uploads\/sites\/2\/2020\/03\/FPF_Logo500.png","contentUrl":"https:\/\/www.fondationpierrefabre.org\/wp-content\/uploads\/sites\/2\/2020\/03\/FPF_Logo500.png","width":500,"height":155,"caption":"Fondation Pierre Fabre"},"image":{"@id":"https:\/\/www.fondationpierrefabre.org\/fr\/#\/schema\/logo\/image\/"},"sameAs":["https:\/\/www.facebook.com\/FondationPierreFabre\/","https:\/\/x.com\/FondationPFabre","https:\/\/www.linkedin.com\/company\/fondation_pierrefabre\/","https:\/\/www.youtube.com\/channel\/UCSTB8YVIiEnbarvfFcQ-4UA"]}]}},"_links":{"self":[{"href":"https:\/\/www.fondationpierrefabre.org\/fr\/wp-json\/wp\/v2\/avada_portfolio\/18410","targetHints":{"allow":["GET"]}}],"collection":[{"href":"https:\/\/www.fondationpierrefabre.org\/fr\/wp-json\/wp\/v2\/avada_portfolio"}],"about":[{"href":"https:\/\/www.fondationpierrefabre.org\/fr\/wp-json\/wp\/v2\/types\/avada_portfolio"}],"author":[{"embeddable":true,"href":"https:\/\/www.fondationpierrefabre.org\/fr\/wp-json\/wp\/v2\/users\/12"}],"replies":[{"embeddable":true,"href":"https:\/\/www.fondationpierrefabre.org\/fr\/wp-json\/wp\/v2\/comments?post=18410"}],"version-history":[{"count":2,"href":"https:\/\/www.fondationpierrefabre.org\/fr\/wp-json\/wp\/v2\/avada_portfolio\/18410\/revisions"}],"predecessor-version":[{"id":19216,"href":"https:\/\/www.fondationpierrefabre.org\/fr\/wp-json\/wp\/v2\/avada_portfolio\/18410\/revisions\/19216"}],"wp:featuredmedia":[{"embeddable":true,"href":"https:\/\/www.fondationpierrefabre.org\/fr\/wp-json\/wp\/v2\/media\/18127"}],"wp:attachment":[{"href":"https:\/\/www.fondationpierrefabre.org\/fr\/wp-json\/wp\/v2\/media?parent=18410"}],"wp:term":[{"taxonomy":"portfolio_category","embeddable":true,"href":"https:\/\/www.fondationpierrefabre.org\/fr\/wp-json\/wp\/v2\/portfolio_category?post=18410"},{"taxonomy":"portfolio_skills","embeddable":true,"href":"https:\/\/www.fondationpierrefabre.org\/fr\/wp-json\/wp\/v2\/portfolio_skills?post=18410"},{"taxonomy":"portfolio_tags","embeddable":true,"href":"https:\/\/www.fondationpierrefabre.org\/fr\/wp-json\/wp\/v2\/portfolio_tags?post=18410"}],"curies":[{"name":"wp","href":"https:\/\/api.w.org\/{rel}","templated":true}]}}