{"id":18290,"date":"2025-07-30T12:06:13","date_gmt":"2025-07-30T10:06:13","guid":{"rendered":"https:\/\/www.fondationpierrefabre.org\/?post_type=avada_portfolio&#038;p=18290"},"modified":"2025-11-20T19:23:02","modified_gmt":"2025-11-20T18:23:02","slug":"soutien-a-lecole-nationale-de-sages-femmes","status":"publish","type":"avada_portfolio","link":"https:\/\/www.fondationpierrefabre.org\/fr\/programmes\/soutien-a-lecole-nationale-de-sages-femmes\/","title":{"rendered":"Soutien \u00e0 l\u2019Ecole Nationale de Sages-Femmes"},"content":{"rendered":"<p><div class=\"fusion-fullwidth fullwidth-box fusion-builder-row-1 nonhundred-percent-fullwidth non-hundred-percent-height-scrolling\" style=\"--awb-border-radius-top-left:0px;--awb-border-radius-top-right:0px;--awb-border-radius-bottom-right:0px;--awb-border-radius-bottom-left:0px;--awb-background-color:#f2f2f2;--awb-flex-wrap:wrap;\" ><div class=\"fusion-builder-row fusion-row\"><div class=\"fusion-layout-column fusion_builder_column fusion-builder-column-0 fusion_builder_column_1_1 1_1 fusion-one-full fusion-column-first fusion-column-last\" style=\"--awb-bg-color:#f2f2f2;--awb-bg-color-hover:#f2f2f2;--awb-bg-size:cover;\"><div class=\"fusion-column-wrapper fusion-flex-column-wrapper-legacy\"><div class=\"fusion-text fusion-text-1\"><h1 style=\"text-align: center;\">Soutien \u00e0 l\u2019Ecole Nationale de Sages-Femmes<\/h1>\n<h3 style=\"text-align: center;\"><em><span style=\"color: #717171;\">\u2014 Laos \u2014<\/span><\/em><\/h3>\n<\/div><div class=\"fusion-clearfix\"><\/div><\/div><\/div><\/div><\/div><div class=\"fusion-fullwidth fullwidth-box fusion-builder-row-2 fusion-parallax-none nonhundred-percent-fullwidth non-hundred-percent-height-scrolling fusion-no-small-visibility lazyload\" style=\"--awb-border-radius-top-left:0px;--awb-border-radius-top-right:0px;--awb-border-radius-bottom-right:0px;--awb-border-radius-bottom-left:0px;--awb-background-size:cover;--awb-flex-wrap:wrap;\" data-bg=\"https:\/\/www.fondationpierrefabre.org\/wp-content\/uploads\/sites\/2\/2018\/07\/sage_femmes.jpg\" ><div class=\"fusion-builder-row fusion-row\"><div class=\"fusion-layout-column fusion_builder_column fusion-builder-column-1 fusion_builder_column_1_1 1_1 fusion-one-full fusion-column-first fusion-column-last\" style=\"--awb-bg-size:cover;--awb-margin-top:305px;--awb-margin-bottom:305px;\"><div class=\"fusion-column-wrapper fusion-flex-column-wrapper-legacy\"><div class=\"fusion-clearfix\"><\/div><\/div><\/div><\/div><\/div><div class=\"fusion-fullwidth fullwidth-box fusion-builder-row-3 hundred-percent-fullwidth non-hundred-percent-height-scrolling fusion-no-medium-visibility fusion-no-large-visibility\" style=\"--awb-border-radius-top-left:0px;--awb-border-radius-top-right:0px;--awb-border-radius-bottom-right:0px;--awb-border-radius-bottom-left:0px;--awb-background-color:#f2f2f2;--awb-flex-wrap:wrap;\" ><div class=\"fusion-builder-row fusion-row\"><div class=\"fusion-layout-column fusion_builder_column fusion-builder-column-2 fusion_builder_column_1_1 1_1 fusion-one-full fusion-column-first fusion-column-last\" style=\"--awb-bg-size:cover;\"><div class=\"fusion-column-wrapper fusion-flex-column-wrapper-legacy\"><div class=\"fusion-image-element fusion-image-align-center fusion-no-medium-visibility fusion-no-large-visibility in-legacy-container\" style=\"text-align:center;--awb-caption-title-font-family:var(--h2_typography-font-family);--awb-caption-title-font-weight:var(--h2_typography-font-weight);--awb-caption-title-font-style:var(--h2_typography-font-style);--awb-caption-title-size:var(--h2_typography-font-size);--awb-caption-title-transform:var(--h2_typography-text-transform);--awb-caption-title-line-height:var(--h2_typography-line-height);--awb-caption-title-letter-spacing:var(--h2_typography-letter-spacing);\"><div class=\"imageframe-align-center\"><span class=\" fusion-imageframe imageframe-none imageframe-1 hover-type-none\"><img decoding=\"async\" width=\"320\" height=\"180\" title=\"sage_femmes_0\" src=\"https:\/\/www.fondationpierrefabre.org\/wp-content\/uploads\/sites\/2\/2018\/12\/sage_femmes_0.jpg\" data-orig-src=\"https:\/\/www.fondationpierrefabre.org\/wp-content\/uploads\/sites\/2\/2018\/12\/sage_femmes_0.jpg\" alt class=\"lazyload img-responsive wp-image-3718\" srcset=\"data:image\/svg+xml,%3Csvg%20xmlns%3D%27http%3A%2F%2Fwww.w3.org%2F2000%2Fsvg%27%20width%3D%27320%27%20height%3D%27180%27%20viewBox%3D%270%200%20320%20180%27%3E%3Crect%20width%3D%27320%27%20height%3D%27180%27%20fill-opacity%3D%220%22%2F%3E%3C%2Fsvg%3E\" data-srcset=\"https:\/\/www.fondationpierrefabre.org\/wp-content\/uploads\/sites\/2\/2018\/12\/sage_femmes_0-200x113.jpg 200w, https:\/\/www.fondationpierrefabre.org\/wp-content\/uploads\/sites\/2\/2018\/12\/sage_femmes_0.jpg 320w\" data-sizes=\"auto\" data-orig-sizes=\"(max-width: 800px) 100vw, 320px\" \/><\/span><\/div><\/div><div class=\"fusion-clearfix\"><\/div><\/div><\/div><\/div><\/div><div class=\"fusion-fullwidth fullwidth-box fusion-builder-row-4 nonhundred-percent-fullwidth non-hundred-percent-height-scrolling reverse\" style=\"--awb-border-radius-top-left:0px;--awb-border-radius-top-right:0px;--awb-border-radius-bottom-right:0px;--awb-border-radius-bottom-left:0px;--awb-background-color:#f8f8f8;--awb-flex-wrap:wrap;\" ><div class=\"fusion-builder-row fusion-row\"><div class=\"fusion-layout-column fusion_builder_column fusion-builder-column-3 fusion_builder_column_3_5 3_5 fusion-three-fifth fusion-column-first\" style=\"--awb-bg-size:cover;width:60%;width:calc(60% - ( ( 4% ) * 0.6 ) );margin-right: 4%;\"><div class=\"fusion-column-wrapper fusion-flex-column-wrapper-legacy\"><div class=\"fusion-sep-clear\"><\/div><div class=\"fusion-separator fusion-full-width-sep\" style=\"margin-left: auto;margin-right: auto;margin-top:20px;margin-bottom:20px;width:100%;\"><\/div><div class=\"fusion-sep-clear\"><\/div><div class=\"fusion-text fusion-text-2\"><p><span style=\"font-size: 30pt; color: #14769e;\"><strong>L\u2019HISTOIRE<\/strong><\/span><\/p>\n<\/div>\n<div class=\"fusion-sep-clear\"><\/div><div class=\"fusion-separator fusion-full-width-sep\" style=\"margin-left: auto;margin-right: auto;margin-top:10px;margin-bottom:10px;width:100%;\"><\/div><div class=\"fusion-sep-clear\"><\/div><div class=\"fusion-text fusion-text-3\"><p>Au Laos, les statistiques disponibles (2012) montrent une mortalit\u00e9 maternelle et infantile encore \u00e9lev\u00e9e* : 470 femmes d\u00e9c\u00e8dent pour 100 000 naissances vivantes &#8211; contre 210 au niveau mondial\u00a0; et en 2012 le taux de mortalit\u00e9 infantile est de 54 pour 1000. En cause\u00a0? La difficult\u00e9 d\u2019acc\u00e8s aux soins pour des populations essentiellement rurales, la p\u00e9nurie de m\u00e9decins, mais aussi l\u2019absence de sages-femmes qualifi\u00e9es. Pour am\u00e9liorer la sant\u00e9 de sa population, diminuer la mortalit\u00e9\/morbidit\u00e9 m\u00e8re-enfant et augmenter l\u2019esp\u00e9rance de vie, le Minist\u00e8re de la Sant\u00e9 souhaite d\u00e9velopper des programmes de m\u00e9decine pr\u00e9ventive aupr\u00e8s de la population et des programmes de formation des personnels de sant\u00e9.<\/p>\n<p>La 1\u00e8re formation de niveau BACHELOR (4 ans) est cr\u00e9\u00e9e en 2011 au sein de la Facult\u00e9 des Sciences Infirmi\u00e8res (Universit\u00e9 des Sciences de la Sant\u00e9 du Laos), soutenue par le Coll\u00e8ge national des gyn\u00e9cologues obst\u00e9triciens fran\u00e7ais (CNGOF) et par l\u2019association Lao Anakhod, compos\u00e9e de professionnels de sant\u00e9 fran\u00e7ais (m\u00e9decins g\u00e9n\u00e9ralistes, gyn\u00e9cologues,\u00a0sages-femmes), majoritairement d\u2019origine laotienne, form\u00e9s en France, et presque tous laophones, qui ont en charge une partie des enseignements. Quatre ans plus tard, apr\u00e8s avoir suivi une formation inspir\u00e9e du syllabus fran\u00e7ais, en sort la premi\u00e8re promotion de 20 sages-femmes dipl\u00f4m\u00e9es de niveau BACHELOR.<\/p>\n<p>En 2015, la Fondation Pierre Fabre est sollicit\u00e9e par les autorit\u00e9s et par l\u2018association Lao Anakhod, pour prendre le relais du soutien du CNGOF qui cesse son appui financier. Elle d\u00e9cide de s\u2019engager aupr\u00e8s de l\u2019\u00e9cole sur un plan de d\u00e9veloppement sur cinq ans (2016-2020).<\/p>\n<p>Ce programme pr\u00e9voit un soutient dans les domaines suivants\u00a0: le renforcement des capacit\u00e9s d\u2019enseignement (formation continue, cours de fran\u00e7ais et d\u2019anglais, stage de perfectionnement), le soutien \u00e0 la formation des \u00e9tudiants sages-femmes de niveau BACHELOR (mise en place de stage pratiques au Laos et en Tha\u00eflande et suivi personnalis\u00e9 des stagiaires, missions d\u2019enseignement r\u00e9alis\u00e9es par l\u2019association Lao Anakhod, mise en place des travaux pratiques)\u00a0et le financement des \u00e9quipements et supports p\u00e9dagogiques pour les enseignements th\u00e9oriques et pratiques.<\/p>\n<p><strong>Quatre promotions seront ainsi int\u00e9gralement soutenues d\u2019ici \u00e0 2020, avec plus de 80 dipl\u00f4m\u00e9s \u00e0 la cl\u00e9.<\/strong><\/p>\n<p><span style=\"font-size: 8pt;\">*Source :\u00a0Unicef<\/span><\/p>\n<p><strong>Depuis le d\u00e9but du programme\u00a0<\/strong><\/p>\n<ul>\n<li>60 sages-femmes dipl\u00f4m\u00e9es depuis le d\u00e9but du programme<\/li>\n<li>29 missions d\u2019enseignements<\/li>\n<li>7\u00a0 formations continues r\u00e9alis\u00e9es \u00e0 Vientiane<\/li>\n<li>3 stages d\u2019observation au Centre Hospitalier InterCommunal de Castres Mazamet r\u00e9alis\u00e9s pour des formatrices laotiennes<\/li>\n<li>Participation \u00e0 3 conf\u00e9rences internationales<\/li>\n<li>3 stages en Tha\u00eflande pour les \u00e9tudiants de 4\u00e8me ann\u00e9e<\/li>\n<\/ul>\n<\/div><div class=\"fusion-sep-clear\"><\/div><div class=\"fusion-separator fusion-full-width-sep\" style=\"margin-left: auto;margin-right: auto;margin-top:15px;width:100%;\"><\/div><div class=\"fusion-sep-clear\"><\/div><div class=\"fusion-clearfix\"><\/div><\/div><\/div><div class=\"fusion-layout-column fusion_builder_column fusion-builder-column-4 fusion_builder_column_2_5 2_5 fusion-two-fifth fusion-column-last page-side\" style=\"--awb-padding-top:10px;--awb-padding-right:15px;--awb-padding-left:15px;--awb-bg-size:cover;width:40%;width:calc(40% - ( ( 4% ) * 0.4 ) );\"><div class=\"fusion-column-wrapper fusion-flex-column-wrapper-legacy\"><div class=\"fusion-builder-row fusion-builder-row-inner fusion-row\"><div class=\"fusion-layout-column fusion_builder_column_inner fusion-builder-nested-column-0 fusion_builder_column_inner_1_1 1_1 fusion-one-full fusion-column-first fusion-column-last bloc-violet\" style=\"--awb-bg-size:cover;\"><div class=\"fusion-column-wrapper fusion-flex-column-wrapper-legacy\"><div class=\"fusion-text fusion-text-4\" style=\"--awb-text-color:#ffffff;\"><p style=\"text-align: center;\"><strong><span style=\"font-size: 14pt;\">L&rsquo;ESSENTIEL<\/span><br \/>\n<\/strong>_____<\/p>\n<p><strong>Axe<\/strong><br \/>\nFormation des professionnels du m\u00e9dicament<\/p>\n<p><strong>Programme<\/strong><br \/>\nDepuis 2016<\/p>\n<p><strong>Mode d\u2019intervention<\/strong><br \/>\nDistributeur et op\u00e9rateur<\/p>\n<p><strong>Objectifs<\/strong><\/p>\n<ul>\n<li>Poursuivre la professionnalisation des acteurs de la fili\u00e8re<\/li>\n<li>Sensibiliser la population \u00e0 l\u2019importance des soins materno\u2011infantiles<\/li>\n<li>Renforcer les structures de sant\u00e9 pour garantir des soins de qualit\u00e9<\/li>\n<\/ul>\n<\/div><div class=\"fusion-clearfix\"><\/div><\/div><\/div><\/div><div class=\"fusion-sep-clear\"><\/div><div class=\"fusion-separator fusion-full-width-sep\" style=\"margin-left: auto;margin-right: auto;margin-top:10px;margin-bottom:10px;width:100%;\"><\/div><div class=\"fusion-sep-clear\"><\/div><div class=\"fusion-builder-row fusion-builder-row-inner fusion-row\"><div class=\"fusion-layout-column fusion_builder_column_inner fusion-builder-nested-column-1 fusion_builder_column_inner_1_1 1_1 fusion-one-full fusion-column-first fusion-column-last bloc-bleu\" style=\"--awb-bg-size:cover;\" data-scroll-devices=\"small-visibility,medium-visibility,large-visibility\"><div class=\"fusion-column-wrapper fusion-column-has-shadow fusion-flex-column-wrapper-legacy\"><div class=\"fusion-text fusion-text-5\" style=\"--awb-text-color:#ffffff;\"><p style=\"text-align: center;\"><strong><span style=\"font-size: 14pt;\">LES DERNIERES AVANCEES<\/span><br \/>\n<\/strong>_____<\/p>\n<p><strong>Formation des enseignants<br \/>\n<\/strong>Formation \u00e0 l\u2019anglais m\u00e9dical (14 professeurs), formation sur le th\u00e8me de l\u2019am\u00e9lioration des comp\u00e9tences du personnel travaillant aupr\u00e8s des femmes et des nouveau-n\u00e9s (5 participants, Universit\u00e9 de Burapha, Tha\u00eflande)<\/p>\n<p><strong>Formation des \u00e9tudiants<br \/>\n<\/strong>Cours en ligne sur le suivi de grossesse (21 \u00e9tudiantes niveau Bachelor de 4e ann\u00e9e)<\/p>\n<p><strong>Participation \u00e0 une conf\u00e9rence internationale <\/strong>sur le renforcement des capacit\u00e9s de r\u00e9silience du personnel soignant (Universit\u00e9 de Khon Kean, Tha\u00eflande)<\/p>\n<\/div><div class=\"fusion-clearfix\"><\/div><\/div><\/div><\/div><div class=\"fusion-sep-clear\"><\/div><div class=\"fusion-separator fusion-full-width-sep\" style=\"margin-left: auto;margin-right: auto;margin-top:10px;margin-bottom:10px;width:100%;\"><\/div><div class=\"fusion-sep-clear\"><\/div><div class=\"fusion-builder-row fusion-builder-row-inner fusion-row\"><div class=\"fusion-layout-column fusion_builder_column_inner fusion-builder-nested-column-2 fusion_builder_column_inner_1_1 1_1 fusion-one-full fusion-column-first fusion-column-last mod-contact\" style=\"--awb-bg-size:cover;\"><div class=\"fusion-column-wrapper fusion-flex-column-wrapper-legacy\"><div class=\"fusion-text fusion-text-6\"><p style=\"text-align: left;\"><a href=\"https:\/\/www.facebook.com\/pages\/category\/Community-College\/Faculty-of-Nursing-Science-University-of-Health-Science-Lao-PDR-125313348301515\/\">Ecole nationale des sages-femmes<\/a>, Facult\u00e9 des Sciences infirmi\u00e8res de l&rsquo;Universit\u00e9 des Sciences de la Sant\u00e9 du Laos.<\/p>\n<\/div><div class=\"fusion-clearfix\"><\/div><\/div><\/div><\/div><div class=\"fusion-clearfix\"><\/div><\/div><\/div><div class=\"fusion-layout-column fusion_builder_column fusion-builder-column-5 fusion_builder_column_1_1 1_1 fusion-one-full fusion-column-first fusion-column-last\" style=\"--awb-padding-bottom:20px;--awb-bg-size:cover;\"><div class=\"fusion-column-wrapper fusion-column-has-shadow fusion-flex-column-wrapper-legacy\"><div class=\"fusion-text fusion-text-7\"><p style=\"text-align: center;\"><strong>Vid\u00e9o : D\u00e9couvrez le t\u00e9moignage de Silinda, sage-femme \u00e0 l\u2019h\u00f4pital de district de Dack Chueng, apr\u00e8s avoir suivi la formation de niveau Bachelor (2019).<br \/>\n<\/strong><strong>En d\u00e9cembre 2020, elle est intervenue en urgence sur un accouchement difficile :<\/strong><\/p>\n<\/div><div class=\"fusion-video fusion-youtube fusion-aligncenter\" style=\"--awb-max-width:600px;--awb-max-height:338px;--awb-width:100%;\"><div class=\"video-shortcode\"><div class=\"fluid-width-video-wrapper\" style=\"padding-top:56.33%;\" ><iframe title=\"YouTube video player 1\" src=\"https:\/\/www.youtube.com\/embed\/AU7mkErll1c?wmode=transparent&autoplay=0\" width=\"600\" height=\"338\" allowfullscreen allow=\"autoplay; clipboard-write; encrypted-media; gyroscope; picture-in-picture;\"><\/iframe><\/div><\/div><\/div><div class=\"fusion-clearfix\"><\/div><\/div><\/div><\/div><\/div><div class=\"fusion-fullwidth fullwidth-box fusion-builder-row-5 nonhundred-percent-fullwidth non-hundred-percent-height-scrolling\" style=\"--awb-border-radius-top-left:0px;--awb-border-radius-top-right:0px;--awb-border-radius-bottom-right:0px;--awb-border-radius-bottom-left:0px;--awb-flex-wrap:wrap;\" ><div class=\"fusion-builder-row fusion-row\"><div class=\"fusion-layout-column fusion_builder_column fusion-builder-column-6 fusion_builder_column_1_1 1_1 fusion-one-full fusion-column-first fusion-column-last\" style=\"--awb-bg-size:cover;\"><div class=\"fusion-column-wrapper fusion-flex-column-wrapper-legacy\"><div class=\"fusion-image-carousel fusion-image-carousel-auto fusion-image-carousel-1 fusion-carousel-border\"><div class=\"awb-carousel awb-swiper awb-swiper-carousel awb-carousel--carousel awb-swiper-dots-position-bottom\" data-layout=\"carousel\" data-autoplay=\"no\" data-autoplayspeed=\"2500\" data-autoplaypause=\"no\" data-loop=\"yes\" data-columns=\"1\" data-columnsmedium=\"1\" data-columnssmall=\"1\" data-itemmargin=\"13\" data-itemwidth=\"180\" data-touchscroll=\"no\" data-freemode=\"no\" data-imagesize=\"auto\" data-scrollitems=\"0\" data-centeredslides=\"no\" data-rotationangle=\"50\" data-depth=\"100\" data-speed=\"500\" data-shadow=\"no\" data-pagination=\"bullets\" style=\"--awb-columns:1;--awb-border-width:1px;--awb-border-color:#e9eaee;\"><div class=\"swiper-wrapper awb-image-carousel-wrapper fusion-flex-align-items-center\"><div class=\"swiper-slide\"><div class=\"fusion-carousel-item-wrapper\"><div class=\"fusion-image-wrapper hover-type-none\"><img decoding=\"async\" width=\"960\" height=\"540\" src=\"https:\/\/www.fondationpierrefabre.org\/wp-content\/uploads\/sites\/2\/2018\/05\/reportage_sage-femmes_laos_4_bd.jpg\" class=\"attachment-full size-full lazyload\" alt=\"\" srcset=\"data:image\/svg+xml,%3Csvg%20xmlns%3D%27http%3A%2F%2Fwww.w3.org%2F2000%2Fsvg%27%20width%3D%27960%27%20height%3D%27540%27%20viewBox%3D%270%200%20960%20540%27%3E%3Crect%20width%3D%27960%27%20height%3D%27540%27%20fill-opacity%3D%220%22%2F%3E%3C%2Fsvg%3E\" data-orig-src=\"https:\/\/www.fondationpierrefabre.org\/wp-content\/uploads\/sites\/2\/2018\/05\/reportage_sage-femmes_laos_4_bd.jpg\" data-srcset=\"https:\/\/www.fondationpierrefabre.org\/wp-content\/uploads\/sites\/2\/2018\/05\/reportage_sage-femmes_laos_4_bd-200x113.jpg 200w, https:\/\/www.fondationpierrefabre.org\/wp-content\/uploads\/sites\/2\/2018\/05\/reportage_sage-femmes_laos_4_bd-300x169.jpg 300w, https:\/\/www.fondationpierrefabre.org\/wp-content\/uploads\/sites\/2\/2018\/05\/reportage_sage-femmes_laos_4_bd-400x225.jpg 400w, https:\/\/www.fondationpierrefabre.org\/wp-content\/uploads\/sites\/2\/2018\/05\/reportage_sage-femmes_laos_4_bd-600x338.jpg 600w, https:\/\/www.fondationpierrefabre.org\/wp-content\/uploads\/sites\/2\/2018\/05\/reportage_sage-femmes_laos_4_bd-768x432.jpg 768w, https:\/\/www.fondationpierrefabre.org\/wp-content\/uploads\/sites\/2\/2018\/05\/reportage_sage-femmes_laos_4_bd-800x450.jpg 800w, https:\/\/www.fondationpierrefabre.org\/wp-content\/uploads\/sites\/2\/2018\/05\/reportage_sage-femmes_laos_4_bd.jpg 960w\" data-sizes=\"auto\" \/><\/div><\/div><\/div><div class=\"swiper-slide\"><div class=\"fusion-carousel-item-wrapper\"><div class=\"fusion-image-wrapper hover-type-none\"><img decoding=\"async\" width=\"960\" height=\"540\" src=\"https:\/\/www.fondationpierrefabre.org\/wp-content\/uploads\/sites\/2\/2018\/05\/reportage_sage-femmes_laos_5_bd.jpg\" class=\"attachment-full size-full lazyload\" alt=\"\" srcset=\"data:image\/svg+xml,%3Csvg%20xmlns%3D%27http%3A%2F%2Fwww.w3.org%2F2000%2Fsvg%27%20width%3D%27960%27%20height%3D%27540%27%20viewBox%3D%270%200%20960%20540%27%3E%3Crect%20width%3D%27960%27%20height%3D%27540%27%20fill-opacity%3D%220%22%2F%3E%3C%2Fsvg%3E\" data-orig-src=\"https:\/\/www.fondationpierrefabre.org\/wp-content\/uploads\/sites\/2\/2018\/05\/reportage_sage-femmes_laos_5_bd.jpg\" data-srcset=\"https:\/\/www.fondationpierrefabre.org\/wp-content\/uploads\/sites\/2\/2018\/05\/reportage_sage-femmes_laos_5_bd-200x113.jpg 200w, https:\/\/www.fondationpierrefabre.org\/wp-content\/uploads\/sites\/2\/2018\/05\/reportage_sage-femmes_laos_5_bd-300x169.jpg 300w, https:\/\/www.fondationpierrefabre.org\/wp-content\/uploads\/sites\/2\/2018\/05\/reportage_sage-femmes_laos_5_bd-400x225.jpg 400w, https:\/\/www.fondationpierrefabre.org\/wp-content\/uploads\/sites\/2\/2018\/05\/reportage_sage-femmes_laos_5_bd-600x338.jpg 600w, https:\/\/www.fondationpierrefabre.org\/wp-content\/uploads\/sites\/2\/2018\/05\/reportage_sage-femmes_laos_5_bd-768x432.jpg 768w, https:\/\/www.fondationpierrefabre.org\/wp-content\/uploads\/sites\/2\/2018\/05\/reportage_sage-femmes_laos_5_bd-800x450.jpg 800w, https:\/\/www.fondationpierrefabre.org\/wp-content\/uploads\/sites\/2\/2018\/05\/reportage_sage-femmes_laos_5_bd.jpg 960w\" data-sizes=\"auto\" \/><\/div><\/div><\/div><div class=\"swiper-slide\"><div class=\"fusion-carousel-item-wrapper\"><div class=\"fusion-image-wrapper hover-type-none\"><img decoding=\"async\" width=\"960\" height=\"540\" src=\"https:\/\/www.fondationpierrefabre.org\/wp-content\/uploads\/sites\/2\/2018\/05\/reportage_sage-femmes_laos_3_bd.jpg\" class=\"attachment-full size-full lazyload\" alt=\"\" srcset=\"data:image\/svg+xml,%3Csvg%20xmlns%3D%27http%3A%2F%2Fwww.w3.org%2F2000%2Fsvg%27%20width%3D%27960%27%20height%3D%27540%27%20viewBox%3D%270%200%20960%20540%27%3E%3Crect%20width%3D%27960%27%20height%3D%27540%27%20fill-opacity%3D%220%22%2F%3E%3C%2Fsvg%3E\" data-orig-src=\"https:\/\/www.fondationpierrefabre.org\/wp-content\/uploads\/sites\/2\/2018\/05\/reportage_sage-femmes_laos_3_bd.jpg\" data-srcset=\"https:\/\/www.fondationpierrefabre.org\/wp-content\/uploads\/sites\/2\/2018\/05\/reportage_sage-femmes_laos_3_bd-200x113.jpg 200w, https:\/\/www.fondationpierrefabre.org\/wp-content\/uploads\/sites\/2\/2018\/05\/reportage_sage-femmes_laos_3_bd-300x169.jpg 300w, https:\/\/www.fondationpierrefabre.org\/wp-content\/uploads\/sites\/2\/2018\/05\/reportage_sage-femmes_laos_3_bd-400x225.jpg 400w, https:\/\/www.fondationpierrefabre.org\/wp-content\/uploads\/sites\/2\/2018\/05\/reportage_sage-femmes_laos_3_bd-600x338.jpg 600w, https:\/\/www.fondationpierrefabre.org\/wp-content\/uploads\/sites\/2\/2018\/05\/reportage_sage-femmes_laos_3_bd-768x432.jpg 768w, https:\/\/www.fondationpierrefabre.org\/wp-content\/uploads\/sites\/2\/2018\/05\/reportage_sage-femmes_laos_3_bd-800x450.jpg 800w, https:\/\/www.fondationpierrefabre.org\/wp-content\/uploads\/sites\/2\/2018\/05\/reportage_sage-femmes_laos_3_bd.jpg 960w\" data-sizes=\"auto\" \/><\/div><\/div><\/div><div class=\"swiper-slide\"><div class=\"fusion-carousel-item-wrapper\"><div class=\"fusion-image-wrapper hover-type-none\"><img decoding=\"async\" width=\"960\" height=\"540\" src=\"https:\/\/www.fondationpierrefabre.org\/wp-content\/uploads\/sites\/2\/2018\/05\/reportage_sage-femmes_laos_1.jpg\" class=\"attachment-full size-full lazyload\" alt=\"\" srcset=\"data:image\/svg+xml,%3Csvg%20xmlns%3D%27http%3A%2F%2Fwww.w3.org%2F2000%2Fsvg%27%20width%3D%27960%27%20height%3D%27540%27%20viewBox%3D%270%200%20960%20540%27%3E%3Crect%20width%3D%27960%27%20height%3D%27540%27%20fill-opacity%3D%220%22%2F%3E%3C%2Fsvg%3E\" data-orig-src=\"https:\/\/www.fondationpierrefabre.org\/wp-content\/uploads\/sites\/2\/2018\/05\/reportage_sage-femmes_laos_1.jpg\" data-srcset=\"https:\/\/www.fondationpierrefabre.org\/wp-content\/uploads\/sites\/2\/2018\/05\/reportage_sage-femmes_laos_1-200x113.jpg 200w, https:\/\/www.fondationpierrefabre.org\/wp-content\/uploads\/sites\/2\/2018\/05\/reportage_sage-femmes_laos_1-300x169.jpg 300w, https:\/\/www.fondationpierrefabre.org\/wp-content\/uploads\/sites\/2\/2018\/05\/reportage_sage-femmes_laos_1-400x225.jpg 400w, https:\/\/www.fondationpierrefabre.org\/wp-content\/uploads\/sites\/2\/2018\/05\/reportage_sage-femmes_laos_1-600x338.jpg 600w, https:\/\/www.fondationpierrefabre.org\/wp-content\/uploads\/sites\/2\/2018\/05\/reportage_sage-femmes_laos_1-768x432.jpg 768w, https:\/\/www.fondationpierrefabre.org\/wp-content\/uploads\/sites\/2\/2018\/05\/reportage_sage-femmes_laos_1-800x450.jpg 800w, https:\/\/www.fondationpierrefabre.org\/wp-content\/uploads\/sites\/2\/2018\/05\/reportage_sage-femmes_laos_1.jpg 960w\" data-sizes=\"auto\" \/><\/div><\/div><\/div><div class=\"swiper-slide\"><div class=\"fusion-carousel-item-wrapper\"><div class=\"fusion-image-wrapper hover-type-none\"><img decoding=\"async\" width=\"960\" height=\"540\" src=\"https:\/\/www.fondationpierrefabre.org\/wp-content\/uploads\/sites\/2\/2018\/05\/reportage_sage-femmes_laos_2.jpg\" class=\"attachment-full size-full lazyload\" alt=\"\" srcset=\"data:image\/svg+xml,%3Csvg%20xmlns%3D%27http%3A%2F%2Fwww.w3.org%2F2000%2Fsvg%27%20width%3D%27960%27%20height%3D%27540%27%20viewBox%3D%270%200%20960%20540%27%3E%3Crect%20width%3D%27960%27%20height%3D%27540%27%20fill-opacity%3D%220%22%2F%3E%3C%2Fsvg%3E\" data-orig-src=\"https:\/\/www.fondationpierrefabre.org\/wp-content\/uploads\/sites\/2\/2018\/05\/reportage_sage-femmes_laos_2.jpg\" data-srcset=\"https:\/\/www.fondationpierrefabre.org\/wp-content\/uploads\/sites\/2\/2018\/05\/reportage_sage-femmes_laos_2-200x113.jpg 200w, https:\/\/www.fondationpierrefabre.org\/wp-content\/uploads\/sites\/2\/2018\/05\/reportage_sage-femmes_laos_2-300x169.jpg 300w, https:\/\/www.fondationpierrefabre.org\/wp-content\/uploads\/sites\/2\/2018\/05\/reportage_sage-femmes_laos_2-400x225.jpg 400w, https:\/\/www.fondationpierrefabre.org\/wp-content\/uploads\/sites\/2\/2018\/05\/reportage_sage-femmes_laos_2-600x338.jpg 600w, https:\/\/www.fondationpierrefabre.org\/wp-content\/uploads\/sites\/2\/2018\/05\/reportage_sage-femmes_laos_2-768x432.jpg 768w, https:\/\/www.fondationpierrefabre.org\/wp-content\/uploads\/sites\/2\/2018\/05\/reportage_sage-femmes_laos_2-800x450.jpg 800w, https:\/\/www.fondationpierrefabre.org\/wp-content\/uploads\/sites\/2\/2018\/05\/reportage_sage-femmes_laos_2.jpg 960w\" data-sizes=\"auto\" \/><\/div><\/div><\/div><div class=\"swiper-slide\"><div class=\"fusion-carousel-item-wrapper\"><div class=\"fusion-image-wrapper hover-type-none\"><img decoding=\"async\" width=\"960\" height=\"540\" src=\"https:\/\/www.fondationpierrefabre.org\/wp-content\/uploads\/sites\/2\/2018\/05\/reportage_sage-femmes_laos_6_bd.jpg\" class=\"attachment-full size-full lazyload\" alt=\"\" srcset=\"data:image\/svg+xml,%3Csvg%20xmlns%3D%27http%3A%2F%2Fwww.w3.org%2F2000%2Fsvg%27%20width%3D%27960%27%20height%3D%27540%27%20viewBox%3D%270%200%20960%20540%27%3E%3Crect%20width%3D%27960%27%20height%3D%27540%27%20fill-opacity%3D%220%22%2F%3E%3C%2Fsvg%3E\" data-orig-src=\"https:\/\/www.fondationpierrefabre.org\/wp-content\/uploads\/sites\/2\/2018\/05\/reportage_sage-femmes_laos_6_bd.jpg\" data-srcset=\"https:\/\/www.fondationpierrefabre.org\/wp-content\/uploads\/sites\/2\/2018\/05\/reportage_sage-femmes_laos_6_bd-200x113.jpg 200w, https:\/\/www.fondationpierrefabre.org\/wp-content\/uploads\/sites\/2\/2018\/05\/reportage_sage-femmes_laos_6_bd-300x169.jpg 300w, https:\/\/www.fondationpierrefabre.org\/wp-content\/uploads\/sites\/2\/2018\/05\/reportage_sage-femmes_laos_6_bd-400x225.jpg 400w, https:\/\/www.fondationpierrefabre.org\/wp-content\/uploads\/sites\/2\/2018\/05\/reportage_sage-femmes_laos_6_bd-600x338.jpg 600w, https:\/\/www.fondationpierrefabre.org\/wp-content\/uploads\/sites\/2\/2018\/05\/reportage_sage-femmes_laos_6_bd-768x432.jpg 768w, https:\/\/www.fondationpierrefabre.org\/wp-content\/uploads\/sites\/2\/2018\/05\/reportage_sage-femmes_laos_6_bd-800x450.jpg 800w, https:\/\/www.fondationpierrefabre.org\/wp-content\/uploads\/sites\/2\/2018\/05\/reportage_sage-femmes_laos_6_bd.jpg 960w\" data-sizes=\"auto\" \/><\/div><\/div><\/div><div class=\"swiper-slide\"><div class=\"fusion-carousel-item-wrapper\"><div class=\"fusion-image-wrapper hover-type-none\"><img decoding=\"async\" width=\"960\" height=\"540\" src=\"https:\/\/www.fondationpierrefabre.org\/wp-content\/uploads\/sites\/2\/2018\/05\/reportage_sage-femmes_laos_7_bd.jpg\" class=\"attachment-full size-full lazyload\" alt=\"\" srcset=\"data:image\/svg+xml,%3Csvg%20xmlns%3D%27http%3A%2F%2Fwww.w3.org%2F2000%2Fsvg%27%20width%3D%27960%27%20height%3D%27540%27%20viewBox%3D%270%200%20960%20540%27%3E%3Crect%20width%3D%27960%27%20height%3D%27540%27%20fill-opacity%3D%220%22%2F%3E%3C%2Fsvg%3E\" data-orig-src=\"https:\/\/www.fondationpierrefabre.org\/wp-content\/uploads\/sites\/2\/2018\/05\/reportage_sage-femmes_laos_7_bd.jpg\" data-srcset=\"https:\/\/www.fondationpierrefabre.org\/wp-content\/uploads\/sites\/2\/2018\/05\/reportage_sage-femmes_laos_7_bd-200x113.jpg 200w, https:\/\/www.fondationpierrefabre.org\/wp-content\/uploads\/sites\/2\/2018\/05\/reportage_sage-femmes_laos_7_bd-300x169.jpg 300w, https:\/\/www.fondationpierrefabre.org\/wp-content\/uploads\/sites\/2\/2018\/05\/reportage_sage-femmes_laos_7_bd-400x225.jpg 400w, https:\/\/www.fondationpierrefabre.org\/wp-content\/uploads\/sites\/2\/2018\/05\/reportage_sage-femmes_laos_7_bd-600x338.jpg 600w, https:\/\/www.fondationpierrefabre.org\/wp-content\/uploads\/sites\/2\/2018\/05\/reportage_sage-femmes_laos_7_bd-768x432.jpg 768w, https:\/\/www.fondationpierrefabre.org\/wp-content\/uploads\/sites\/2\/2018\/05\/reportage_sage-femmes_laos_7_bd-800x450.jpg 800w, https:\/\/www.fondationpierrefabre.org\/wp-content\/uploads\/sites\/2\/2018\/05\/reportage_sage-femmes_laos_7_bd.jpg 960w\" data-sizes=\"auto\" \/><\/div><\/div><\/div><div class=\"swiper-slide\"><div class=\"fusion-carousel-item-wrapper\"><div class=\"fusion-image-wrapper hover-type-none\"><img decoding=\"async\" width=\"960\" height=\"540\" src=\"https:\/\/www.fondationpierrefabre.org\/wp-content\/uploads\/sites\/2\/2018\/05\/reportage_sage-femmes_laos_8_bd.jpg\" class=\"attachment-full size-full lazyload\" alt=\"\" srcset=\"data:image\/svg+xml,%3Csvg%20xmlns%3D%27http%3A%2F%2Fwww.w3.org%2F2000%2Fsvg%27%20width%3D%27960%27%20height%3D%27540%27%20viewBox%3D%270%200%20960%20540%27%3E%3Crect%20width%3D%27960%27%20height%3D%27540%27%20fill-opacity%3D%220%22%2F%3E%3C%2Fsvg%3E\" data-orig-src=\"https:\/\/www.fondationpierrefabre.org\/wp-content\/uploads\/sites\/2\/2018\/05\/reportage_sage-femmes_laos_8_bd.jpg\" data-srcset=\"https:\/\/www.fondationpierrefabre.org\/wp-content\/uploads\/sites\/2\/2018\/05\/reportage_sage-femmes_laos_8_bd-200x113.jpg 200w, https:\/\/www.fondationpierrefabre.org\/wp-content\/uploads\/sites\/2\/2018\/05\/reportage_sage-femmes_laos_8_bd-300x169.jpg 300w, https:\/\/www.fondationpierrefabre.org\/wp-content\/uploads\/sites\/2\/2018\/05\/reportage_sage-femmes_laos_8_bd-400x225.jpg 400w, https:\/\/www.fondationpierrefabre.org\/wp-content\/uploads\/sites\/2\/2018\/05\/reportage_sage-femmes_laos_8_bd-600x338.jpg 600w, https:\/\/www.fondationpierrefabre.org\/wp-content\/uploads\/sites\/2\/2018\/05\/reportage_sage-femmes_laos_8_bd-768x432.jpg 768w, https:\/\/www.fondationpierrefabre.org\/wp-content\/uploads\/sites\/2\/2018\/05\/reportage_sage-femmes_laos_8_bd-800x450.jpg 800w, https:\/\/www.fondationpierrefabre.org\/wp-content\/uploads\/sites\/2\/2018\/05\/reportage_sage-femmes_laos_8_bd.jpg 960w\" data-sizes=\"auto\" \/><\/div><\/div><\/div><div class=\"swiper-slide\"><div class=\"fusion-carousel-item-wrapper\"><div class=\"fusion-image-wrapper hover-type-none\"><img decoding=\"async\" width=\"960\" height=\"540\" src=\"https:\/\/www.fondationpierrefabre.org\/wp-content\/uploads\/sites\/2\/2018\/05\/reportage_sage-femmes_laos_9_bd.jpg\" class=\"attachment-full size-full lazyload\" alt=\"\" srcset=\"data:image\/svg+xml,%3Csvg%20xmlns%3D%27http%3A%2F%2Fwww.w3.org%2F2000%2Fsvg%27%20width%3D%27960%27%20height%3D%27540%27%20viewBox%3D%270%200%20960%20540%27%3E%3Crect%20width%3D%27960%27%20height%3D%27540%27%20fill-opacity%3D%220%22%2F%3E%3C%2Fsvg%3E\" data-orig-src=\"https:\/\/www.fondationpierrefabre.org\/wp-content\/uploads\/sites\/2\/2018\/05\/reportage_sage-femmes_laos_9_bd.jpg\" data-srcset=\"https:\/\/www.fondationpierrefabre.org\/wp-content\/uploads\/sites\/2\/2018\/05\/reportage_sage-femmes_laos_9_bd-200x113.jpg 200w, https:\/\/www.fondationpierrefabre.org\/wp-content\/uploads\/sites\/2\/2018\/05\/reportage_sage-femmes_laos_9_bd-300x169.jpg 300w, https:\/\/www.fondationpierrefabre.org\/wp-content\/uploads\/sites\/2\/2018\/05\/reportage_sage-femmes_laos_9_bd-400x225.jpg 400w, https:\/\/www.fondationpierrefabre.org\/wp-content\/uploads\/sites\/2\/2018\/05\/reportage_sage-femmes_laos_9_bd-600x338.jpg 600w, https:\/\/www.fondationpierrefabre.org\/wp-content\/uploads\/sites\/2\/2018\/05\/reportage_sage-femmes_laos_9_bd-768x432.jpg 768w, https:\/\/www.fondationpierrefabre.org\/wp-content\/uploads\/sites\/2\/2018\/05\/reportage_sage-femmes_laos_9_bd-800x450.jpg 800w, https:\/\/www.fondationpierrefabre.org\/wp-content\/uploads\/sites\/2\/2018\/05\/reportage_sage-femmes_laos_9_bd.jpg 960w\" data-sizes=\"auto\" \/><\/div><\/div><\/div><div class=\"swiper-slide\"><div class=\"fusion-carousel-item-wrapper\"><div class=\"fusion-image-wrapper hover-type-none\"><img decoding=\"async\" width=\"960\" height=\"540\" src=\"https:\/\/www.fondationpierrefabre.org\/wp-content\/uploads\/sites\/2\/2018\/05\/reportage_sage-femmes_laos_10_bd.jpg\" class=\"attachment-full size-full lazyload\" alt=\"\" srcset=\"data:image\/svg+xml,%3Csvg%20xmlns%3D%27http%3A%2F%2Fwww.w3.org%2F2000%2Fsvg%27%20width%3D%27960%27%20height%3D%27540%27%20viewBox%3D%270%200%20960%20540%27%3E%3Crect%20width%3D%27960%27%20height%3D%27540%27%20fill-opacity%3D%220%22%2F%3E%3C%2Fsvg%3E\" data-orig-src=\"https:\/\/www.fondationpierrefabre.org\/wp-content\/uploads\/sites\/2\/2018\/05\/reportage_sage-femmes_laos_10_bd.jpg\" data-srcset=\"https:\/\/www.fondationpierrefabre.org\/wp-content\/uploads\/sites\/2\/2018\/05\/reportage_sage-femmes_laos_10_bd-200x113.jpg 200w, https:\/\/www.fondationpierrefabre.org\/wp-content\/uploads\/sites\/2\/2018\/05\/reportage_sage-femmes_laos_10_bd-300x169.jpg 300w, https:\/\/www.fondationpierrefabre.org\/wp-content\/uploads\/sites\/2\/2018\/05\/reportage_sage-femmes_laos_10_bd-400x225.jpg 400w, https:\/\/www.fondationpierrefabre.org\/wp-content\/uploads\/sites\/2\/2018\/05\/reportage_sage-femmes_laos_10_bd-600x338.jpg 600w, https:\/\/www.fondationpierrefabre.org\/wp-content\/uploads\/sites\/2\/2018\/05\/reportage_sage-femmes_laos_10_bd-768x432.jpg 768w, https:\/\/www.fondationpierrefabre.org\/wp-content\/uploads\/sites\/2\/2018\/05\/reportage_sage-femmes_laos_10_bd-800x450.jpg 800w, https:\/\/www.fondationpierrefabre.org\/wp-content\/uploads\/sites\/2\/2018\/05\/reportage_sage-femmes_laos_10_bd.jpg 960w\" data-sizes=\"auto\" \/><\/div><\/div><\/div><\/div><div class=\"awb-swiper-button awb-swiper-button-prev\"><i class=\"awb-icon-angle-left\" aria-hidden=\"true\"><\/i><\/div><div class=\"awb-swiper-button awb-swiper-button-next\"><i class=\"awb-icon-angle-right\" aria-hidden=\"true\"><\/i><\/div><\/div><\/div><div class=\"fusion-sep-clear\"><\/div><div class=\"fusion-separator fusion-full-width-sep\" style=\"margin-left: auto;margin-right: auto;margin-bottom:30px;width:100%;\"><\/div><div class=\"fusion-sep-clear\"><\/div><div class=\"fusion-clearfix\"><\/div><\/div><\/div><\/div><\/div><div class=\"fusion-fullwidth fullwidth-box fusion-builder-row-6 nonhundred-percent-fullwidth non-hundred-percent-height-scrolling\" style=\"--awb-border-radius-top-left:0px;--awb-border-radius-top-right:0px;--awb-border-radius-bottom-right:0px;--awb-border-radius-bottom-left:0px;--awb-flex-wrap:wrap;\" ><div class=\"fusion-builder-row fusion-row\"><div class=\"fusion-layout-column fusion_builder_column fusion-builder-column-7 fusion_builder_column_1_1 1_1 fusion-one-full fusion-column-first fusion-column-last mod-focus\" style=\"--awb-padding-top:0px;--awb-padding-right:20px;--awb-padding-bottom:0px;--awb-padding-left:20px;--awb-bg-size:cover;--awb-border-color:#717171;--awb-border-bottom:0;--awb-border-style:solid;--awb-margin-top:20px;--awb-margin-bottom:20px;\"><div class=\"fusion-column-wrapper fusion-flex-column-wrapper-legacy\"><div class=\"fusion-text fusion-text-8\"><h3>Perspectives<\/h3>\n<\/div><div class=\"fusion-text fusion-text-9\"><p style=\"text-align: center;\">Les capacit\u00e9s des enseignants locaux, favoris\u00e9s par cinq ans de coop\u00e9ration internationale et de transfert de comp\u00e9tences procureront \u00e0 l\u2019\u00e9tablissement toute son autonomie.<\/p>\n<\/div><div class=\"fusion-clearfix\"><\/div><\/div><\/div><\/div><\/div><div class=\"fusion-fullwidth fullwidth-box fusion-builder-row-7 has-pattern-background has-mask-background nonhundred-percent-fullwidth non-hundred-percent-height-scrolling\" style=\"--awb-border-radius-top-left:0px;--awb-border-radius-top-right:0px;--awb-border-radius-bottom-right:0px;--awb-border-radius-bottom-left:0px;--awb-padding-top:50px;--awb-padding-bottom:50px;--awb-margin-top:50px;--awb-margin-bottom:60px;--awb-background-color:#f2f2f2;--awb-flex-wrap:wrap;\" ><div class=\"fusion-builder-row fusion-row\"><div class=\"fusion-layout-column fusion_builder_column fusion-builder-column-8 fusion_builder_column_1_1 1_1 fusion-one-full fusion-column-first fusion-column-last\" style=\"--awb-bg-size:cover;\"><div class=\"fusion-column-wrapper fusion-flex-column-wrapper-legacy\"><div class=\"fusion-text fusion-text-10\"><h2 style=\"text-align: center;\">PARTENAIRES<\/h2>\n<\/div><div class=\"fusion-sep-clear\"><\/div><div class=\"fusion-separator fusion-full-width-sep\" style=\"margin-left: auto;margin-right: auto;margin-top:10px;width:100%;\"><\/div><div class=\"fusion-sep-clear\"><\/div><div class=\"fusion-clearfix\"><\/div><\/div><\/div><div class=\"fusion-layout-column fusion_builder_column fusion-builder-column-9 fusion_builder_column_1_2 1_2 fusion-one-half fusion-column-first\" style=\"--awb-bg-size:cover;width:50%;width:calc(50% - ( ( 4% ) * 0.5 ) );margin-right: 4%;\"><div class=\"fusion-column-wrapper fusion-flex-column-wrapper-legacy\"><div class=\"fusion-text fusion-text-11\"><p>Ecole nationale de sages-femmes du Laos<\/p>\n<\/div><div class=\"fusion-clearfix\"><\/div><\/div><\/div><div class=\"fusion-layout-column fusion_builder_column fusion-builder-column-10 fusion_builder_column_1_2 1_2 fusion-one-half fusion-column-last\" style=\"--awb-bg-size:cover;width:50%;width:calc(50% - ( ( 4% ) * 0.5 ) );\"><div class=\"fusion-column-wrapper fusion-flex-column-wrapper-legacy\"><div class=\"fusion-text fusion-text-12\"><p style=\"text-align: right;\">Association Lao Anakhod<\/p>\n<\/div><div class=\"fusion-clearfix\"><\/div><\/div><\/div><\/div><\/div><div class=\"fusion-fullwidth fullwidth-box fusion-builder-row-8 nonhundred-percent-fullwidth non-hundred-percent-height-scrolling\" style=\"--awb-border-radius-top-left:0px;--awb-border-radius-top-right:0px;--awb-border-radius-bottom-right:0px;--awb-border-radius-bottom-left:0px;--awb-flex-wrap:wrap;\" ><div class=\"fusion-builder-row fusion-row\"><div class=\"fusion-layout-column fusion_builder_column fusion-builder-column-11 fusion_builder_column_1_3 1_3 fusion-one-third fusion-column-first\" style=\"--awb-bg-size:cover;width:33.333333333333%;width:calc(33.333333333333% - ( ( 4% + 4% ) * 0.33333333333333 ) );margin-right: 4%;\"><div class=\"fusion-column-wrapper fusion-flex-column-wrapper-legacy\"><div class=\"fusion-text fusion-text-13\"><h4 class=\"heading\"><span class=\"nulle\">Et aussi<\/span><\/h4>\n<\/div><div class=\"fusion-recent-posts fusion-recent-posts-1 avada-container layout-default layout-columns-1\"><section class=\"fusion-columns columns fusion-columns-1 columns-1\"><article class=\"post fusion-column column col col-lg-12 col-md-12 col-sm-12\"><div class=\"fusion-flexslider flexslider flexslider-hover-type-none\"><ul class=\"slides\"><li style=\"width: 100%; float: left; margin-right: -100%; position: relative; opacity: 1; display: block; z-index: 2;\" class=\"flex-active-slide\"><a href=\"https:\/\/www.fondationpierrefabre.org\/fr\/programmes\/soutien-a-la-faculte-de-pharmacie-de-vientiane\/\" class=\"hover-type-none\" aria-label=\"Soutien \u00e0 la facult\u00e9 de pharmacie de Vientiane\"><img class=\"lazyload\" decoding=\"async\" src=\"data:image\/svg+xml,%3Csvg%20xmlns%3D%27http%3A%2F%2Fwww.w3.org%2F2000%2Fsvg%27%20width%3D%271200%27%20height%3D%27800%27%20viewBox%3D%270%200%201200%20800%27%3E%3Crect%20width%3D%271200%27%20height%3D%27800%27%20fill-opacity%3D%220%22%2F%3E%3C%2Fsvg%3E\" data-orig-src=\"https:\/\/www.fondationpierrefabre.org\/wp-content\/uploads\/sites\/2\/2025\/07\/medicaments-laos-fondation-fabre.jpg\" alt=\"\" draggable=\"false\"><\/a><\/li><\/div><div class=\"recent-posts-content\"><h4 class=\"entry-title\"><a href=\"https:\/\/www.fondationpierrefabre.org\/fr\/programmes\/soutien-a-la-faculte-de-pharmacie-de-vientiane\/\">Soutien \u00e0 la facult\u00e9 de pharmacie de Vientiane<\/a><\/h4>La Fondation accompagne le renouveau de la Facult\u00e9 de pharmacie de Vientiane dans le cadre d'un plan d\u2019aide au d\u00e9veloppement pour la p\u00e9riode 2017-2021<span class=\"fusion-date\"><em>30\/07\/2025<\/em><\/span><\/div><\/article><\/section><\/div><div class=\"fusion-clearfix\"><\/div><\/div><\/div><div class=\"fusion-layout-column fusion_builder_column fusion-builder-column-12 fusion_builder_column_1_3 1_3 fusion-one-third\" style=\"--awb-bg-size:cover;width:33.333333333333%;width:calc(33.333333333333% - ( ( 4% + 4% ) * 0.33333333333333 ) );margin-right: 4%;\"><div class=\"fusion-column-wrapper fusion-flex-column-wrapper-legacy\"><div class=\"fusion-text fusion-text-14\"><h4 class=\"heading\"><span class=\"nulle\">Et aussi<\/span><\/h4>\n<\/div><div class=\"fusion-recent-posts fusion-recent-posts-1 avada-container layout-default layout-columns-1\"><section class=\"fusion-columns columns fusion-columns-1 columns-1\"><article class=\"post fusion-column column col col-lg-12 col-md-12 col-sm-12\"><div class=\"fusion-flexslider flexslider flexslider-hover-type-none\"><ul class=\"slides\"><li style=\"width: 100%; float: left; margin-right: -100%; position: relative; opacity: 1; display: block; z-index: 2;\" class=\"flex-active-slide\"><a href=\"https:\/\/www.fondationpierrefabre.org\/fr\/programmes\/reseau-mekong-pharma-un-espace-universitaire-elargi-pour-les-enseignants-en-sciences-pharmaceutiques\/\" class=\"hover-type-none\" aria-label=\"R\u00e9seau M\u00e9kong Pharma : un espace universitaire \u00e9largi pour les enseignants en sciences pharmaceutiques\"><img class=\"lazyload\" decoding=\"async\" src=\"data:image\/svg+xml,%3Csvg%20xmlns%3D%27http%3A%2F%2Fwww.w3.org%2F2000%2Fsvg%27%20width%3D%271200%27%20height%3D%27800%27%20viewBox%3D%270%200%201200%20800%27%3E%3Crect%20width%3D%271200%27%20height%3D%27800%27%20fill-opacity%3D%220%22%2F%3E%3C%2Fsvg%3E\" data-orig-src=\"https:\/\/www.fondationpierrefabre.org\/wp-content\/uploads\/sites\/2\/2025\/07\/ETUDLABPHARMA.jpg\" alt=\"\" draggable=\"false\"><\/a><\/li><\/div><div class=\"recent-posts-content\"><h4 class=\"entry-title\"><a href=\"https:\/\/www.fondationpierrefabre.org\/fr\/programmes\/reseau-mekong-pharma-un-espace-universitaire-elargi-pour-les-enseignants-en-sciences-pharmaceutiques\/\">R\u00e9seau M\u00e9kong Pharma : un espace universitaire \u00e9largi pour les enseignants en sciences pharmaceutiques<\/a><\/h4>Faisant suite au  programme Master M\u00e9kong Pharma (2012-2019), la Fondation Pierre Fabre a souhait\u00e9  maintenir et amplifier les liens entre les 4 universit\u00e9s partenaires  du Vietnam, (HUP-Hano\u00ef, UMP-HCMC),  du Cambodge (UHSC-Phnom Penh) et du Laos (UHSL-Vientiane). Le programme \u00ab R\u00e9seau M\u00e9kong Pharma \u00bb a ainsi \u00e9t\u00e9 lanc\u00e9 en 2020.<span class=\"fusion-date\"><em>30\/07\/2025<\/em><\/span><\/div><\/article><\/section><\/div><div class=\"fusion-clearfix\"><\/div><\/div><\/div><div class=\"fusion-layout-column fusion_builder_column fusion-builder-column-13 fusion_builder_column_1_3 1_3 fusion-one-third fusion-column-last\" style=\"--awb-bg-size:cover;width:33.333333333333%;width:calc(33.333333333333% - ( ( 4% + 4% ) * 0.33333333333333 ) );\"><div class=\"fusion-column-wrapper fusion-flex-column-wrapper-legacy\"><div class=\"fusion-text fusion-text-15\"><h4 class=\"heading\"><span class=\"nulle\">Suivre notre action<\/span><\/h4>\n<\/div><div class=\"fusion-recent-posts fusion-recent-posts-1 avada-container layout-default layout-columns-1\"><section class=\"fusion-columns columns fusion-columns-1 columns-1\"><article class=\"post fusion-column column col col-lg-12 col-md-12 col-sm-12\"><div class=\"fusion-flexslider fusion-flexslider-loading flexslider flexslider-hover-type-none\"><ul class=\"slides\"><li><a href=\"https:\/\/www.fondationpierrefabre.org\/fr\/suivre-notre-action\/sud-liban-la-fondation-pierre-fabre-agit\/\" aria-label=\"Sud Liban : la Fondation Pierre Fabre agit\" class=\"hover-type-none\"><img decoding=\"async\" width=\"700\" height=\"441\" src=\"https:\/\/www.fondationpierrefabre.org\/wp-content\/uploads\/sites\/2\/2026\/04\/Solidarite-Liban-700x441.jpg\" class=\"attachment-recent-posts size-recent-posts lazyload\" alt=\"\" srcset=\"data:image\/svg+xml,%3Csvg%20xmlns%3D%27http%3A%2F%2Fwww.w3.org%2F2000%2Fsvg%27%20width%3D%271200%27%20height%3D%27800%27%20viewBox%3D%270%200%201200%20800%27%3E%3Crect%20width%3D%271200%27%20height%3D%27800%27%20fill-opacity%3D%220%22%2F%3E%3C%2Fsvg%3E\" data-orig-src=\"https:\/\/www.fondationpierrefabre.org\/wp-content\/uploads\/sites\/2\/2026\/04\/Solidarite-Liban-700x441.jpg\" data-srcset=\"https:\/\/www.fondationpierrefabre.org\/wp-content\/uploads\/sites\/2\/2026\/04\/Solidarite-Liban-320x202.jpg 320w, https:\/\/www.fondationpierrefabre.org\/wp-content\/uploads\/sites\/2\/2026\/04\/Solidarite-Liban-700x441.jpg 700w\" data-sizes=\"auto\" \/><\/a><\/li><\/ul><\/div><div class=\"recent-posts-content\"><span class=\"vcard\" style=\"display: none;\"><span class=\"fn\"><a href=\"https:\/\/www.fondationpierrefabre.org\/fr\/author\/tma25pf\/\" title=\"Articles par tma25pf\" rel=\"author\">tma25pf<\/a><\/span><\/span><span class=\"updated\" style=\"display:none;\">2026-04-23T23:42:32+02:00<\/span><h4 class=\"entry-title\"><a href=\"https:\/\/www.fondationpierrefabre.org\/fr\/suivre-notre-action\/sud-liban-la-fondation-pierre-fabre-agit\/\">Sud Liban : la Fondation Pierre Fabre agit<\/a><\/h4><p>La Fondation Pierre Fabre finance l\u2019organisation de convois humanitaires pour r\u00e9pondre en urgence aux besoins essentiels des habitants refusant l\u2019exode dans les villages au Sud Liban.<\/p><\/div><\/article><\/section><\/div><div class=\"fusion-clearfix\"><\/div><\/div><\/div><div class=\"fusion-layout-column fusion_builder_column fusion-builder-column-14 fusion_builder_column_1_1 1_1 fusion-one-full fusion-column-first fusion-column-last\" style=\"--awb-bg-size:cover;\"><div class=\"fusion-column-wrapper fusion-flex-column-wrapper-legacy\"><div class=\"fusion-sep-clear\"><\/div><div class=\"fusion-separator fusion-full-width-sep\" style=\"margin-left: auto;margin-right: auto;margin-top:15px;margin-bottom:15px;width:100%;\"><\/div><div class=\"fusion-sep-clear\"><\/div><div class=\"fusion-button-wrapper fusion-aligncenter\"><a class=\"fusion-button button-flat button-small button-custom fusion-button-default button-1 fusion-button-span-no \" style=\"--button_accent_color:#717171;--button_accent_hover_color:#717171;--button_border_hover_color:#717171;--button_border_width-top:1px;--button_border_width-right:1px;--button_border_width-bottom:1px;--button_border_width-left:1px;--button-border-radius-top-left:0px;--button-border-radius-top-right:0px;--button-border-radius-bottom-right:0px;--button-border-radius-bottom-left:0px;--button_gradient_top_color:#f2f2f2;--button_gradient_bottom_color:#f2f2f2;--button_gradient_top_color_hover:#ffffff;--button_gradient_bottom_color_hover:#ffffff;--button_text_transform:none;\" target=\"_blank\" rel=\"noopener noreferrer\" href=\"https:\/\/www.fondationpierrefabre.org\/fr\/decouvrir-nos-programmes\/formation-des-professionnels-du-medicament\"><i class=\"fa-angle-double-right fas awb-button__icon awb-button__icon--default button-icon-left\" aria-hidden=\"true\"><\/i><span class=\"fusion-button-text awb-button__text awb-button__text--default\">Tous les programmes<\/span><\/a><\/div><div class=\"fusion-clearfix\"><\/div><\/div><\/div><\/div><\/div><\/p>\n","protected":false},"excerpt":{"rendered":"<p>Au Laos, la Fondation intervient pour la formation des sages-femmes afin de lutter contre les taux tr\u00e8s \u00e9lev\u00e9s de mortalit\u00e9 maternelle et infantile.<\/p>\n","protected":false},"author":12,"featured_media":18075,"menu_order":33,"comment_status":"closed","ping_status":"closed","template":"","format":"standard","meta":{"_acf_changed":false,"footnotes":""},"portfolio_category":[466,476,502],"portfolio_skills":[],"portfolio_tags":[],"class_list":["post-18290","avada_portfolio","type-avada_portfolio","status-publish","format-standard","has-post-thumbnail","hentry","portfolio_category-en-cours","portfolio_category-formation-des-professionnels-du-medicament","portfolio_category-laos"],"acf":[],"yoast_head":"<!-- This site is optimized with the Yoast SEO plugin v27.4 - https:\/\/yoast.com\/product\/yoast-seo-wordpress\/ -->\n<title>Soutien \u00e0 l\u2019Ecole Nationale de Sages-Femmes - Fondation Pierre Fabre<\/title>\n<meta name=\"description\" content=\"Au Laos, la Fondation intervient pour la formation des sages-femmes afin de lutter contre les taux tr\u00e8s \u00e9lev\u00e9s de mortalit\u00e9 maternelle et infantile.\" \/>\n<meta name=\"robots\" content=\"index, follow, max-snippet:-1, max-image-preview:large, max-video-preview:-1\" \/>\n<link rel=\"canonical\" href=\"https:\/\/www.fondationpierrefabre.org\/fr\/programmes\/soutien-a-lecole-nationale-de-sages-femmes\/\" \/>\n<meta property=\"og:locale\" content=\"fr_FR\" \/>\n<meta property=\"og:type\" content=\"article\" \/>\n<meta property=\"og:title\" content=\"Soutien \u00e0 l\u2019Ecole Nationale de Sages-Femmes - Fondation Pierre Fabre\" \/>\n<meta property=\"og:description\" content=\"Au Laos, la Fondation intervient pour la formation des sages-femmes afin de lutter contre les taux tr\u00e8s \u00e9lev\u00e9s de mortalit\u00e9 maternelle et infantile.\" \/>\n<meta property=\"og:url\" content=\"https:\/\/www.fondationpierrefabre.org\/fr\/programmes\/soutien-a-lecole-nationale-de-sages-femmes\/\" \/>\n<meta property=\"og:site_name\" content=\"Fondation Pierre Fabre\" \/>\n<meta property=\"article:publisher\" content=\"https:\/\/www.facebook.com\/FondationPierreFabre\/\" \/>\n<meta property=\"article:modified_time\" content=\"2025-11-20T18:23:02+00:00\" \/>\n<meta property=\"og:image\" content=\"https:\/\/www.fondationpierrefabre.org\/wp-content\/uploads\/sites\/2\/2025\/07\/sages_femmes.jpg\" \/>\n\t<meta property=\"og:image:width\" content=\"1200\" \/>\n\t<meta property=\"og:image:height\" content=\"800\" \/>\n\t<meta property=\"og:image:type\" content=\"image\/jpeg\" \/>\n<meta name=\"twitter:card\" content=\"summary_large_image\" \/>\n<meta name=\"twitter:site\" content=\"@FondationPFabre\" \/>\n<meta name=\"twitter:label1\" content=\"Dur\u00e9e de lecture estim\u00e9e\" \/>\n\t<meta name=\"twitter:data1\" content=\"7 minutes\" \/>\n<script type=\"application\/ld+json\" class=\"yoast-schema-graph\">{\"@context\":\"https:\\\/\\\/schema.org\",\"@graph\":[{\"@type\":\"WebPage\",\"@id\":\"https:\\\/\\\/www.fondationpierrefabre.org\\\/fr\\\/programmes\\\/soutien-a-lecole-nationale-de-sages-femmes\\\/\",\"url\":\"https:\\\/\\\/www.fondationpierrefabre.org\\\/fr\\\/programmes\\\/soutien-a-lecole-nationale-de-sages-femmes\\\/\",\"name\":\"Soutien \u00e0 l\u2019Ecole Nationale de Sages-Femmes - Fondation Pierre Fabre\",\"isPartOf\":{\"@id\":\"https:\\\/\\\/www.fondationpierrefabre.org\\\/fr\\\/#website\"},\"primaryImageOfPage\":{\"@id\":\"https:\\\/\\\/www.fondationpierrefabre.org\\\/fr\\\/programmes\\\/soutien-a-lecole-nationale-de-sages-femmes\\\/#primaryimage\"},\"image\":{\"@id\":\"https:\\\/\\\/www.fondationpierrefabre.org\\\/fr\\\/programmes\\\/soutien-a-lecole-nationale-de-sages-femmes\\\/#primaryimage\"},\"thumbnailUrl\":\"https:\\\/\\\/www.fondationpierrefabre.org\\\/wp-content\\\/uploads\\\/sites\\\/2\\\/2025\\\/07\\\/sages_femmes.jpg\",\"datePublished\":\"2025-07-30T10:06:13+00:00\",\"dateModified\":\"2025-11-20T18:23:02+00:00\",\"description\":\"Au Laos, la Fondation intervient pour la formation des sages-femmes afin de lutter contre les taux tr\u00e8s \u00e9lev\u00e9s de mortalit\u00e9 maternelle et infantile.\",\"breadcrumb\":{\"@id\":\"https:\\\/\\\/www.fondationpierrefabre.org\\\/fr\\\/programmes\\\/soutien-a-lecole-nationale-de-sages-femmes\\\/#breadcrumb\"},\"inLanguage\":\"fr-FR\",\"potentialAction\":[{\"@type\":\"ReadAction\",\"target\":[\"https:\\\/\\\/www.fondationpierrefabre.org\\\/fr\\\/programmes\\\/soutien-a-lecole-nationale-de-sages-femmes\\\/\"]}]},{\"@type\":\"ImageObject\",\"inLanguage\":\"fr-FR\",\"@id\":\"https:\\\/\\\/www.fondationpierrefabre.org\\\/fr\\\/programmes\\\/soutien-a-lecole-nationale-de-sages-femmes\\\/#primaryimage\",\"url\":\"https:\\\/\\\/www.fondationpierrefabre.org\\\/wp-content\\\/uploads\\\/sites\\\/2\\\/2025\\\/07\\\/sages_femmes.jpg\",\"contentUrl\":\"https:\\\/\\\/www.fondationpierrefabre.org\\\/wp-content\\\/uploads\\\/sites\\\/2\\\/2025\\\/07\\\/sages_femmes.jpg\",\"width\":1200,\"height\":800},{\"@type\":\"BreadcrumbList\",\"@id\":\"https:\\\/\\\/www.fondationpierrefabre.org\\\/fr\\\/programmes\\\/soutien-a-lecole-nationale-de-sages-femmes\\\/#breadcrumb\",\"itemListElement\":[{\"@type\":\"ListItem\",\"position\":1,\"name\":\"\",\"item\":\"https:\\\/\\\/www.fondationpierrefabre.org\\\/fr\\\/\"},{\"@type\":\"ListItem\",\"position\":2,\"name\":\"Portfolio\",\"item\":\"https:\\\/\\\/www.fondationpierrefabre.org\\\/en\\\/decouvrir-nos-programmes-old\\\/\"},{\"@type\":\"ListItem\",\"position\":3,\"name\":\"Soutien \u00e0 l\u2019Ecole Nationale de Sages-Femmes\"}]},{\"@type\":\"WebSite\",\"@id\":\"https:\\\/\\\/www.fondationpierrefabre.org\\\/fr\\\/#website\",\"url\":\"https:\\\/\\\/www.fondationpierrefabre.org\\\/fr\\\/\",\"name\":\"Fondation Pierre Fabre\",\"description\":\"Acc\u00e8s aux soins de qualit\u00e9 pour tous\",\"publisher\":{\"@id\":\"https:\\\/\\\/www.fondationpierrefabre.org\\\/fr\\\/#organization\"},\"potentialAction\":[{\"@type\":\"SearchAction\",\"target\":{\"@type\":\"EntryPoint\",\"urlTemplate\":\"https:\\\/\\\/www.fondationpierrefabre.org\\\/fr\\\/?s={search_term_string}\"},\"query-input\":{\"@type\":\"PropertyValueSpecification\",\"valueRequired\":true,\"valueName\":\"search_term_string\"}}],\"inLanguage\":\"fr-FR\"},{\"@type\":\"Organization\",\"@id\":\"https:\\\/\\\/www.fondationpierrefabre.org\\\/fr\\\/#organization\",\"name\":\"Fondation Pierre Fabre\",\"alternateName\":\"FPF\",\"url\":\"https:\\\/\\\/www.fondationpierrefabre.org\\\/fr\\\/\",\"logo\":{\"@type\":\"ImageObject\",\"inLanguage\":\"fr-FR\",\"@id\":\"https:\\\/\\\/www.fondationpierrefabre.org\\\/fr\\\/#\\\/schema\\\/logo\\\/image\\\/\",\"url\":\"https:\\\/\\\/www.fondationpierrefabre.org\\\/wp-content\\\/uploads\\\/sites\\\/2\\\/2020\\\/03\\\/FPF_Logo500.png\",\"contentUrl\":\"https:\\\/\\\/www.fondationpierrefabre.org\\\/wp-content\\\/uploads\\\/sites\\\/2\\\/2020\\\/03\\\/FPF_Logo500.png\",\"width\":500,\"height\":155,\"caption\":\"Fondation Pierre Fabre\"},\"image\":{\"@id\":\"https:\\\/\\\/www.fondationpierrefabre.org\\\/fr\\\/#\\\/schema\\\/logo\\\/image\\\/\"},\"sameAs\":[\"https:\\\/\\\/www.facebook.com\\\/FondationPierreFabre\\\/\",\"https:\\\/\\\/x.com\\\/FondationPFabre\",\"https:\\\/\\\/www.linkedin.com\\\/company\\\/fondation_pierrefabre\\\/\",\"https:\\\/\\\/www.youtube.com\\\/channel\\\/UCSTB8YVIiEnbarvfFcQ-4UA\"]}]}<\/script>\n<!-- \/ Yoast SEO plugin. -->","yoast_head_json":{"title":"Soutien \u00e0 l\u2019Ecole Nationale de Sages-Femmes - Fondation Pierre Fabre","description":"Au Laos, la Fondation intervient pour la formation des sages-femmes afin de lutter contre les taux tr\u00e8s \u00e9lev\u00e9s de mortalit\u00e9 maternelle et infantile.","robots":{"index":"index","follow":"follow","max-snippet":"max-snippet:-1","max-image-preview":"max-image-preview:large","max-video-preview":"max-video-preview:-1"},"canonical":"https:\/\/www.fondationpierrefabre.org\/fr\/programmes\/soutien-a-lecole-nationale-de-sages-femmes\/","og_locale":"fr_FR","og_type":"article","og_title":"Soutien \u00e0 l\u2019Ecole Nationale de Sages-Femmes - Fondation Pierre Fabre","og_description":"Au Laos, la Fondation intervient pour la formation des sages-femmes afin de lutter contre les taux tr\u00e8s \u00e9lev\u00e9s de mortalit\u00e9 maternelle et infantile.","og_url":"https:\/\/www.fondationpierrefabre.org\/fr\/programmes\/soutien-a-lecole-nationale-de-sages-femmes\/","og_site_name":"Fondation Pierre Fabre","article_publisher":"https:\/\/www.facebook.com\/FondationPierreFabre\/","article_modified_time":"2025-11-20T18:23:02+00:00","og_image":[{"width":1200,"height":800,"url":"https:\/\/www.fondationpierrefabre.org\/wp-content\/uploads\/sites\/2\/2025\/07\/sages_femmes.jpg","type":"image\/jpeg"}],"twitter_card":"summary_large_image","twitter_site":"@FondationPFabre","twitter_misc":{"Dur\u00e9e de lecture estim\u00e9e":"7 minutes"},"schema":{"@context":"https:\/\/schema.org","@graph":[{"@type":"WebPage","@id":"https:\/\/www.fondationpierrefabre.org\/fr\/programmes\/soutien-a-lecole-nationale-de-sages-femmes\/","url":"https:\/\/www.fondationpierrefabre.org\/fr\/programmes\/soutien-a-lecole-nationale-de-sages-femmes\/","name":"Soutien \u00e0 l\u2019Ecole Nationale de Sages-Femmes - Fondation Pierre Fabre","isPartOf":{"@id":"https:\/\/www.fondationpierrefabre.org\/fr\/#website"},"primaryImageOfPage":{"@id":"https:\/\/www.fondationpierrefabre.org\/fr\/programmes\/soutien-a-lecole-nationale-de-sages-femmes\/#primaryimage"},"image":{"@id":"https:\/\/www.fondationpierrefabre.org\/fr\/programmes\/soutien-a-lecole-nationale-de-sages-femmes\/#primaryimage"},"thumbnailUrl":"https:\/\/www.fondationpierrefabre.org\/wp-content\/uploads\/sites\/2\/2025\/07\/sages_femmes.jpg","datePublished":"2025-07-30T10:06:13+00:00","dateModified":"2025-11-20T18:23:02+00:00","description":"Au Laos, la Fondation intervient pour la formation des sages-femmes afin de lutter contre les taux tr\u00e8s \u00e9lev\u00e9s de mortalit\u00e9 maternelle et infantile.","breadcrumb":{"@id":"https:\/\/www.fondationpierrefabre.org\/fr\/programmes\/soutien-a-lecole-nationale-de-sages-femmes\/#breadcrumb"},"inLanguage":"fr-FR","potentialAction":[{"@type":"ReadAction","target":["https:\/\/www.fondationpierrefabre.org\/fr\/programmes\/soutien-a-lecole-nationale-de-sages-femmes\/"]}]},{"@type":"ImageObject","inLanguage":"fr-FR","@id":"https:\/\/www.fondationpierrefabre.org\/fr\/programmes\/soutien-a-lecole-nationale-de-sages-femmes\/#primaryimage","url":"https:\/\/www.fondationpierrefabre.org\/wp-content\/uploads\/sites\/2\/2025\/07\/sages_femmes.jpg","contentUrl":"https:\/\/www.fondationpierrefabre.org\/wp-content\/uploads\/sites\/2\/2025\/07\/sages_femmes.jpg","width":1200,"height":800},{"@type":"BreadcrumbList","@id":"https:\/\/www.fondationpierrefabre.org\/fr\/programmes\/soutien-a-lecole-nationale-de-sages-femmes\/#breadcrumb","itemListElement":[{"@type":"ListItem","position":1,"name":"","item":"https:\/\/www.fondationpierrefabre.org\/fr\/"},{"@type":"ListItem","position":2,"name":"Portfolio","item":"https:\/\/www.fondationpierrefabre.org\/en\/decouvrir-nos-programmes-old\/"},{"@type":"ListItem","position":3,"name":"Soutien \u00e0 l\u2019Ecole Nationale de Sages-Femmes"}]},{"@type":"WebSite","@id":"https:\/\/www.fondationpierrefabre.org\/fr\/#website","url":"https:\/\/www.fondationpierrefabre.org\/fr\/","name":"Fondation Pierre Fabre","description":"Acc\u00e8s aux soins de qualit\u00e9 pour tous","publisher":{"@id":"https:\/\/www.fondationpierrefabre.org\/fr\/#organization"},"potentialAction":[{"@type":"SearchAction","target":{"@type":"EntryPoint","urlTemplate":"https:\/\/www.fondationpierrefabre.org\/fr\/?s={search_term_string}"},"query-input":{"@type":"PropertyValueSpecification","valueRequired":true,"valueName":"search_term_string"}}],"inLanguage":"fr-FR"},{"@type":"Organization","@id":"https:\/\/www.fondationpierrefabre.org\/fr\/#organization","name":"Fondation Pierre Fabre","alternateName":"FPF","url":"https:\/\/www.fondationpierrefabre.org\/fr\/","logo":{"@type":"ImageObject","inLanguage":"fr-FR","@id":"https:\/\/www.fondationpierrefabre.org\/fr\/#\/schema\/logo\/image\/","url":"https:\/\/www.fondationpierrefabre.org\/wp-content\/uploads\/sites\/2\/2020\/03\/FPF_Logo500.png","contentUrl":"https:\/\/www.fondationpierrefabre.org\/wp-content\/uploads\/sites\/2\/2020\/03\/FPF_Logo500.png","width":500,"height":155,"caption":"Fondation Pierre Fabre"},"image":{"@id":"https:\/\/www.fondationpierrefabre.org\/fr\/#\/schema\/logo\/image\/"},"sameAs":["https:\/\/www.facebook.com\/FondationPierreFabre\/","https:\/\/x.com\/FondationPFabre","https:\/\/www.linkedin.com\/company\/fondation_pierrefabre\/","https:\/\/www.youtube.com\/channel\/UCSTB8YVIiEnbarvfFcQ-4UA"]}]}},"_links":{"self":[{"href":"https:\/\/www.fondationpierrefabre.org\/fr\/wp-json\/wp\/v2\/avada_portfolio\/18290","targetHints":{"allow":["GET"]}}],"collection":[{"href":"https:\/\/www.fondationpierrefabre.org\/fr\/wp-json\/wp\/v2\/avada_portfolio"}],"about":[{"href":"https:\/\/www.fondationpierrefabre.org\/fr\/wp-json\/wp\/v2\/types\/avada_portfolio"}],"author":[{"embeddable":true,"href":"https:\/\/www.fondationpierrefabre.org\/fr\/wp-json\/wp\/v2\/users\/12"}],"replies":[{"embeddable":true,"href":"https:\/\/www.fondationpierrefabre.org\/fr\/wp-json\/wp\/v2\/comments?post=18290"}],"version-history":[{"count":11,"href":"https:\/\/www.fondationpierrefabre.org\/fr\/wp-json\/wp\/v2\/avada_portfolio\/18290\/revisions"}],"predecessor-version":[{"id":19194,"href":"https:\/\/www.fondationpierrefabre.org\/fr\/wp-json\/wp\/v2\/avada_portfolio\/18290\/revisions\/19194"}],"wp:featuredmedia":[{"embeddable":true,"href":"https:\/\/www.fondationpierrefabre.org\/fr\/wp-json\/wp\/v2\/media\/18075"}],"wp:attachment":[{"href":"https:\/\/www.fondationpierrefabre.org\/fr\/wp-json\/wp\/v2\/media?parent=18290"}],"wp:term":[{"taxonomy":"portfolio_category","embeddable":true,"href":"https:\/\/www.fondationpierrefabre.org\/fr\/wp-json\/wp\/v2\/portfolio_category?post=18290"},{"taxonomy":"portfolio_skills","embeddable":true,"href":"https:\/\/www.fondationpierrefabre.org\/fr\/wp-json\/wp\/v2\/portfolio_skills?post=18290"},{"taxonomy":"portfolio_tags","embeddable":true,"href":"https:\/\/www.fondationpierrefabre.org\/fr\/wp-json\/wp\/v2\/portfolio_tags?post=18290"}],"curies":[{"name":"wp","href":"https:\/\/api.w.org\/{rel}","templated":true}]}}