{"id":18014,"date":"2025-07-20T15:39:13","date_gmt":"2025-07-20T13:39:13","guid":{"rendered":"https:\/\/www.fondationpierrefabre.org\/?post_type=avada_portfolio&#038;p=18014"},"modified":"2025-11-23T18:22:18","modified_gmt":"2025-11-23T17:22:18","slug":"soutien-a-la-sante-numerique-au-togo","status":"publish","type":"avada_portfolio","link":"https:\/\/www.fondationpierrefabre.org\/fr\/programmes\/soutien-a-la-sante-numerique-au-togo\/","title":{"rendered":"Soutien \u00e0 la sant\u00e9 num\u00e9rique au Togo"},"content":{"rendered":"<p><div class=\"fusion-fullwidth fullwidth-box fusion-builder-row-1 nonhundred-percent-fullwidth non-hundred-percent-height-scrolling\" style=\"--awb-border-radius-top-left:0px;--awb-border-radius-top-right:0px;--awb-border-radius-bottom-right:0px;--awb-border-radius-bottom-left:0px;--awb-background-color:#f2f2f2;--awb-flex-wrap:wrap;\" ><div class=\"fusion-builder-row fusion-row\"><div class=\"fusion-layout-column fusion_builder_column fusion-builder-column-0 fusion_builder_column_1_1 1_1 fusion-one-full fusion-column-first fusion-column-last\" style=\"--awb-bg-color:#f2f2f2;--awb-bg-color-hover:#f2f2f2;--awb-bg-size:cover;\"><div class=\"fusion-column-wrapper fusion-flex-column-wrapper-legacy\"><div class=\"fusion-text fusion-text-1\"><h1 style=\"text-align: center;\">Soutien \u00e0 la sant\u00e9 num\u00e9rique<\/h1>\n<h3 style=\"text-align: center;\"><em><span style=\"color: #717171;\">\u2014 Togo \u2014<\/span><\/em><\/h3>\n<\/div><div class=\"fusion-clearfix\"><\/div><\/div><\/div><\/div><\/div><div class=\"fusion-fullwidth fullwidth-box fusion-builder-row-2 has-pattern-background has-mask-background fusion-parallax-none nonhundred-percent-fullwidth non-hundred-percent-height-scrolling fusion-no-small-visibility lazyload\" style=\"--awb-border-radius-top-left:0px;--awb-border-radius-top-right:0px;--awb-border-radius-bottom-right:0px;--awb-border-radius-bottom-left:0px;--awb-background-size:cover;--awb-flex-wrap:wrap;\" data-bg=\"https:\/\/www.fondationpierrefabre.org\/wp-content\/uploads\/sites\/2\/2022\/11\/CNSD-Togo-1900.jpg\" ><div class=\"fusion-builder-row fusion-row\"><div class=\"fusion-layout-column fusion_builder_column fusion-builder-column-1 fusion_builder_column_1_1 1_1 fusion-one-full fusion-column-first fusion-column-last\" style=\"--awb-bg-size:cover;--awb-margin-top:305px;--awb-margin-bottom:305px;\"><div class=\"fusion-column-wrapper fusion-flex-column-wrapper-legacy\"><div class=\"fusion-clearfix\"><\/div><\/div><\/div><\/div><\/div><div class=\"fusion-fullwidth fullwidth-box fusion-builder-row-3 hundred-percent-fullwidth non-hundred-percent-height-scrolling fusion-no-medium-visibility fusion-no-large-visibility\" style=\"--awb-border-radius-top-left:0px;--awb-border-radius-top-right:0px;--awb-border-radius-bottom-right:0px;--awb-border-radius-bottom-left:0px;--awb-background-color:#f2f2f2;--awb-flex-wrap:wrap;\" ><div class=\"fusion-builder-row fusion-row\"><div class=\"fusion-layout-column fusion_builder_column fusion-builder-column-2 fusion_builder_column_1_1 1_1 fusion-one-full fusion-column-first fusion-column-last\" style=\"--awb-bg-size:cover;\"><div class=\"fusion-column-wrapper fusion-flex-column-wrapper-legacy\"><div class=\"fusion-image-element fusion-image-align-center fusion-no-medium-visibility fusion-no-large-visibility in-legacy-container\" style=\"text-align:center;--awb-caption-title-font-family:var(--h2_typography-font-family);--awb-caption-title-font-weight:var(--h2_typography-font-weight);--awb-caption-title-font-style:var(--h2_typography-font-style);--awb-caption-title-size:var(--h2_typography-font-size);--awb-caption-title-transform:var(--h2_typography-text-transform);--awb-caption-title-line-height:var(--h2_typography-line-height);--awb-caption-title-letter-spacing:var(--h2_typography-letter-spacing);\"><div class=\"imageframe-align-center\"><span class=\" fusion-imageframe imageframe-none imageframe-1 hover-type-none\"><img decoding=\"async\" width=\"640\" height=\"360\" title=\"CNSD-Togo-640\" src=\"https:\/\/www.fondationpierrefabre.org\/wp-content\/uploads\/sites\/2\/2022\/11\/CNSD-Togo-640.jpg\" data-orig-src=\"https:\/\/www.fondationpierrefabre.org\/wp-content\/uploads\/sites\/2\/2022\/11\/CNSD-Togo-640.jpg\" alt class=\"lazyload img-responsive wp-image-13081\" srcset=\"data:image\/svg+xml,%3Csvg%20xmlns%3D%27http%3A%2F%2Fwww.w3.org%2F2000%2Fsvg%27%20width%3D%27640%27%20height%3D%27360%27%20viewBox%3D%270%200%20640%20360%27%3E%3Crect%20width%3D%27640%27%20height%3D%27360%27%20fill-opacity%3D%220%22%2F%3E%3C%2Fsvg%3E\" data-srcset=\"https:\/\/www.fondationpierrefabre.org\/wp-content\/uploads\/sites\/2\/2022\/11\/CNSD-Togo-640-200x113.jpg 200w, https:\/\/www.fondationpierrefabre.org\/wp-content\/uploads\/sites\/2\/2022\/11\/CNSD-Togo-640-400x225.jpg 400w, https:\/\/www.fondationpierrefabre.org\/wp-content\/uploads\/sites\/2\/2022\/11\/CNSD-Togo-640-600x338.jpg 600w, https:\/\/www.fondationpierrefabre.org\/wp-content\/uploads\/sites\/2\/2022\/11\/CNSD-Togo-640.jpg 640w\" data-sizes=\"auto\" data-orig-sizes=\"(max-width: 800px) 100vw, 640px\" \/><\/span><\/div><\/div><div class=\"fusion-clearfix\"><\/div><\/div><\/div><\/div><\/div><div class=\"fusion-fullwidth fullwidth-box fusion-builder-row-4 nonhundred-percent-fullwidth non-hundred-percent-height-scrolling reverse\" style=\"--awb-border-radius-top-left:0px;--awb-border-radius-top-right:0px;--awb-border-radius-bottom-right:0px;--awb-border-radius-bottom-left:0px;--awb-background-color:#f2f2f2;--awb-flex-wrap:wrap;\" ><div class=\"fusion-builder-row fusion-row\"><div class=\"fusion-layout-column fusion_builder_column fusion-builder-column-3 fusion_builder_column_3_5 3_5 fusion-three-fifth fusion-column-first\" style=\"--awb-bg-size:cover;width:60%;width:calc(60% - ( ( 4% ) * 0.6 ) );margin-right: 4%;\"><div class=\"fusion-column-wrapper fusion-flex-column-wrapper-legacy\"><div class=\"fusion-sep-clear\"><\/div><div class=\"fusion-separator fusion-full-width-sep\" style=\"margin-left: auto;margin-right: auto;margin-top:20px;margin-bottom:20px;width:100%;\"><\/div><div class=\"fusion-sep-clear\"><\/div><div class=\"fusion-text fusion-text-2\"><p><span style=\"font-size: 30pt; color: #14769e;\"><strong>L\u2019HISTOIRE<\/strong><\/span><\/p>\n<\/div>\n<div class=\"fusion-sep-clear\"><\/div><div class=\"fusion-separator fusion-full-width-sep\" style=\"margin-left: auto;margin-right: auto;margin-top:10px;margin-bottom:10px;width:100%;\"><\/div><div class=\"fusion-sep-clear\"><\/div><div class=\"fusion-text fusion-text-3\"><p><strong>En 2021, le minist\u00e8re de la Sant\u00e9 et de l\u2019Hygi\u00e8ne Publique du Togo a sollicit\u00e9 l\u2019appui de la Fondation pour formaliser et op\u00e9rationnaliser une strat\u00e9gie nationale de e-sant\u00e9. La cr\u00e9ation du \u00ab\u00a0Centre National de Sant\u00e9 Digitale\u00a0\u00bb constitue une \u00e9tape essentielle dans la perspective de fournir un cadre de d\u00e9veloppement coh\u00e9rent et durable.<\/strong><\/p>\n<p>D\u00e9j\u00e0 engag\u00e9e au Togo dans le cadre d\u2019un <a href=\"https:\/\/www.fondationpierrefabre.org\/fr\/programmes-en-cours\/dermatologie-en-milieu-tropical\/prevention-et-prise-en-charge-des-cancers-de-la-peau-des-personnes-atteintes-dalbinisme\/\" target=\"_blank\" rel=\"noopener\">programme de prise en charge de l\u2019albinisme<\/a> et \u00e0 travers le <a href=\"https:\/\/www.fondationpierrefabre.org\/fr\/programmes-en-cours\/dermatologie-en-milieu-tropical\/deploiement-de-la-teledermatologie-teleder-togo\/\" target=\"_blank\" rel=\"noopener\">projet \u00ab\u00a0T\u00e9l\u00e9derTogo\u00a0\u00bb<\/a>, la Fondation Pierre Fabre accompagne depuis 2021 le minist\u00e8re de la Sant\u00e9 et de l\u2019Hygi\u00e8ne Publique dans la cr\u00e9ation d\u2019un centre de r\u00e9f\u00e9rence en e-sant\u00e9\u00a0: le Centre National de Sant\u00e9 Digitale (CNSD). Comme les autres pays de la sous-r\u00e9gion, le Togo pr\u00e9sente une forte pr\u00e9valence des maladies infectieuses cumul\u00e9e \u00e0 une concentration des capacit\u00e9s sanitaires dans les zones urbaines.<\/p>\n<p>La formalisation d\u2019une strat\u00e9gie nationale de sant\u00e9 digitale s\u2019appuie sur la reconnaissance du potentiel des technologies num\u00e9riques appliqu\u00e9es \u00e0 la sant\u00e9, en particulier depuis la crise sanitaire de 2020, et sur une volont\u00e9 politique de progresser vers la Couverture Sanitaire Universelle (CSU) \u00e0 l\u2019horizon 2030.<\/p>\n<p><strong>Encadrer et p\u00e9renniser les actions de e-sant\u00e9 au plan national<\/strong><\/p>\n<p>La cr\u00e9ation du CNSD est une \u00e9tape structurante dans la mise en place d\u2019une gouvernance en e-sant\u00e9 dot\u00e9e d\u2019un plan de d\u00e9veloppement national.<\/p>\n<p><strong>Deux premiers axes de d\u00e9ploiement\u00a0: dermatologie et sant\u00e9 materno-infantile<\/strong><\/p>\n<p>Les travaux engag\u00e9s dans le cadre de cette collaboration ciblent deux disciplines m\u00e9dicales :<\/p>\n<ul>\n<li>La poursuite du projet de t\u00e9l\u00e9dermatologie T\u00e9l\u00e9derTogo (lien, dont la phase d\u2019extension a commenc\u00e9 en 2021 et d\u00e9sormais \u00e0 l\u2019\u00e9chelle ;<\/li>\n<li>Le d\u00e9veloppement d\u2019un projet de sant\u00e9 materno-infantile avec la cr\u00e9ation d\u2019un service de t\u00e9l\u00e9-\u00e9chographie, gr\u00e2ce au soutien de la Fondation. Les femmes enceintes b\u00e9n\u00e9ficieront d\u2019un acc\u00e8s \u00e0 l\u2019examen \u00e9chographique pour le suivi pr\u00e9natal et la gestion des urgences obst\u00e9tricales dans 10 centres de sant\u00e9 du pays.<\/li>\n<\/ul>\n<p>Une phase d\u2019\u00e9valuation est \u00e9galement planifi\u00e9e par les partenaires, avec l\u2019objectif d\u2019analyser l\u2019impact concret des activit\u00e9s sur la sant\u00e9 des populations cibles et d\u2019\u00e9tablir des mod\u00e8les r\u00e9plicables aux autres pays de la sous-r\u00e9gion.<\/p>\n<\/div><div class=\"fusion-sep-clear\"><\/div><div class=\"fusion-separator fusion-full-width-sep\" style=\"margin-left: auto;margin-right: auto;margin-top:15px;width:100%;\"><\/div><div class=\"fusion-sep-clear\"><\/div><div class=\"fusion-clearfix\"><\/div><\/div><\/div><div class=\"fusion-layout-column fusion_builder_column fusion-builder-column-4 fusion_builder_column_2_5 2_5 fusion-two-fifth fusion-column-last page-side\" style=\"--awb-padding-top:10px;--awb-padding-right:15px;--awb-padding-left:15px;--awb-bg-size:cover;width:40%;width:calc(40% - ( ( 4% ) * 0.4 ) );\"><div class=\"fusion-column-wrapper fusion-flex-column-wrapper-legacy\"><div class=\"fusion-builder-row fusion-builder-row-inner fusion-row\"><div class=\"fusion-layout-column fusion_builder_column_inner fusion-builder-nested-column-0 fusion_builder_column_inner_1_1 1_1 fusion-one-full fusion-column-first fusion-column-last bloc-violet\" style=\"--awb-bg-size:cover;\"><div class=\"fusion-column-wrapper fusion-flex-column-wrapper-legacy\"><div class=\"fusion-text fusion-text-4\" style=\"--awb-text-color:#ffffff;\"><p style=\"text-align: center;\"><strong><span style=\"font-size: 14pt;\">L&rsquo;ESSENTIEL<\/span><br \/>\n<\/strong>_____<\/p>\n<p><strong>Axe<\/strong><br \/>\nE-sant\u00e9<\/p>\n<p><strong>Programme<\/strong><br \/>\nDepuis 2021<\/p>\n<p><strong>Mode d\u2019intervention<\/strong><\/p>\n<p><strong>Objectifs<\/strong><\/p>\n<ul>\n<li>R\u00e9aliser le suivi pr\u00e9natal et le diagnosticndes grossesses \u00e0 risque<\/li>\n<li>Permettre aux professionnels de sant\u00e9 en zone rurale de r\u00e9aliser des \u00e9chographies tout en se faisant aider par un expert \u00e0 distance<\/li>\n<\/ul>\n<\/div><div class=\"fusion-clearfix\"><\/div><\/div><\/div><\/div><div class=\"fusion-sep-clear\"><\/div><div class=\"fusion-separator fusion-full-width-sep\" style=\"margin-left: auto;margin-right: auto;margin-top:10px;margin-bottom:10px;width:100%;\"><\/div><div class=\"fusion-sep-clear\"><\/div><div class=\"fusion-builder-row fusion-builder-row-inner fusion-row\"><div class=\"fusion-layout-column fusion_builder_column_inner fusion-builder-nested-column-1 fusion_builder_column_inner_1_1 1_1 fusion-one-full fusion-column-first fusion-column-last bloc-bleu\" style=\"--awb-bg-size:cover;\" data-scroll-devices=\"small-visibility,medium-visibility,large-visibility\"><div class=\"fusion-column-wrapper fusion-column-has-shadow fusion-flex-column-wrapper-legacy\"><div class=\"fusion-text fusion-text-5\" style=\"--awb-text-color:#ffffff;\"><p style=\"text-align: center;\"><strong><span style=\"font-size: 14pt;\">LES DERNIERES AVANCEES<\/span><br \/>\n<\/strong>_____<\/p>\n<p><strong>Lancement de la phase pr\u00e9paratoire<\/strong><br \/>\nStructuration du projet : 10 centres de sant\u00e9 seront \u00e9quip\u00e9s d\u2019\u00e9chographes et de mat\u00e9riel informatique, 20 professionnels de sant\u00e9 seront form\u00e9s \u00e0 la r\u00e9alisation de l\u2019examen et \u00e0 l\u2019utilisation de la plateforme de t\u00e9l\u00e9m\u00e9decine.<\/p>\n<\/div><div class=\"fusion-clearfix\"><\/div><\/div><\/div><\/div><div class=\"fusion-sep-clear\"><\/div><div class=\"fusion-separator fusion-full-width-sep\" style=\"margin-left: auto;margin-right: auto;margin-top:10px;margin-bottom:10px;width:100%;\"><\/div><div class=\"fusion-sep-clear\"><\/div><div class=\"fusion-clearfix\"><\/div><\/div><\/div><\/div><\/div><div class=\"fusion-fullwidth fullwidth-box fusion-builder-row-5 has-pattern-background has-mask-background nonhundred-percent-fullwidth non-hundred-percent-height-scrolling fusion-equal-height-columns\" style=\"--awb-border-radius-top-left:0px;--awb-border-radius-top-right:0px;--awb-border-radius-bottom-right:0px;--awb-border-radius-bottom-left:0px;--awb-background-color:#22789c;--awb-flex-wrap:wrap;\" ><div class=\"fusion-builder-row fusion-row\"><div class=\"fusion-layout-column fusion_builder_column fusion-builder-column-5 fusion_builder_column_1_4 1_4 fusion-one-fourth fusion-column-first\" style=\"--awb-bg-size:cover;width:25%;width:calc(25% - ( ( 4% ) * 0.25 ) );margin-right: 4%;\"><div class=\"fusion-column-wrapper fusion-column-has-shadow fusion-flex-column-wrapper-legacy\"><div class=\"fusion-image-element in-legacy-container\" style=\"--awb-caption-title-font-family:var(--h2_typography-font-family);--awb-caption-title-font-weight:var(--h2_typography-font-weight);--awb-caption-title-font-style:var(--h2_typography-font-style);--awb-caption-title-size:var(--h2_typography-font-size);--awb-caption-title-transform:var(--h2_typography-text-transform);--awb-caption-title-line-height:var(--h2_typography-line-height);--awb-caption-title-letter-spacing:var(--h2_typography-letter-spacing);\"><span class=\" fusion-imageframe imageframe-none imageframe-2 hover-type-none\"><img decoding=\"async\" width=\"300\" height=\"300\" title=\"Aristide-Afeignindou-GNASSINGBE300\" src=\"https:\/\/www.fondationpierrefabre.org\/wp-content\/uploads\/sites\/2\/2022\/12\/Aristide-Afeignindou-GNASSINGBE300.jpg\" data-orig-src=\"https:\/\/www.fondationpierrefabre.org\/wp-content\/uploads\/sites\/2\/2022\/12\/Aristide-Afeignindou-GNASSINGBE300.jpg\" alt class=\"lazyload img-responsive wp-image-13314\" srcset=\"data:image\/svg+xml,%3Csvg%20xmlns%3D%27http%3A%2F%2Fwww.w3.org%2F2000%2Fsvg%27%20width%3D%27300%27%20height%3D%27300%27%20viewBox%3D%270%200%20300%20300%27%3E%3Crect%20width%3D%27300%27%20height%3D%27300%27%20fill-opacity%3D%220%22%2F%3E%3C%2Fsvg%3E\" data-srcset=\"https:\/\/www.fondationpierrefabre.org\/wp-content\/uploads\/sites\/2\/2022\/12\/Aristide-Afeignindou-GNASSINGBE300-200x200.jpg 200w, https:\/\/www.fondationpierrefabre.org\/wp-content\/uploads\/sites\/2\/2022\/12\/Aristide-Afeignindou-GNASSINGBE300.jpg 300w\" data-sizes=\"auto\" data-orig-sizes=\"(max-width: 800px) 100vw, 300px\" \/><\/span><\/div><div class=\"fusion-clearfix\"><\/div><\/div><\/div><div class=\"fusion-layout-column fusion_builder_column fusion-builder-column-6 fusion_builder_column_3_4 3_4 fusion-three-fourth fusion-column-last\" style=\"--awb-padding-top:40px;--awb-bg-size:cover;width:75%;width:calc(75% - ( ( 4% ) * 0.75 ) );\"><div class=\"fusion-column-wrapper fusion-flex-column-wrapper-legacy\"><div class=\"fusion-text fusion-text-6\"><p><span style=\"color: #ffffff;\"><img decoding=\"async\" class=\"lazyload alignnone wp-image-1802\" src=\"data:image\/svg+xml,%3Csvg%20xmlns%3D%27http%3A%2F%2Fwww.w3.org%2F2000%2Fsvg%27%20width%3D%2775%27%20height%3D%2763%27%20viewBox%3D%270%200%2075%2063%27%3E%3Crect%20width%3D%2775%27%20height%3D%2763%27%20fill-opacity%3D%220%22%2F%3E%3C%2Fsvg%3E\" data-orig-src=\"https:\/\/www.fondationpierrefabre.org\/wp-content\/uploads\/sites\/2\/2018\/07\/Sans-titre-1-1.png\" alt=\"\" width=\"75\" height=\"63\" \/><\/span><\/p>\n<p><span style=\"color: #ffffff;\">Le Centre National de Sant\u00e9 Digitale va assurer la gouvernance op\u00e9rationnelle des activit\u00e9s de sant\u00e9 num\u00e9rique \u00e0 travers la mise en place de fondamentaux, comme l\u2019interop\u00e9rabilit\u00e9 et la conformit\u00e9 des projets ou la collecte des donn\u00e9es sanitaires pour participer \u00e0 la surveillance \u00e9pid\u00e9miologique. Nous sommes tr\u00e8s reconnaissants de b\u00e9n\u00e9ficier de l\u2019expertise de la Fondation dans la mise en place d\u2019un environnement num\u00e9rique de sant\u00e9 au Togo.\u00a0\u00bb<\/span><\/p>\n<p><span style=\"color: #ffffff;\"><strong><span style=\"font-size: 10pt;\">Dr Aristide Af\u00e8ignindou GNASSINGBE<\/span><\/strong><\/span><br \/>\n<span style=\"font-size: 10pt; color: #ffffff;\">Ministre conseiller de la Sant\u00e9, mission permanente du Togo aupr\u00e8s de l\u2019ONU \u00e0 Gen\u00e8ve et coordinateur national de la sant\u00e9 digitale au Togo<\/span><\/p>\n<\/div><div class=\"fusion-clearfix\"><\/div><\/div><\/div><\/div><\/div><div class=\"fusion-fullwidth fullwidth-box fusion-builder-row-6 nonhundred-percent-fullwidth non-hundred-percent-height-scrolling\" style=\"--awb-border-radius-top-left:0px;--awb-border-radius-top-right:0px;--awb-border-radius-bottom-right:0px;--awb-border-radius-bottom-left:0px;--awb-padding-top:30px;--awb-padding-bottom:20px;--awb-background-color:#f2f2f2;--awb-flex-wrap:wrap;\" ><div class=\"fusion-builder-row fusion-row\"><div class=\"fusion-layout-column fusion_builder_column fusion-builder-column-7 fusion_builder_column_1_1 1_1 fusion-one-full fusion-column-first fusion-column-last\" style=\"--awb-bg-size:cover;\"><div class=\"fusion-column-wrapper fusion-flex-column-wrapper-legacy\"><div class=\"fusion-text fusion-text-7\"><h2 style=\"text-align: center;\">PARTENAIRES<\/h2>\n<\/div><div class=\"fusion-sep-clear\"><\/div><div class=\"fusion-separator fusion-full-width-sep\" style=\"margin-left: auto;margin-right: auto;margin-top:10px;width:100%;\"><\/div><div class=\"fusion-sep-clear\"><\/div><div class=\"fusion-clearfix\"><\/div><\/div><\/div><div class=\"fusion-layout-column fusion_builder_column fusion-builder-column-8 fusion_builder_column_1_2 1_2 fusion-one-half fusion-column-first\" style=\"--awb-bg-size:cover;width:50%;width:calc(50% - ( ( 4% ) * 0.5 ) );margin-right: 4%;\"><div class=\"fusion-column-wrapper fusion-flex-column-wrapper-legacy\"><div class=\"fusion-text fusion-text-8\"><ul>\n<li>Minist\u00e8re de la Sant\u00e9 de l\u2019Hygi\u00e8ne Publique et de l\u2019Acc\u00e8s Universel aux Soins<\/li>\n<\/ul>\n<\/div><div class=\"fusion-clearfix\"><\/div><\/div><\/div><\/div><\/div><div class=\"fusion-fullwidth fullwidth-box fusion-builder-row-7 nonhundred-percent-fullwidth non-hundred-percent-height-scrolling\" style=\"--awb-border-radius-top-left:0px;--awb-border-radius-top-right:0px;--awb-border-radius-bottom-right:0px;--awb-border-radius-bottom-left:0px;--awb-margin-top:40px;--awb-flex-wrap:wrap;\" ><div class=\"fusion-builder-row fusion-row\"><div class=\"fusion-layout-column fusion_builder_column fusion-builder-column-9 fusion_builder_column_1_3 1_3 fusion-one-third fusion-column-first\" style=\"--awb-bg-size:cover;width:33.333333333333%;width:calc(33.333333333333% - ( ( 4% + 4% ) * 0.33333333333333 ) );margin-right: 4%;\"><div class=\"fusion-column-wrapper fusion-flex-column-wrapper-legacy\"><div class=\"fusion-text fusion-text-9\"><h4 class=\"heading\"><span class=\"nulle\">Et aussi<\/span><\/h4>\n<\/div><div class=\"fusion-recent-posts fusion-recent-posts-1 avada-container layout-default layout-columns-1\"><section class=\"fusion-columns columns fusion-columns-1 columns-1\"><article class=\"post fusion-column column col col-lg-12 col-md-12 col-sm-12\"><div class=\"fusion-flexslider flexslider flexslider-hover-type-none\"><ul class=\"slides\"><li style=\"width: 100%; float: left; margin-right: -100%; position: relative; opacity: 1; display: block; z-index: 2;\" class=\"flex-active-slide\"><a href=\"https:\/\/www.fondationpierrefabre.org\/fr\/programmes\/observatoire-de-la-e-sante-dans-les-pays-du-sud\/\" class=\"hover-type-none\" aria-label=\"Observatoire de la E-Sant\u00e9 dans les pays du Sud\"><img class=\"lazyload\" decoding=\"async\" src=\"data:image\/svg+xml,%3Csvg%20xmlns%3D%27http%3A%2F%2Fwww.w3.org%2F2000%2Fsvg%27%20width%3D%271200%27%20height%3D%27800%27%20viewBox%3D%270%200%201200%20800%27%3E%3Crect%20width%3D%271200%27%20height%3D%27800%27%20fill-opacity%3D%220%22%2F%3E%3C%2Fsvg%3E\" data-orig-src=\"https:\/\/www.fondationpierrefabre.org\/wp-content\/uploads\/sites\/2\/2025\/07\/odess-1.jpg\" alt=\"\" draggable=\"false\"><\/a><\/li><\/div><div class=\"recent-posts-content\"><h4 class=\"entry-title\"><a href=\"https:\/\/www.fondationpierrefabre.org\/fr\/programmes\/observatoire-de-la-e-sante-dans-les-pays-du-sud\/\">Observatoire de la E-Sant\u00e9 dans les pays du Sud<\/a><\/h4>Consciente des possibilit\u00e9s offertes par la e-sant\u00e9 pour l'acc\u00e8s aux soins dans les pays les moins avanc\u00e9s, la Fondation a cr\u00e9\u00e9 l'observatoire de la e-sant\u00e9.<span class=\"fusion-date\"><em>20\/07\/2025<\/em><\/span><\/div><\/article><\/section><\/div><div class=\"fusion-clearfix\"><\/div><\/div><\/div><div class=\"fusion-layout-column fusion_builder_column fusion-builder-column-10 fusion_builder_column_1_3 1_3 fusion-one-third\" style=\"--awb-bg-size:cover;width:33.333333333333%;width:calc(33.333333333333% - ( ( 4% + 4% ) * 0.33333333333333 ) );margin-right: 4%;\"><div class=\"fusion-column-wrapper fusion-flex-column-wrapper-legacy\"><div class=\"fusion-text fusion-text-10\"><h4 class=\"heading\"><span class=\"nulle\">Et aussi<\/span><\/h4>\n<\/div><div class=\"fusion-recent-posts fusion-recent-posts-1 avada-container layout-default layout-columns-1\"><section class=\"fusion-columns columns fusion-columns-1 columns-1\"><article class=\"post fusion-column column col col-lg-12 col-md-12 col-sm-12\"><div class=\"fusion-flexslider flexslider flexslider-hover-type-none\"><ul class=\"slides\"><li style=\"width: 100%; float: left; margin-right: -100%; position: relative; opacity: 1; display: block; z-index: 2;\" class=\"flex-active-slide\"><a href=\"https:\/\/www.fondationpierrefabre.org\/fr\/programmes\/diplome-en-e-sante-avec-4-universites-africaines\/\" class=\"hover-type-none\" aria-label=\"Dipl\u00f4me en E-sant\u00e9 avec 4 universit\u00e9s africaines\"><img class=\"lazyload\" decoding=\"async\" src=\"data:image\/svg+xml,%3Csvg%20xmlns%3D%27http%3A%2F%2Fwww.w3.org%2F2000%2Fsvg%27%20width%3D%271200%27%20height%3D%27800%27%20viewBox%3D%270%200%201200%20800%27%3E%3Crect%20width%3D%271200%27%20height%3D%27800%27%20fill-opacity%3D%220%22%2F%3E%3C%2Fsvg%3E\" data-orig-src=\"https:\/\/www.fondationpierrefabre.org\/wp-content\/uploads\/sites\/2\/2025\/07\/Diplome-en-E-sante.jpg\" alt=\"\" draggable=\"false\"><\/a><\/li><\/div><div class=\"recent-posts-content\"><h4 class=\"entry-title\"><a href=\"https:\/\/www.fondationpierrefabre.org\/fr\/programmes\/diplome-en-e-sante-avec-4-universites-africaines\/\">Dipl\u00f4me en E-sant\u00e9 avec 4 universit\u00e9s africaines<\/a><\/h4>Face aux besoins de formation en e-sant\u00e9 adapt\u00e9e aux contextes des pays du Sud, ce Dipl\u00f4me Inter Universitaire en e-sant\u00e9 centr\u00e9 sur l\u2019innovation et la pratique sur le terrain permet de r\u00e9pondre aux probl\u00e8mes prioritaires de sant\u00e9.<span class=\"fusion-date\"><em>20\/07\/2025<\/em><\/span><\/div><\/article><\/section><\/div><div class=\"fusion-clearfix\"><\/div><\/div><\/div><div class=\"fusion-layout-column fusion_builder_column fusion-builder-column-11 fusion_builder_column_1_3 1_3 fusion-one-third fusion-column-last\" style=\"--awb-bg-size:cover;width:33.333333333333%;width:calc(33.333333333333% - ( ( 4% + 4% ) * 0.33333333333333 ) );\"><div class=\"fusion-column-wrapper fusion-flex-column-wrapper-legacy\"><div class=\"fusion-text fusion-text-11\"><h4 class=\"heading\"><span class=\"nulle\">Suivre notre action<\/span><\/h4>\n<\/div><div class=\"fusion-recent-posts fusion-recent-posts-1 avada-container layout-default layout-columns-1\"><section class=\"fusion-columns columns fusion-columns-1 columns-1\"><article class=\"post fusion-column column col col-lg-12 col-md-12 col-sm-12\"><div class=\"fusion-flexslider fusion-flexslider-loading flexslider flexslider-hover-type-none\"><ul class=\"slides\"><li><a href=\"https:\/\/www.fondationpierrefabre.org\/fr\/suivre-notre-action\/sud-liban-la-fondation-pierre-fabre-agit\/\" aria-label=\"Sud Liban : la Fondation Pierre Fabre agit\" class=\"hover-type-none\"><img decoding=\"async\" width=\"700\" height=\"441\" src=\"https:\/\/www.fondationpierrefabre.org\/wp-content\/uploads\/sites\/2\/2026\/04\/Solidarite-Liban-700x441.jpg\" class=\"attachment-recent-posts size-recent-posts lazyload\" alt=\"\" srcset=\"data:image\/svg+xml,%3Csvg%20xmlns%3D%27http%3A%2F%2Fwww.w3.org%2F2000%2Fsvg%27%20width%3D%271200%27%20height%3D%27800%27%20viewBox%3D%270%200%201200%20800%27%3E%3Crect%20width%3D%271200%27%20height%3D%27800%27%20fill-opacity%3D%220%22%2F%3E%3C%2Fsvg%3E\" data-orig-src=\"https:\/\/www.fondationpierrefabre.org\/wp-content\/uploads\/sites\/2\/2026\/04\/Solidarite-Liban-700x441.jpg\" data-srcset=\"https:\/\/www.fondationpierrefabre.org\/wp-content\/uploads\/sites\/2\/2026\/04\/Solidarite-Liban-320x202.jpg 320w, https:\/\/www.fondationpierrefabre.org\/wp-content\/uploads\/sites\/2\/2026\/04\/Solidarite-Liban-700x441.jpg 700w\" data-sizes=\"auto\" \/><\/a><\/li><\/ul><\/div><div class=\"recent-posts-content\"><span class=\"vcard\" style=\"display: none;\"><span class=\"fn\"><a href=\"https:\/\/www.fondationpierrefabre.org\/fr\/author\/tma25pf\/\" title=\"Articles par tma25pf\" rel=\"author\">tma25pf<\/a><\/span><\/span><span class=\"updated\" style=\"display:none;\">2026-04-23T23:42:32+02:00<\/span><h4 class=\"entry-title\"><a href=\"https:\/\/www.fondationpierrefabre.org\/fr\/suivre-notre-action\/sud-liban-la-fondation-pierre-fabre-agit\/\">Sud Liban : la Fondation Pierre Fabre agit<\/a><\/h4><p>La Fondation Pierre Fabre finance l\u2019organisation de convois humanitaires pour r\u00e9pondre en urgence aux besoins essentiels des habitants refusant l\u2019exode dans les villages au Sud Liban.<\/p><\/div><\/article><\/section><\/div><div class=\"fusion-clearfix\"><\/div><\/div><\/div><div class=\"fusion-layout-column fusion_builder_column fusion-builder-column-12 fusion_builder_column_1_1 1_1 fusion-one-full fusion-column-first fusion-column-last\" style=\"--awb-bg-size:cover;--awb-margin-bottom:50px;\"><div class=\"fusion-column-wrapper fusion-flex-column-wrapper-legacy\"><div class=\"fusion-button-wrapper fusion-aligncenter\"><a class=\"fusion-button button-flat button-small button-custom fusion-button-default button-1 fusion-button-span-no \" style=\"--button_accent_color:#717171;--button_accent_hover_color:#717171;--button_border_hover_color:#717171;--button_border_width-top:1px;--button_border_width-right:1px;--button_border_width-bottom:1px;--button_border_width-left:1px;--button-border-radius-top-left:0px;--button-border-radius-top-right:0px;--button-border-radius-bottom-right:0px;--button-border-radius-bottom-left:0px;--button_gradient_top_color:#f2f2f2;--button_gradient_bottom_color:#f2f2f2;--button_gradient_top_color_hover:#ffffff;--button_gradient_bottom_color_hover:#ffffff;--button_text_transform:none;\" target=\"_blank\" rel=\"noopener noreferrer\" href=\"https:\/\/www.fondationpierrefabre.org\/fr\/decouvrir-nos-programmes\/formation-des-professionnels-du-medicament\"><i class=\"fa-angle-double-right fas awb-button__icon awb-button__icon--default button-icon-left\" aria-hidden=\"true\"><\/i><span class=\"fusion-button-text awb-button__text awb-button__text--default\">Tous les programmes<\/span><\/a><\/div><div class=\"fusion-clearfix\"><\/div><\/div><\/div><\/div><\/div><\/p>\n","protected":false},"excerpt":{"rendered":"<p>En 2021, le minist\u00e8re de la Sant\u00e9 et de l\u2019Hygi\u00e8ne Publique du Togo a sollicit\u00e9 l\u2019appui de la Fondation pour formaliser et op\u00e9rationnaliser une strat\u00e9gie nationale de e-sant\u00e9. La cr\u00e9ation du \u00ab\u00a0Centre National de Sant\u00e9 Digitale\u00a0\u00bb constitue une \u00e9tape essentielle dans la perspective de fournir un cadre de d\u00e9veloppement coh\u00e9rent et durable.<\/p>\n","protected":false},"author":12,"featured_media":18060,"menu_order":49,"comment_status":"closed","ping_status":"closed","template":"","format":"standard","meta":{"_acf_changed":false,"footnotes":""},"portfolio_category":[479,466,519],"portfolio_skills":[],"portfolio_tags":[],"class_list":["post-18014","avada_portfolio","type-avada_portfolio","status-publish","format-standard","has-post-thumbnail","hentry","portfolio_category-e-sante","portfolio_category-en-cours","portfolio_category-togo"],"acf":[],"yoast_head":"<!-- This site is optimized with the Yoast SEO plugin v27.4 - https:\/\/yoast.com\/product\/yoast-seo-wordpress\/ -->\n<title>Soutien \u00e0 la sant\u00e9 num\u00e9rique au Togo - Fondation Pierre Fabre<\/title>\n<meta name=\"description\" content=\"En 2021, le minist\u00e8re de la Sant\u00e9 et de l\u2019Hygi\u00e8ne Publique du Togo a sollicit\u00e9 l\u2019appui de la Fondation pour formaliser et op\u00e9rationnaliser une strat\u00e9gie nationale de e-sant\u00e9. La cr\u00e9ation du \u00ab\u00a0Centre National de Sant\u00e9 Digitale\u00a0\u00bb constitue une \u00e9tape essentielle dans la perspective de fournir un cadre de d\u00e9veloppement coh\u00e9rent et durable.\" \/>\n<meta name=\"robots\" content=\"index, follow, max-snippet:-1, max-image-preview:large, max-video-preview:-1\" \/>\n<link rel=\"canonical\" href=\"https:\/\/www.fondationpierrefabre.org\/fr\/programmes\/soutien-a-la-sante-numerique-au-togo\/\" \/>\n<meta property=\"og:locale\" content=\"fr_FR\" \/>\n<meta property=\"og:type\" content=\"article\" \/>\n<meta property=\"og:title\" content=\"Soutien \u00e0 la sant\u00e9 num\u00e9rique au Togo - Fondation Pierre Fabre\" \/>\n<meta property=\"og:description\" content=\"En 2021, le minist\u00e8re de la Sant\u00e9 et de l\u2019Hygi\u00e8ne Publique du Togo a sollicit\u00e9 l\u2019appui de la Fondation pour formaliser et op\u00e9rationnaliser une strat\u00e9gie nationale de e-sant\u00e9. La cr\u00e9ation du \u00ab\u00a0Centre National de Sant\u00e9 Digitale\u00a0\u00bb constitue une \u00e9tape essentielle dans la perspective de fournir un cadre de d\u00e9veloppement coh\u00e9rent et durable.\" \/>\n<meta property=\"og:url\" content=\"https:\/\/www.fondationpierrefabre.org\/fr\/programmes\/soutien-a-la-sante-numerique-au-togo\/\" \/>\n<meta property=\"og:site_name\" content=\"Fondation Pierre Fabre\" \/>\n<meta property=\"article:publisher\" content=\"https:\/\/www.facebook.com\/FondationPierreFabre\/\" \/>\n<meta property=\"article:modified_time\" content=\"2025-11-23T17:22:18+00:00\" \/>\n<meta property=\"og:image\" content=\"https:\/\/www.fondationpierrefabre.org\/wp-content\/uploads\/sites\/2\/2025\/07\/CNSD-Togo.jpg\" \/>\n\t<meta property=\"og:image:width\" content=\"1200\" \/>\n\t<meta property=\"og:image:height\" content=\"800\" \/>\n\t<meta property=\"og:image:type\" content=\"image\/jpeg\" \/>\n<meta name=\"twitter:card\" content=\"summary_large_image\" \/>\n<meta name=\"twitter:site\" content=\"@FondationPFabre\" \/>\n<meta name=\"twitter:label1\" content=\"Dur\u00e9e de lecture estim\u00e9e\" \/>\n\t<meta name=\"twitter:data1\" content=\"5 minutes\" \/>\n<script type=\"application\/ld+json\" class=\"yoast-schema-graph\">{\"@context\":\"https:\\\/\\\/schema.org\",\"@graph\":[{\"@type\":\"WebPage\",\"@id\":\"https:\\\/\\\/www.fondationpierrefabre.org\\\/fr\\\/programmes\\\/soutien-a-la-sante-numerique-au-togo\\\/\",\"url\":\"https:\\\/\\\/www.fondationpierrefabre.org\\\/fr\\\/programmes\\\/soutien-a-la-sante-numerique-au-togo\\\/\",\"name\":\"Soutien \u00e0 la sant\u00e9 num\u00e9rique au Togo - Fondation Pierre Fabre\",\"isPartOf\":{\"@id\":\"https:\\\/\\\/www.fondationpierrefabre.org\\\/fr\\\/#website\"},\"primaryImageOfPage\":{\"@id\":\"https:\\\/\\\/www.fondationpierrefabre.org\\\/fr\\\/programmes\\\/soutien-a-la-sante-numerique-au-togo\\\/#primaryimage\"},\"image\":{\"@id\":\"https:\\\/\\\/www.fondationpierrefabre.org\\\/fr\\\/programmes\\\/soutien-a-la-sante-numerique-au-togo\\\/#primaryimage\"},\"thumbnailUrl\":\"https:\\\/\\\/www.fondationpierrefabre.org\\\/wp-content\\\/uploads\\\/sites\\\/2\\\/2025\\\/07\\\/CNSD-Togo.jpg\",\"datePublished\":\"2025-07-20T13:39:13+00:00\",\"dateModified\":\"2025-11-23T17:22:18+00:00\",\"description\":\"En 2021, le minist\u00e8re de la Sant\u00e9 et de l\u2019Hygi\u00e8ne Publique du Togo a sollicit\u00e9 l\u2019appui de la Fondation pour formaliser et op\u00e9rationnaliser une strat\u00e9gie nationale de e-sant\u00e9. La cr\u00e9ation du \u00ab\u00a0Centre National de Sant\u00e9 Digitale\u00a0\u00bb constitue une \u00e9tape essentielle dans la perspective de fournir un cadre de d\u00e9veloppement coh\u00e9rent et durable.\",\"breadcrumb\":{\"@id\":\"https:\\\/\\\/www.fondationpierrefabre.org\\\/fr\\\/programmes\\\/soutien-a-la-sante-numerique-au-togo\\\/#breadcrumb\"},\"inLanguage\":\"fr-FR\",\"potentialAction\":[{\"@type\":\"ReadAction\",\"target\":[\"https:\\\/\\\/www.fondationpierrefabre.org\\\/fr\\\/programmes\\\/soutien-a-la-sante-numerique-au-togo\\\/\"]}]},{\"@type\":\"ImageObject\",\"inLanguage\":\"fr-FR\",\"@id\":\"https:\\\/\\\/www.fondationpierrefabre.org\\\/fr\\\/programmes\\\/soutien-a-la-sante-numerique-au-togo\\\/#primaryimage\",\"url\":\"https:\\\/\\\/www.fondationpierrefabre.org\\\/wp-content\\\/uploads\\\/sites\\\/2\\\/2025\\\/07\\\/CNSD-Togo.jpg\",\"contentUrl\":\"https:\\\/\\\/www.fondationpierrefabre.org\\\/wp-content\\\/uploads\\\/sites\\\/2\\\/2025\\\/07\\\/CNSD-Togo.jpg\",\"width\":1200,\"height\":800},{\"@type\":\"BreadcrumbList\",\"@id\":\"https:\\\/\\\/www.fondationpierrefabre.org\\\/fr\\\/programmes\\\/soutien-a-la-sante-numerique-au-togo\\\/#breadcrumb\",\"itemListElement\":[{\"@type\":\"ListItem\",\"position\":1,\"name\":\"\",\"item\":\"https:\\\/\\\/www.fondationpierrefabre.org\\\/fr\\\/\"},{\"@type\":\"ListItem\",\"position\":2,\"name\":\"Portfolio\",\"item\":\"https:\\\/\\\/www.fondationpierrefabre.org\\\/en\\\/decouvrir-nos-programmes-old\\\/\"},{\"@type\":\"ListItem\",\"position\":3,\"name\":\"Soutien \u00e0 la sant\u00e9 num\u00e9rique au Togo\"}]},{\"@type\":\"WebSite\",\"@id\":\"https:\\\/\\\/www.fondationpierrefabre.org\\\/fr\\\/#website\",\"url\":\"https:\\\/\\\/www.fondationpierrefabre.org\\\/fr\\\/\",\"name\":\"Fondation Pierre Fabre\",\"description\":\"Acc\u00e8s aux soins de qualit\u00e9 pour tous\",\"publisher\":{\"@id\":\"https:\\\/\\\/www.fondationpierrefabre.org\\\/fr\\\/#organization\"},\"potentialAction\":[{\"@type\":\"SearchAction\",\"target\":{\"@type\":\"EntryPoint\",\"urlTemplate\":\"https:\\\/\\\/www.fondationpierrefabre.org\\\/fr\\\/?s={search_term_string}\"},\"query-input\":{\"@type\":\"PropertyValueSpecification\",\"valueRequired\":true,\"valueName\":\"search_term_string\"}}],\"inLanguage\":\"fr-FR\"},{\"@type\":\"Organization\",\"@id\":\"https:\\\/\\\/www.fondationpierrefabre.org\\\/fr\\\/#organization\",\"name\":\"Fondation Pierre Fabre\",\"alternateName\":\"FPF\",\"url\":\"https:\\\/\\\/www.fondationpierrefabre.org\\\/fr\\\/\",\"logo\":{\"@type\":\"ImageObject\",\"inLanguage\":\"fr-FR\",\"@id\":\"https:\\\/\\\/www.fondationpierrefabre.org\\\/fr\\\/#\\\/schema\\\/logo\\\/image\\\/\",\"url\":\"https:\\\/\\\/www.fondationpierrefabre.org\\\/wp-content\\\/uploads\\\/sites\\\/2\\\/2020\\\/03\\\/FPF_Logo500.png\",\"contentUrl\":\"https:\\\/\\\/www.fondationpierrefabre.org\\\/wp-content\\\/uploads\\\/sites\\\/2\\\/2020\\\/03\\\/FPF_Logo500.png\",\"width\":500,\"height\":155,\"caption\":\"Fondation Pierre Fabre\"},\"image\":{\"@id\":\"https:\\\/\\\/www.fondationpierrefabre.org\\\/fr\\\/#\\\/schema\\\/logo\\\/image\\\/\"},\"sameAs\":[\"https:\\\/\\\/www.facebook.com\\\/FondationPierreFabre\\\/\",\"https:\\\/\\\/x.com\\\/FondationPFabre\",\"https:\\\/\\\/www.linkedin.com\\\/company\\\/fondation_pierrefabre\\\/\",\"https:\\\/\\\/www.youtube.com\\\/channel\\\/UCSTB8YVIiEnbarvfFcQ-4UA\"]}]}<\/script>\n<!-- \/ Yoast SEO plugin. -->","yoast_head_json":{"title":"Soutien \u00e0 la sant\u00e9 num\u00e9rique au Togo - Fondation Pierre Fabre","description":"En 2021, le minist\u00e8re de la Sant\u00e9 et de l\u2019Hygi\u00e8ne Publique du Togo a sollicit\u00e9 l\u2019appui de la Fondation pour formaliser et op\u00e9rationnaliser une strat\u00e9gie nationale de e-sant\u00e9. La cr\u00e9ation du \u00ab\u00a0Centre National de Sant\u00e9 Digitale\u00a0\u00bb constitue une \u00e9tape essentielle dans la perspective de fournir un cadre de d\u00e9veloppement coh\u00e9rent et durable.","robots":{"index":"index","follow":"follow","max-snippet":"max-snippet:-1","max-image-preview":"max-image-preview:large","max-video-preview":"max-video-preview:-1"},"canonical":"https:\/\/www.fondationpierrefabre.org\/fr\/programmes\/soutien-a-la-sante-numerique-au-togo\/","og_locale":"fr_FR","og_type":"article","og_title":"Soutien \u00e0 la sant\u00e9 num\u00e9rique au Togo - Fondation Pierre Fabre","og_description":"En 2021, le minist\u00e8re de la Sant\u00e9 et de l\u2019Hygi\u00e8ne Publique du Togo a sollicit\u00e9 l\u2019appui de la Fondation pour formaliser et op\u00e9rationnaliser une strat\u00e9gie nationale de e-sant\u00e9. La cr\u00e9ation du \u00ab\u00a0Centre National de Sant\u00e9 Digitale\u00a0\u00bb constitue une \u00e9tape essentielle dans la perspective de fournir un cadre de d\u00e9veloppement coh\u00e9rent et durable.","og_url":"https:\/\/www.fondationpierrefabre.org\/fr\/programmes\/soutien-a-la-sante-numerique-au-togo\/","og_site_name":"Fondation Pierre Fabre","article_publisher":"https:\/\/www.facebook.com\/FondationPierreFabre\/","article_modified_time":"2025-11-23T17:22:18+00:00","og_image":[{"width":1200,"height":800,"url":"https:\/\/www.fondationpierrefabre.org\/wp-content\/uploads\/sites\/2\/2025\/07\/CNSD-Togo.jpg","type":"image\/jpeg"}],"twitter_card":"summary_large_image","twitter_site":"@FondationPFabre","twitter_misc":{"Dur\u00e9e de lecture estim\u00e9e":"5 minutes"},"schema":{"@context":"https:\/\/schema.org","@graph":[{"@type":"WebPage","@id":"https:\/\/www.fondationpierrefabre.org\/fr\/programmes\/soutien-a-la-sante-numerique-au-togo\/","url":"https:\/\/www.fondationpierrefabre.org\/fr\/programmes\/soutien-a-la-sante-numerique-au-togo\/","name":"Soutien \u00e0 la sant\u00e9 num\u00e9rique au Togo - Fondation Pierre Fabre","isPartOf":{"@id":"https:\/\/www.fondationpierrefabre.org\/fr\/#website"},"primaryImageOfPage":{"@id":"https:\/\/www.fondationpierrefabre.org\/fr\/programmes\/soutien-a-la-sante-numerique-au-togo\/#primaryimage"},"image":{"@id":"https:\/\/www.fondationpierrefabre.org\/fr\/programmes\/soutien-a-la-sante-numerique-au-togo\/#primaryimage"},"thumbnailUrl":"https:\/\/www.fondationpierrefabre.org\/wp-content\/uploads\/sites\/2\/2025\/07\/CNSD-Togo.jpg","datePublished":"2025-07-20T13:39:13+00:00","dateModified":"2025-11-23T17:22:18+00:00","description":"En 2021, le minist\u00e8re de la Sant\u00e9 et de l\u2019Hygi\u00e8ne Publique du Togo a sollicit\u00e9 l\u2019appui de la Fondation pour formaliser et op\u00e9rationnaliser une strat\u00e9gie nationale de e-sant\u00e9. La cr\u00e9ation du \u00ab\u00a0Centre National de Sant\u00e9 Digitale\u00a0\u00bb constitue une \u00e9tape essentielle dans la perspective de fournir un cadre de d\u00e9veloppement coh\u00e9rent et durable.","breadcrumb":{"@id":"https:\/\/www.fondationpierrefabre.org\/fr\/programmes\/soutien-a-la-sante-numerique-au-togo\/#breadcrumb"},"inLanguage":"fr-FR","potentialAction":[{"@type":"ReadAction","target":["https:\/\/www.fondationpierrefabre.org\/fr\/programmes\/soutien-a-la-sante-numerique-au-togo\/"]}]},{"@type":"ImageObject","inLanguage":"fr-FR","@id":"https:\/\/www.fondationpierrefabre.org\/fr\/programmes\/soutien-a-la-sante-numerique-au-togo\/#primaryimage","url":"https:\/\/www.fondationpierrefabre.org\/wp-content\/uploads\/sites\/2\/2025\/07\/CNSD-Togo.jpg","contentUrl":"https:\/\/www.fondationpierrefabre.org\/wp-content\/uploads\/sites\/2\/2025\/07\/CNSD-Togo.jpg","width":1200,"height":800},{"@type":"BreadcrumbList","@id":"https:\/\/www.fondationpierrefabre.org\/fr\/programmes\/soutien-a-la-sante-numerique-au-togo\/#breadcrumb","itemListElement":[{"@type":"ListItem","position":1,"name":"","item":"https:\/\/www.fondationpierrefabre.org\/fr\/"},{"@type":"ListItem","position":2,"name":"Portfolio","item":"https:\/\/www.fondationpierrefabre.org\/en\/decouvrir-nos-programmes-old\/"},{"@type":"ListItem","position":3,"name":"Soutien \u00e0 la sant\u00e9 num\u00e9rique au Togo"}]},{"@type":"WebSite","@id":"https:\/\/www.fondationpierrefabre.org\/fr\/#website","url":"https:\/\/www.fondationpierrefabre.org\/fr\/","name":"Fondation Pierre Fabre","description":"Acc\u00e8s aux soins de qualit\u00e9 pour tous","publisher":{"@id":"https:\/\/www.fondationpierrefabre.org\/fr\/#organization"},"potentialAction":[{"@type":"SearchAction","target":{"@type":"EntryPoint","urlTemplate":"https:\/\/www.fondationpierrefabre.org\/fr\/?s={search_term_string}"},"query-input":{"@type":"PropertyValueSpecification","valueRequired":true,"valueName":"search_term_string"}}],"inLanguage":"fr-FR"},{"@type":"Organization","@id":"https:\/\/www.fondationpierrefabre.org\/fr\/#organization","name":"Fondation Pierre Fabre","alternateName":"FPF","url":"https:\/\/www.fondationpierrefabre.org\/fr\/","logo":{"@type":"ImageObject","inLanguage":"fr-FR","@id":"https:\/\/www.fondationpierrefabre.org\/fr\/#\/schema\/logo\/image\/","url":"https:\/\/www.fondationpierrefabre.org\/wp-content\/uploads\/sites\/2\/2020\/03\/FPF_Logo500.png","contentUrl":"https:\/\/www.fondationpierrefabre.org\/wp-content\/uploads\/sites\/2\/2020\/03\/FPF_Logo500.png","width":500,"height":155,"caption":"Fondation Pierre Fabre"},"image":{"@id":"https:\/\/www.fondationpierrefabre.org\/fr\/#\/schema\/logo\/image\/"},"sameAs":["https:\/\/www.facebook.com\/FondationPierreFabre\/","https:\/\/x.com\/FondationPFabre","https:\/\/www.linkedin.com\/company\/fondation_pierrefabre\/","https:\/\/www.youtube.com\/channel\/UCSTB8YVIiEnbarvfFcQ-4UA"]}]}},"_links":{"self":[{"href":"https:\/\/www.fondationpierrefabre.org\/fr\/wp-json\/wp\/v2\/avada_portfolio\/18014","targetHints":{"allow":["GET"]}}],"collection":[{"href":"https:\/\/www.fondationpierrefabre.org\/fr\/wp-json\/wp\/v2\/avada_portfolio"}],"about":[{"href":"https:\/\/www.fondationpierrefabre.org\/fr\/wp-json\/wp\/v2\/types\/avada_portfolio"}],"author":[{"embeddable":true,"href":"https:\/\/www.fondationpierrefabre.org\/fr\/wp-json\/wp\/v2\/users\/12"}],"replies":[{"embeddable":true,"href":"https:\/\/www.fondationpierrefabre.org\/fr\/wp-json\/wp\/v2\/comments?post=18014"}],"version-history":[{"count":3,"href":"https:\/\/www.fondationpierrefabre.org\/fr\/wp-json\/wp\/v2\/avada_portfolio\/18014\/revisions"}],"predecessor-version":[{"id":19236,"href":"https:\/\/www.fondationpierrefabre.org\/fr\/wp-json\/wp\/v2\/avada_portfolio\/18014\/revisions\/19236"}],"wp:featuredmedia":[{"embeddable":true,"href":"https:\/\/www.fondationpierrefabre.org\/fr\/wp-json\/wp\/v2\/media\/18060"}],"wp:attachment":[{"href":"https:\/\/www.fondationpierrefabre.org\/fr\/wp-json\/wp\/v2\/media?parent=18014"}],"wp:term":[{"taxonomy":"portfolio_category","embeddable":true,"href":"https:\/\/www.fondationpierrefabre.org\/fr\/wp-json\/wp\/v2\/portfolio_category?post=18014"},{"taxonomy":"portfolio_skills","embeddable":true,"href":"https:\/\/www.fondationpierrefabre.org\/fr\/wp-json\/wp\/v2\/portfolio_skills?post=18014"},{"taxonomy":"portfolio_tags","embeddable":true,"href":"https:\/\/www.fondationpierrefabre.org\/fr\/wp-json\/wp\/v2\/portfolio_tags?post=18014"}],"curies":[{"name":"wp","href":"https:\/\/api.w.org\/{rel}","templated":true}]}}