{"id":18011,"date":"2025-07-20T15:39:28","date_gmt":"2025-07-20T13:39:28","guid":{"rendered":"https:\/\/www.fondationpierrefabre.org\/?post_type=avada_portfolio&#038;p=18011"},"modified":"2025-11-23T18:21:38","modified_gmt":"2025-11-23T17:21:38","slug":"diplome-en-e-sante-avec-4-universites-africaines","status":"publish","type":"avada_portfolio","link":"https:\/\/www.fondationpierrefabre.org\/fr\/programmes\/diplome-en-e-sante-avec-4-universites-africaines\/","title":{"rendered":"Dipl\u00f4me en E-sant\u00e9 avec 4 universit\u00e9s africaines"},"content":{"rendered":"<p><div class=\"fusion-fullwidth fullwidth-box fusion-builder-row-1 nonhundred-percent-fullwidth non-hundred-percent-height-scrolling\" style=\"--awb-border-radius-top-left:0px;--awb-border-radius-top-right:0px;--awb-border-radius-bottom-right:0px;--awb-border-radius-bottom-left:0px;--awb-background-color:#f2f2f2;--awb-flex-wrap:wrap;\" ><div class=\"fusion-builder-row fusion-row\"><div class=\"fusion-layout-column fusion_builder_column fusion-builder-column-0 fusion_builder_column_1_1 1_1 fusion-one-full fusion-column-first fusion-column-last\" style=\"--awb-bg-color:#f2f2f2;--awb-bg-color-hover:#f2f2f2;--awb-bg-size:cover;\"><div class=\"fusion-column-wrapper fusion-flex-column-wrapper-legacy\"><div class=\"fusion-text fusion-text-1\"><h1 style=\"text-align: center;\">Dipl\u00f4me en E-sant\u00e9 avec 4 universit\u00e9s africaines<\/h1>\n<h3 style=\"text-align: center;\"><em><span style=\"color: #717171;\">\u2014 Mali, S\u00e9n\u00e9gal, C\u00f4te d&rsquo;Ivoire, Togo \u2014<\/span><\/em><\/h3>\n<\/div><div class=\"fusion-clearfix\"><\/div><\/div><\/div><\/div><\/div><div class=\"fusion-fullwidth fullwidth-box fusion-builder-row-2 fusion-parallax-none nonhundred-percent-fullwidth non-hundred-percent-height-scrolling lazyload\" style=\"--awb-border-radius-top-left:0px;--awb-border-radius-top-right:0px;--awb-border-radius-bottom-right:0px;--awb-border-radius-bottom-left:0px;--awb-background-size:cover;--awb-flex-wrap:wrap;\" data-bg=\"https:\/\/www.fondationpierrefabre.org\/wp-content\/uploads\/sites\/2\/2019\/10\/Sans-titre-14-1200x480.png\" ><div class=\"fusion-builder-row fusion-row\"><div class=\"fusion-layout-column fusion_builder_column fusion-builder-column-1 fusion_builder_column_1_1 1_1 fusion-one-full fusion-column-first fusion-column-last\" style=\"--awb-bg-size:cover;--awb-margin-top:305px;--awb-margin-bottom:305px;\"><div class=\"fusion-column-wrapper fusion-flex-column-wrapper-legacy\"><div class=\"fusion-clearfix\"><\/div><\/div><\/div><\/div><\/div><div class=\"fusion-fullwidth fullwidth-box fusion-builder-row-3 nonhundred-percent-fullwidth non-hundred-percent-height-scrolling\" style=\"--awb-border-radius-top-left:0px;--awb-border-radius-top-right:0px;--awb-border-radius-bottom-right:0px;--awb-border-radius-bottom-left:0px;--awb-padding-bottom:40px;--awb-background-color:#f2f2f2;--awb-flex-wrap:wrap;\" ><div class=\"fusion-builder-row fusion-row\"><div class=\"fusion-layout-column fusion_builder_column fusion-builder-column-2 fusion_builder_column_3_5 3_5 fusion-three-fifth fusion-column-first\" style=\"--awb-bg-size:cover;width:60%;width:calc(60% - ( ( 4% ) * 0.6 ) );margin-right: 4%;\"><div class=\"fusion-column-wrapper fusion-flex-column-wrapper-legacy\"><div class=\"fusion-text fusion-text-2\"><h1>L&rsquo;HISTOIRE<\/h1>\n<p>Faisant le constat d\u2019un besoin de formation en e-sant\u00e9 adapt\u00e9e aux contextes des pays du Sud, l\u2019Universit\u00e9 de Bamako a propos\u00e9 la mise en place d\u2019un Dipl\u00f4me Inter Universitaire en e-sant\u00e9 centr\u00e9 sur l\u2019innovation et la pratique sur le terrain afin de r\u00e9pondre aux probl\u00e8mes prioritaires de sant\u00e9.<\/p>\n<p>Annonc\u00e9e lors de la <a href=\"https:\/\/www.fondationpierrefabre.org\/fr\/suivre-notre-action\/troisieme-conference-de-lobservatoire-une-journee-dediee-la-e-sante\/\">Conf\u00e9rence 2018 de l\u2019Observatoire de la E-sant\u00e9<\/a>, la cr\u00e9ation de ce dipl\u00f4me vise \u00e0 d\u00e9velopper <strong>le savoir-faire dans l\u2019utilisation de la e-sant\u00e9 pour am\u00e9liorer la prise en charge des patients, le pilotage de la sant\u00e9 publique, l\u2019\u00e9quit\u00e9 d\u2019acc\u00e8s aux soins et l\u2019optimisation des d\u00e9penses de sant\u00e9<\/strong>. Le but est de faire \u00e9merger les innovations align\u00e9es sur les strat\u00e9gies de sant\u00e9 des pays, de cultiver des comp\u00e9tences pour un d\u00e9veloppement coh\u00e9rent, harmonieux et durable de ces outils innovants au b\u00e9n\u00e9fice des populations. Ce DIU est men\u00e9 en partenariat avec l\u2019Universit\u00e9 des Sciences, techniques et technologies de \u00a0Bamako, l\u2019Universit\u00e9 Cheikh Anta Diop de Dakar, l\u2019universit\u00e9 F\u00e9lix Houphou\u00ebt-Boigny d\u2019Abidjan et la Facult\u00e9 des sciences de la sant\u00e9 de Lom\u00e9.<\/p>\n<p>D\u2019un volume horaire 100 heures, l\u2019enseignement se d\u00e9roule en deux volets : un enseignement \u00e0 distance pour les cours th\u00e9oriques et un regroupement des apprenants pour les compl\u00e9ments. Le programme est \u00e9galement align\u00e9 avec les priorit\u00e9s de sant\u00e9 des pays impliqu\u00e9s et traitera notamment des probl\u00e9matiques de gestion de projets, d\u2019interop\u00e9rabilit\u00e9, et des aspects r\u00e9glementaires.<\/p>\n<p>La formation s\u2019adresse aux Responsables en e-sant\u00e9 dans les minist\u00e8res de la sant\u00e9 et ou des technologies des pays du Sud ; professionnels praticiens de la sant\u00e9 usagers ou potentiellement usagers de la e-sant\u00e9 ; promoteurs des startups (innovateurs) et informaticiens travaillant dans le secteur de la sant\u00e9; Responsables ou charg\u00e9s e-sant\u00e9 des Organisation Non Gouvernementales et internationales. En 2019, la premi\u00e8re promotion a \u00e9t\u00e9 recrut\u00e9s suite \u00e0 un appel \u00e0 candidature. <strong>Pour en savoir plus sur les conditions d\u2019acc\u00e8s : <a href=\"https:\/\/www.digisantemali.info\/diu-e-sante\/\">https:\/\/www.digisantemali.info\/diu-e-sante\/ <\/a><\/strong><\/p>\n<p>Enfin, pour soutenir durablement cette formation et le d\u00e9veloppement professionnel de la sant\u00e9 digitale, la Fondation Pierre Fabre a soutenu <strong>la cr\u00e9ation d\u2019un Laboratoire d\u2019Innovation et de Sant\u00e9 Digitale, baptis\u00e9 \u00ab Digi-Sant\u00e9-Mali \u00bb<\/strong>. Il est cr\u00e9\u00e9 au sein de l\u2019Universit\u00e9 des Sciences, des Techniques et des Technologies de Bamako afin de proposer une structure acad\u00e9mique identifi\u00e9e et professionnelle permettant de d\u00e9velopper la formation et la recherche dans le domaine de la e-sant\u00e9. Il s\u2019agit du 1er centre physique d\u00e9di\u00e9 sp\u00e9cifiquement \u00e0 la sant\u00e9 digitale en Afrique francophone.\u00a0En 2023, les promotions passeront de 20 \u00e0 60 \u00e9tudiants afin de r\u00e9pondre \u00e0 la croissance de la demande (+ 63 % en trois ans).<\/p>\n<\/div><div class=\"fusion-sep-clear\"><\/div><div class=\"fusion-separator fusion-full-width-sep\" style=\"margin-left: auto;margin-right: auto;margin-top:15px;width:100%;\"><\/div><div class=\"fusion-sep-clear\"><\/div><div class=\"fusion-sep-clear\"><\/div><div class=\"fusion-separator fusion-no-small-visibility fusion-no-medium-visibility fusion-full-width-sep\" style=\"margin-left: auto;margin-right: auto;margin-top:100px;width:100%;\"><\/div><div class=\"fusion-sep-clear\"><\/div><div class=\"fusion-clearfix\"><\/div><\/div><\/div><div class=\"fusion-layout-column fusion_builder_column fusion-builder-column-3 fusion_builder_column_2_5 2_5 fusion-two-fifth fusion-column-last page-side\" style=\"--awb-padding-top:10px;--awb-padding-right:15px;--awb-padding-left:15px;--awb-bg-size:cover;width:40%;width:calc(40% - ( ( 4% ) * 0.4 ) );\"><div class=\"fusion-column-wrapper fusion-flex-column-wrapper-legacy\"><div class=\"fusion-builder-row fusion-builder-row-inner fusion-row\"><div class=\"fusion-layout-column fusion_builder_column_inner fusion-builder-nested-column-0 fusion_builder_column_inner_1_1 1_1 fusion-one-full fusion-column-first fusion-column-last bloc-violet\" style=\"--awb-bg-size:cover;\"><div class=\"fusion-column-wrapper fusion-flex-column-wrapper-legacy\"><div class=\"fusion-text fusion-text-3\" style=\"--awb-text-color:#ffffff;\"><p style=\"text-align: center;\"><strong><span style=\"font-size: 14pt;\">L&rsquo;ESSENTIEL<\/span><br \/>\n<\/strong>_____<\/p>\n<p><strong>Axe<\/strong><br \/>\nE-sant\u00e9<\/p>\n<p><strong>Programme<\/strong><br \/>\nDepuis 2018<\/p>\n<p><strong>Mode d\u2019intervention<\/strong><br \/>\nDistributeur et op\u00e9rateur<\/p>\n<p><strong>Objectifs<\/strong><\/p>\n<ul>\n<li>Offrir un cadre d\u2019apprentissage partag\u00e9 aux acteurs cl\u00e9s de la e-sant\u00e9<\/li>\n<li>Faire \u00e9merger les innovations align\u00e9es sur les strat\u00e9gies de sant\u00e9 nationales<\/li>\n<li>Contribuer au d\u00e9veloppement coh\u00e9rent de solutions de sant\u00e9 num\u00e9rique au b\u00e9n\u00e9fice du plus grand nombre<\/li>\n<\/ul>\n<\/div><div class=\"fusion-clearfix\"><\/div><\/div><\/div><\/div><div class=\"fusion-sep-clear\"><\/div><div class=\"fusion-separator fusion-full-width-sep\" style=\"margin-left: auto;margin-right: auto;margin-top:10px;margin-bottom:10px;width:100%;\"><\/div><div class=\"fusion-sep-clear\"><\/div><div class=\"fusion-builder-row fusion-builder-row-inner fusion-row\"><div class=\"fusion-layout-column fusion_builder_column_inner fusion-builder-nested-column-1 fusion_builder_column_inner_1_1 1_1 fusion-one-full fusion-column-first fusion-column-last bloc-bleu\" style=\"--awb-bg-size:cover;\" data-scroll-devices=\"small-visibility,medium-visibility,large-visibility\"><div class=\"fusion-column-wrapper fusion-column-has-shadow fusion-flex-column-wrapper-legacy\"><div class=\"fusion-text fusion-text-4\" style=\"--awb-text-color:#ffffff;\"><p style=\"text-align: center;\"><strong><span style=\"font-size: 14pt;\">LES DERNIERES AVANCEES<\/span><br \/>\n<\/strong>_____<\/p>\n<p><strong>Validation du projet d\u2019extension<\/strong><br \/>\n\u00c0 partir de 2023, les promotions passent de 20 \u00e0 60 \u00e9tudiants afin de r\u00e9pondre \u00e0 la croissance de la demande (+ 63 % en trois ans).<\/p>\n<\/div><div class=\"fusion-clearfix\"><\/div><\/div><\/div><\/div><div class=\"fusion-sep-clear\"><\/div><div class=\"fusion-separator fusion-full-width-sep\" style=\"margin-left: auto;margin-right: auto;margin-top:10px;margin-bottom:10px;width:100%;\"><\/div><div class=\"fusion-sep-clear\"><\/div><div class=\"fusion-builder-row fusion-builder-row-inner fusion-row\"><div class=\"fusion-layout-column fusion_builder_column_inner fusion-builder-nested-column-2 fusion_builder_column_inner_1_1 1_1 fusion-one-full fusion-column-first fusion-column-last mod-contact\" style=\"--awb-bg-size:cover;\"><div class=\"fusion-column-wrapper fusion-flex-column-wrapper-legacy\"><div class=\"fusion-text fusion-text-5\"><p style=\"text-align: left;\"><span style=\"color: #14769e;\"><strong>Digi S@nt\u00e9 Mali\u00a0<\/strong><\/span><br \/>\nCentre d\u2019Innovation et de Sant\u00e9 Digitale<br \/>\nBiblioth\u00e8que de la Facult\u00e9 de M\u00e9d\u00e9cine et d\u2019Odonto-Stomatologie<br \/>\n1er \u00e9tage, BP : E3791<br \/>\nEmail : infos@digisantemali.info<\/p>\n<p><strong>https:\/\/www.digisantemali.info\/<\/strong><\/p>\n<\/div><div class=\"fusion-clearfix\"><\/div><\/div><\/div><\/div><div class=\"fusion-clearfix\"><\/div><\/div><\/div><\/div><\/div><div class=\"fusion-fullwidth fullwidth-box fusion-builder-row-4 fusion-flex-container has-pattern-background has-mask-background nonhundred-percent-fullwidth non-hundred-percent-height-scrolling\" style=\"--awb-border-radius-top-left:0px;--awb-border-radius-top-right:0px;--awb-border-radius-bottom-right:0px;--awb-border-radius-bottom-left:0px;--awb-margin-top:50px;--awb-margin-bottom:50px;--awb-flex-wrap:wrap;\" ><div class=\"fusion-builder-row fusion-row fusion-flex-align-items-flex-start fusion-flex-content-wrap\" style=\"max-width:104%;margin-left: calc(-4% \/ 2 );margin-right: calc(-4% \/ 2 );\"><div class=\"fusion-layout-column fusion_builder_column fusion-builder-column-4 fusion_builder_column_1_1 1_1 fusion-flex-column\" style=\"--awb-bg-color:#ffffff;--awb-bg-color-hover:#ffffff;--awb-bg-size:cover;--awb-width-large:100%;--awb-margin-top-large:0px;--awb-spacing-right-large:1.92%;--awb-margin-bottom-large:0px;--awb-spacing-left-large:1.92%;--awb-width-medium:100%;--awb-order-medium:0;--awb-spacing-right-medium:1.92%;--awb-spacing-left-medium:1.92%;--awb-width-small:100%;--awb-order-small:0;--awb-spacing-right-small:1.92%;--awb-spacing-left-small:1.92%;\" data-scroll-devices=\"small-visibility,medium-visibility,large-visibility\"><div class=\"fusion-column-wrapper fusion-column-has-shadow fusion-flex-justify-content-flex-start fusion-content-layout-column\"><div class=\"fusion-text fusion-text-6\"><p style=\"text-align: center;\"><strong>Du 4 au 7 d\u00e9cembre 2023, les 50 apprenants de la 5\u00e8me promotion du dipl\u00f4me inter-universitaire en e-sant\u00e9 \u00ab Innovation et Pratiques en Sant\u00e9 \u00bb se sont retrouv\u00e9s \u00e0 Abidjan en C\u00f4te d\u2019Ivoire, pour un hackathon.\u00a0<\/strong><\/p>\n<\/div><div class=\"fusion-separator fusion-full-width-sep\" style=\"align-self: center;margin-left: auto;margin-right: auto;width:100%;\"><div class=\"fusion-separator-border sep-double\" style=\"--awb-height:20px;--awb-amount:20px;--awb-sep-color:#fffcfc;border-color:#fffcfc;border-top-width:1px;border-bottom-width:1px;\"><\/div><\/div><div class=\"fusion-video fusion-youtube\" style=\"--awb-max-width:600px;--awb-max-height:360px;--awb-align-self:center;--awb-width:100%;\"><div class=\"video-shortcode\"><div class=\"fluid-width-video-wrapper\" style=\"padding-top:60%;\" ><iframe title=\"YouTube video player 1\" src=\"https:\/\/www.youtube.com\/embed\/ECd9dGhTxxg?wmode=transparent&autoplay=0\" width=\"600\" height=\"360\" allowfullscreen allow=\"autoplay; clipboard-write; encrypted-media; gyroscope; picture-in-picture;\"><\/iframe><\/div><\/div><\/div><\/div><\/div><div class=\"fusion-layout-column fusion_builder_column fusion-builder-column-5 fusion_builder_column_1_1 1_1 fusion-flex-column\" style=\"--awb-bg-color:#ffffff;--awb-bg-color-hover:#ffffff;--awb-bg-size:cover;--awb-width-large:100%;--awb-margin-top-large:0px;--awb-spacing-right-large:1.92%;--awb-margin-bottom-large:0px;--awb-spacing-left-large:1.92%;--awb-width-medium:100%;--awb-order-medium:0;--awb-spacing-right-medium:1.92%;--awb-spacing-left-medium:1.92%;--awb-width-small:100%;--awb-order-small:0;--awb-spacing-right-small:1.92%;--awb-spacing-left-small:1.92%;\" data-scroll-devices=\"small-visibility,medium-visibility,large-visibility\"><div class=\"fusion-column-wrapper fusion-column-has-shadow fusion-flex-justify-content-flex-start fusion-content-layout-column\"><div class=\"fusion-text fusion-text-7\"><p style=\"text-align: center;\"><strong>Regardez\u00a0 le reportage de l\u2019Office de radiodiffusion-t\u00e9l\u00e9vision du Mali diffus\u00e9 en novembre 2021, consacr\u00e9 \u00e0 la 3\u00e8me promotion du DIU:<\/strong><\/p>\n<\/div>\t\t\t\t\t<div class=\"fusion-slider-container fusion-slider-sc-video fusion-slider-195 fixed-width-slider\" style=\"height:576px; max-width:720px;\" data-id=\"195\" data-full_height=\"\">\n\t\t\t\t\t\t<style type=\"text\/css\">.fusion-slider-195 .flex-direction-nav a {}<\/style>\t\t\t\t\t\t<div class=\"fusion-slider-loading\">Chargement\u2026<\/div>\n\t\t\t\t\t\t<div class=\"tfs-slider flexslider main-flex fixed-width-slider\" data-slider_width=\"720px\" data-slider_height=\"576px\" data-full_screen=\"0\" data-parallax=\"0\" data-nav_arrows=\"0\" data-loop=\"0\" data-autoplay=\"0\" data-orderby=\"date\" data-order=\"DESC\" data-animation=\"fade\" data-animation_speed=\"600\" data-typo_sensitivity=\"1\" data-typo_factor=\"1.5\" style=\"max-width:720px;\">\n\t\t\t\t\t\t\t<ul class=\"slides\">\n\t\t\t\t\t\t\t\t\t\t\t\t\t\t\t\t\t<li data-mute=\"no\" data-loop=\"no\" data-autoplay=\"no\">\n\t\t\t\t\t\t\t\t\t\t<div class=\"slide-content-container slide-content-center\" style=\"display: none;\">\n\t\t\t\t\t\t\t\t\t\t\t<div class=\"slide-content\" style=\"\">\n\t\t\t\t\t\t\t\t\t\t\t\t\t\t\t\t\t\t\t\t\t\t\t\t\t\t\t\t\t\t\t\t\t\t\t\t\t\t\t\t\t\t\t\t\t\t\t\t\t<div class=\"buttons\" >\n\t\t\t\t\t\t\t\t\t\t\t\t\t\t\t\t\t\t\t\t\t\t\t\t\t\t\t\t\t\t\t\t\t\t\t\t\t\t\t\t\t<\/div>\n\t\t\t\t\t\t\t\t\t\t\t\t\t\t\t\t\t\t\t\t\t\t\t<\/div>\n\t\t\t\t\t\t\t\t\t\t<\/div>\n\t\t\t\t\t\t\t\t\t\t\t\t\t\t\t\t\t\t\t\t\t\t\t\t\t\t\t\t\t\t\t\t\t\t\t\t\t\t\t\t\t\t<div class=\"mobile_video_image\" style=\"background-image: url(https:\/\/www.fondationpierrefabre.org\/wp-content\/uploads\/sites\/2\/2021\/11\/Colloque-de-Kinshasa-600.jpg);\"><\/div>\n\t\t\t\t\t\t\t\t\t\t\t\t\t\t\t\t\t\t\t\t\t\t\t\t\t\t\t\t\t\t<div class=\"background self-hosted-video-bg\" style=\"max-width:720px;height:576px;filter: progid:DXImageTransform.Microsoft.AlphaImageLoader(src='', sizingMethod='scale');\" data-imgwidth=\"\">\n\t\t\t\t\t\t\t\t\t\t\t\t\t\t\t\t\t\t\t\t\t\t\t\t\t\t\t\t\t\t\t\t\t\t\t<video width=\"1800\" height=\"700\"  controls preload=\"auto\">\n\t\t\t\t\t\t\t\t\t\t\t\t\t\t\t\t\t\t\t\t\t\t\t\t\t\t\t\t\t<source src=\"https:\/\/www.fondationpierrefabre.org\/wp-content\/uploads\/sites\/2\/2021\/11\/VIDEO-2021-11-21-16-50-24.mp4\" type=\"video\/mp4\">\n\t\t\t\t\t\t\t\t\t\t\t\t\t\t\t\t\t\t\t\t\t\t\t\t\t\t\t\t\t\t\t\t\t\t\t\t\t\t\t\t\t\t\t<source src=\"\" type=\"video\/ogg\">\n\t\t\t\t\t\t\t\t\t\t\t\t\t\t\t\t\t\t\t\t\t\t\t\t\t\t\t\t\t\t\t\t\t\t\t\t\t\t\t\t\t\t\t<source src=\"\" type=\"video\/webm\">\n\t\t\t\t\t\t\t\t\t\t\t\t\t\t\t\t\t\t\t\t\t\t\t\t\t\t\t<\/video>\n\t\t\t\t\t\t\t\t\t\t\t\t\t\t\t\t\t\t\t\t\t\t\t\t\t\t\t\t\t\t\t\t\t\t\t\t\t\t\t\t\t\t\t\t\t\t\t\t\t\t\t\t\t\t\t<\/div>\n\t\t\t\t\t\t\t\t\t<\/li>\n\t\t\t\t\t\t\t\t\t\t\t\t\t\t\t\t\t\t\t\t\t\t\t<\/ul>\n\t\t\t\t\t\t<\/div>\n\t\t\t\t\t<\/div>\n\t\t\t\t\t\t\t\t<div class=\"fusion-separator fusion-full-width-sep\" style=\"align-self: center;margin-left: auto;margin-right: auto;width:100%;\"><div class=\"fusion-separator-border sep-double\" style=\"--awb-height:20px;--awb-amount:20px;--awb-sep-color:#fffcfc;border-color:#fffcfc;border-top-width:1px;border-bottom-width:1px;\"><\/div><\/div><\/div><\/div><div class=\"fusion-layout-column fusion_builder_column fusion-builder-column-6 fusion_builder_column_1_1 1_1 fusion-flex-column\" style=\"--awb-bg-color:#ffffff;--awb-bg-color-hover:#ffffff;--awb-bg-size:cover;--awb-width-large:100%;--awb-margin-top-large:0px;--awb-spacing-right-large:1.92%;--awb-margin-bottom-large:0px;--awb-spacing-left-large:1.92%;--awb-width-medium:100%;--awb-order-medium:0;--awb-spacing-right-medium:1.92%;--awb-spacing-left-medium:1.92%;--awb-width-small:100%;--awb-order-small:0;--awb-spacing-right-small:1.92%;--awb-spacing-left-small:1.92%;\" data-scroll-devices=\"small-visibility,medium-visibility,large-visibility\"><div class=\"fusion-column-wrapper fusion-column-has-shadow fusion-flex-justify-content-flex-start fusion-content-layout-column\"><div class=\"fusion-separator fusion-full-width-sep\" style=\"align-self: center;margin-left: auto;margin-right: auto;width:100%;\"><div class=\"fusion-separator-border sep-double\" style=\"--awb-height:20px;--awb-amount:20px;--awb-sep-color:#fffcfc;border-color:#fffcfc;border-top-width:1px;border-bottom-width:1px;\"><\/div><\/div><div class=\"fusion-text fusion-text-8\"><p style=\"text-align: center;\"><strong>Retour sur le hackathon 2021 du DIU e-sant\u00e9 \u00e0 Bamako<\/strong><\/p>\n<\/div><div class=\"fusion-video fusion-youtube\" style=\"--awb-max-width:600px;--awb-max-height:338px;--awb-align-self:center;--awb-width:100%;\"><div class=\"video-shortcode\"><div class=\"fluid-width-video-wrapper\" style=\"padding-top:56.33%;\" ><iframe title=\"YouTube video player 2\" src=\"https:\/\/www.youtube.com\/embed\/2IcU84cIszs?wmode=transparent&autoplay=0\" width=\"600\" height=\"338\" allowfullscreen allow=\"autoplay; clipboard-write; encrypted-media; gyroscope; picture-in-picture;\"><\/iframe><\/div><\/div><\/div><\/div><\/div><\/div><\/div><div class=\"fusion-fullwidth fullwidth-box fusion-builder-row-5 nonhundred-percent-fullwidth non-hundred-percent-height-scrolling\" style=\"--awb-border-radius-top-left:0px;--awb-border-radius-top-right:0px;--awb-border-radius-bottom-right:0px;--awb-border-radius-bottom-left:0px;--awb-padding-top:30px;--awb-padding-bottom:20px;--awb-background-color:#f2f2f2;--awb-flex-wrap:wrap;\" ><div class=\"fusion-builder-row fusion-row\"><div class=\"fusion-layout-column fusion_builder_column fusion-builder-column-7 fusion_builder_column_1_1 1_1 fusion-one-full fusion-column-first fusion-column-last\" style=\"--awb-bg-size:cover;\"><div class=\"fusion-column-wrapper fusion-flex-column-wrapper-legacy\"><div class=\"fusion-text fusion-text-9\"><h2 style=\"text-align: center;\">PARTENAIRES<\/h2>\n<\/div><div class=\"fusion-sep-clear\"><\/div><div class=\"fusion-separator fusion-full-width-sep\" style=\"margin-left: auto;margin-right: auto;margin-top:10px;width:100%;\"><\/div><div class=\"fusion-sep-clear\"><\/div><div class=\"fusion-clearfix\"><\/div><\/div><\/div><div class=\"fusion-layout-column fusion_builder_column fusion-builder-column-8 fusion_builder_column_1_2 1_2 fusion-one-half fusion-column-first\" style=\"--awb-bg-size:cover;width:50%;width:calc(50% - ( ( 4% ) * 0.5 ) );margin-right: 4%;\"><div class=\"fusion-column-wrapper fusion-flex-column-wrapper-legacy\"><div class=\"fusion-text fusion-text-10\"><ul>\n<li>Universit\u00e9 des Sciences, techniques et technologies de \u00a0Bamako<\/li>\n<li>Universit\u00e9 Cheikh Anta Diop de Dakar<\/li>\n<li>Universit\u00e9 F\u00e9lix Houphou\u00ebt-Boigny d\u2019Abidjan<\/li>\n<\/ul>\n<\/div><div class=\"fusion-clearfix\"><\/div><\/div><\/div><\/div><\/div><div class=\"fusion-fullwidth fullwidth-box fusion-builder-row-6 nonhundred-percent-fullwidth non-hundred-percent-height-scrolling\" style=\"--awb-border-radius-top-left:0px;--awb-border-radius-top-right:0px;--awb-border-radius-bottom-right:0px;--awb-border-radius-bottom-left:0px;--awb-margin-top:40px;--awb-flex-wrap:wrap;\" ><div class=\"fusion-builder-row fusion-row\"><div class=\"fusion-layout-column fusion_builder_column fusion-builder-column-9 fusion_builder_column_1_3 1_3 fusion-one-third fusion-column-first\" style=\"--awb-bg-size:cover;width:33.333333333333%;width:calc(33.333333333333% - ( ( 4% + 4% ) * 0.33333333333333 ) );margin-right: 4%;\"><div class=\"fusion-column-wrapper fusion-flex-column-wrapper-legacy\"><div class=\"fusion-text fusion-text-11\"><h4 class=\"heading\"><span class=\"nulle\">Et aussi<\/span><\/h4>\n<\/div><div class=\"fusion-recent-posts fusion-recent-posts-1 avada-container layout-default layout-columns-1\"><section class=\"fusion-columns columns fusion-columns-1 columns-1\"><article class=\"post fusion-column column col col-lg-12 col-md-12 col-sm-12\"><div class=\"fusion-flexslider flexslider flexslider-hover-type-none\"><ul class=\"slides\"><li style=\"width: 100%; float: left; margin-right: -100%; position: relative; opacity: 1; display: block; z-index: 2;\" class=\"flex-active-slide\"><a href=\"https:\/\/www.fondationpierrefabre.org\/fr\/programmes\/observatoire-de-la-e-sante-dans-les-pays-du-sud\/\" class=\"hover-type-none\" aria-label=\"Observatoire de la E-Sant\u00e9 dans les pays du Sud\"><img class=\"lazyload\" decoding=\"async\" src=\"data:image\/svg+xml,%3Csvg%20xmlns%3D%27http%3A%2F%2Fwww.w3.org%2F2000%2Fsvg%27%20width%3D%271200%27%20height%3D%27800%27%20viewBox%3D%270%200%201200%20800%27%3E%3Crect%20width%3D%271200%27%20height%3D%27800%27%20fill-opacity%3D%220%22%2F%3E%3C%2Fsvg%3E\" data-orig-src=\"https:\/\/www.fondationpierrefabre.org\/wp-content\/uploads\/sites\/2\/2025\/07\/odess-1.jpg\" alt=\"\" draggable=\"false\"><\/a><\/li><\/div><div class=\"recent-posts-content\"><h4 class=\"entry-title\"><a href=\"https:\/\/www.fondationpierrefabre.org\/fr\/programmes\/observatoire-de-la-e-sante-dans-les-pays-du-sud\/\">Observatoire de la E-Sant\u00e9 dans les pays du Sud<\/a><\/h4>Consciente des possibilit\u00e9s offertes par la e-sant\u00e9 pour l'acc\u00e8s aux soins dans les pays les moins avanc\u00e9s, la Fondation a cr\u00e9\u00e9 l'observatoire de la e-sant\u00e9.<span class=\"fusion-date\"><em>20\/07\/2025<\/em><\/span><\/div><\/article><\/section><\/div><div class=\"fusion-clearfix\"><\/div><\/div><\/div><div class=\"fusion-layout-column fusion_builder_column fusion-builder-column-10 fusion_builder_column_1_3 1_3 fusion-one-third\" style=\"--awb-bg-size:cover;width:33.333333333333%;width:calc(33.333333333333% - ( ( 4% + 4% ) * 0.33333333333333 ) );margin-right: 4%;\"><div class=\"fusion-column-wrapper fusion-flex-column-wrapper-legacy\"><div class=\"fusion-text fusion-text-12\"><h4 class=\"heading\"><span class=\"nulle\">Et aussi<\/span><\/h4>\n<\/div><div class=\"fusion-recent-posts fusion-recent-posts-1 avada-container layout-default layout-columns-1\"><section class=\"fusion-columns columns fusion-columns-1 columns-1\"><article class=\"post fusion-column column col col-lg-12 col-md-12 col-sm-12\"><div class=\"fusion-flexslider flexslider flexslider-hover-type-none\"><ul class=\"slides\"><li style=\"width: 100%; float: left; margin-right: -100%; position: relative; opacity: 1; display: block; z-index: 2;\" class=\"flex-active-slide\"><a href=\"https:\/\/www.fondationpierrefabre.org\/fr\/programmes\/soutien-a-la-sante-numerique-au-togo\/\" class=\"hover-type-none\" aria-label=\"Soutien \u00e0 la sant\u00e9 num\u00e9rique au Togo\"><img class=\"lazyload\" decoding=\"async\" src=\"data:image\/svg+xml,%3Csvg%20xmlns%3D%27http%3A%2F%2Fwww.w3.org%2F2000%2Fsvg%27%20width%3D%271200%27%20height%3D%27800%27%20viewBox%3D%270%200%201200%20800%27%3E%3Crect%20width%3D%271200%27%20height%3D%27800%27%20fill-opacity%3D%220%22%2F%3E%3C%2Fsvg%3E\" data-orig-src=\"https:\/\/www.fondationpierrefabre.org\/wp-content\/uploads\/sites\/2\/2025\/07\/CNSD-Togo.jpg\" alt=\"\" draggable=\"false\"><\/a><\/li><\/div><div class=\"recent-posts-content\"><h4 class=\"entry-title\"><a href=\"https:\/\/www.fondationpierrefabre.org\/fr\/programmes\/soutien-a-la-sante-numerique-au-togo\/\">Soutien \u00e0 la sant\u00e9 num\u00e9rique au Togo<\/a><\/h4>En 2021, le minist\u00e8re de la Sant\u00e9 et de l\u2019Hygi\u00e8ne Publique du Togo a sollicit\u00e9 l\u2019appui de la Fondation pour formaliser et op\u00e9rationnaliser une strat\u00e9gie nationale de e-sant\u00e9. La cr\u00e9ation du \u00ab\u00a0Centre National de Sant\u00e9 Digitale\u00a0\u00bb constitue une \u00e9tape essentielle dans la perspective de fournir un cadre de d\u00e9veloppement coh\u00e9rent et durable.<span class=\"fusion-date\"><em>20\/07\/2025<\/em><\/span><\/div><\/article><\/section><\/div><div class=\"fusion-clearfix\"><\/div><\/div><\/div><div class=\"fusion-layout-column fusion_builder_column fusion-builder-column-11 fusion_builder_column_1_3 1_3 fusion-one-third fusion-column-last\" style=\"--awb-bg-size:cover;width:33.333333333333%;width:calc(33.333333333333% - ( ( 4% + 4% ) * 0.33333333333333 ) );\"><div class=\"fusion-column-wrapper fusion-flex-column-wrapper-legacy\"><div class=\"fusion-text fusion-text-13\"><h4 class=\"heading\"><span class=\"nulle\">Suivez notre action<\/span><\/h4>\n<\/div><div class=\"fusion-recent-posts fusion-recent-posts-1 avada-container layout-default layout-columns-1\"><section class=\"fusion-columns columns fusion-columns-1 columns-1\"><article class=\"post fusion-column column col col-lg-12 col-md-12 col-sm-12\"><div class=\"fusion-flexslider fusion-flexslider-loading flexslider flexslider-hover-type-none\"><ul class=\"slides\"><li><a href=\"https:\/\/www.fondationpierrefabre.org\/fr\/suivre-notre-action\/sud-liban-la-fondation-pierre-fabre-agit\/\" aria-label=\"Sud Liban : la Fondation Pierre Fabre agit\" class=\"hover-type-none\"><img decoding=\"async\" width=\"700\" height=\"441\" src=\"https:\/\/www.fondationpierrefabre.org\/wp-content\/uploads\/sites\/2\/2026\/04\/Solidarite-Liban-700x441.jpg\" class=\"attachment-recent-posts size-recent-posts lazyload\" alt=\"\" srcset=\"data:image\/svg+xml,%3Csvg%20xmlns%3D%27http%3A%2F%2Fwww.w3.org%2F2000%2Fsvg%27%20width%3D%271200%27%20height%3D%27800%27%20viewBox%3D%270%200%201200%20800%27%3E%3Crect%20width%3D%271200%27%20height%3D%27800%27%20fill-opacity%3D%220%22%2F%3E%3C%2Fsvg%3E\" data-orig-src=\"https:\/\/www.fondationpierrefabre.org\/wp-content\/uploads\/sites\/2\/2026\/04\/Solidarite-Liban-700x441.jpg\" data-srcset=\"https:\/\/www.fondationpierrefabre.org\/wp-content\/uploads\/sites\/2\/2026\/04\/Solidarite-Liban-320x202.jpg 320w, https:\/\/www.fondationpierrefabre.org\/wp-content\/uploads\/sites\/2\/2026\/04\/Solidarite-Liban-700x441.jpg 700w\" data-sizes=\"auto\" \/><\/a><\/li><\/ul><\/div><div class=\"recent-posts-content\"><span class=\"vcard\" style=\"display: none;\"><span class=\"fn\"><a href=\"https:\/\/www.fondationpierrefabre.org\/fr\/author\/tma25pf\/\" title=\"Articles par tma25pf\" rel=\"author\">tma25pf<\/a><\/span><\/span><span class=\"updated\" style=\"display:none;\">2026-04-23T23:42:32+02:00<\/span><h4 class=\"entry-title\"><a href=\"https:\/\/www.fondationpierrefabre.org\/fr\/suivre-notre-action\/sud-liban-la-fondation-pierre-fabre-agit\/\">Sud Liban : la Fondation Pierre Fabre agit<\/a><\/h4><p>La Fondation Pierre Fabre finance l\u2019organisation de convois humanitaires pour r\u00e9pondre en urgence aux besoins essentiels des habitants refusant l\u2019exode dans les villages au Sud Liban.<\/p><\/div><\/article><\/section><\/div><div class=\"fusion-clearfix\"><\/div><\/div><\/div><div class=\"fusion-layout-column fusion_builder_column fusion-builder-column-12 fusion_builder_column_1_1 1_1 fusion-one-full fusion-column-first fusion-column-last\" style=\"--awb-bg-size:cover;--awb-margin-bottom:30px;\"><div class=\"fusion-column-wrapper fusion-flex-column-wrapper-legacy\"><div class=\"fusion-button-wrapper fusion-aligncenter\"><a class=\"fusion-button button-flat button-small button-custom fusion-button-default button-1 fusion-button-span-no \" style=\"--button_accent_color:#717171;--button_accent_hover_color:#717171;--button_border_hover_color:#717171;--button_border_width-top:1px;--button_border_width-right:1px;--button_border_width-bottom:1px;--button_border_width-left:1px;--button-border-radius-top-left:0px;--button-border-radius-top-right:0px;--button-border-radius-bottom-right:0px;--button-border-radius-bottom-left:0px;--button_gradient_top_color:#f2f2f2;--button_gradient_bottom_color:#f2f2f2;--button_gradient_top_color_hover:#ffffff;--button_gradient_bottom_color_hover:#ffffff;--button_text_transform:none;\" target=\"_blank\" rel=\"noopener noreferrer\" href=\"https:\/\/www.fondationpierrefabre.org\/fr\/decouvrir-nos-programmes\/lutte-contre-la-drepanocytose\"><i class=\"fa-angle-double-right fas awb-button__icon awb-button__icon--default button-icon-left\" aria-hidden=\"true\"><\/i><span class=\"fusion-button-text awb-button__text awb-button__text--default\">Tous les programmes<\/span><\/a><\/div><div class=\"fusion-clearfix\"><\/div><\/div><\/div><\/div><\/div><\/p>\n","protected":false},"excerpt":{"rendered":"<p>Face aux besoins de formation en e-sant\u00e9 adapt\u00e9e aux contextes des pays du Sud, ce Dipl\u00f4me Inter Universitaire en e-sant\u00e9 centr\u00e9 sur l\u2019innovation et la pratique sur le terrain permet de r\u00e9pondre aux probl\u00e8mes prioritaires de sant\u00e9.<\/p>\n","protected":false},"author":12,"featured_media":18066,"menu_order":48,"comment_status":"closed","ping_status":"closed","template":"","format":"standard","meta":{"_acf_changed":false,"footnotes":""},"portfolio_category":[495,479,466,506,516,519],"portfolio_skills":[],"portfolio_tags":[],"class_list":["post-18011","avada_portfolio","type-avada_portfolio","status-publish","format-standard","has-post-thumbnail","hentry","portfolio_category-cote-divoire","portfolio_category-e-sante","portfolio_category-en-cours","portfolio_category-mali","portfolio_category-senegal","portfolio_category-togo"],"acf":[],"yoast_head":"<!-- This site is optimized with the Yoast SEO plugin v27.4 - https:\/\/yoast.com\/product\/yoast-seo-wordpress\/ -->\n<title>Dipl\u00f4me en E-sant\u00e9 avec 4 universit\u00e9s africaines - Fondation Pierre Fabre<\/title>\n<meta name=\"description\" content=\"Face aux besoins de formation en e-sant\u00e9 adapt\u00e9e aux contextes des pays du Sud, ce Dipl\u00f4me Inter Universitaire en e-sant\u00e9 centr\u00e9 sur l\u2019innovation et la pratique sur le terrain permet de r\u00e9pondre aux probl\u00e8mes prioritaires de sant\u00e9.\" \/>\n<meta name=\"robots\" content=\"index, follow, max-snippet:-1, max-image-preview:large, max-video-preview:-1\" \/>\n<link rel=\"canonical\" href=\"https:\/\/www.fondationpierrefabre.org\/fr\/programmes\/diplome-en-e-sante-avec-4-universites-africaines\/\" \/>\n<meta property=\"og:locale\" content=\"fr_FR\" \/>\n<meta property=\"og:type\" content=\"article\" \/>\n<meta property=\"og:title\" content=\"Dipl\u00f4me en E-sant\u00e9 avec 4 universit\u00e9s africaines - Fondation Pierre Fabre\" \/>\n<meta property=\"og:description\" content=\"Face aux besoins de formation en e-sant\u00e9 adapt\u00e9e aux contextes des pays du Sud, ce Dipl\u00f4me Inter Universitaire en e-sant\u00e9 centr\u00e9 sur l\u2019innovation et la pratique sur le terrain permet de r\u00e9pondre aux probl\u00e8mes prioritaires de sant\u00e9.\" \/>\n<meta property=\"og:url\" content=\"https:\/\/www.fondationpierrefabre.org\/fr\/programmes\/diplome-en-e-sante-avec-4-universites-africaines\/\" \/>\n<meta property=\"og:site_name\" content=\"Fondation Pierre Fabre\" \/>\n<meta property=\"article:publisher\" content=\"https:\/\/www.facebook.com\/FondationPierreFabre\/\" \/>\n<meta property=\"article:modified_time\" content=\"2025-11-23T17:21:38+00:00\" \/>\n<meta property=\"og:image\" content=\"https:\/\/www.fondationpierrefabre.org\/wp-content\/uploads\/sites\/2\/2025\/07\/Diplome-en-E-sante.jpg\" \/>\n\t<meta property=\"og:image:width\" content=\"1200\" \/>\n\t<meta property=\"og:image:height\" content=\"800\" \/>\n\t<meta property=\"og:image:type\" content=\"image\/jpeg\" \/>\n<meta name=\"twitter:card\" content=\"summary_large_image\" \/>\n<meta name=\"twitter:site\" content=\"@FondationPFabre\" \/>\n<meta name=\"twitter:label1\" content=\"Dur\u00e9e de lecture estim\u00e9e\" \/>\n\t<meta name=\"twitter:data1\" content=\"5 minutes\" \/>\n<script type=\"application\/ld+json\" class=\"yoast-schema-graph\">{\"@context\":\"https:\\\/\\\/schema.org\",\"@graph\":[{\"@type\":\"WebPage\",\"@id\":\"https:\\\/\\\/www.fondationpierrefabre.org\\\/fr\\\/programmes\\\/diplome-en-e-sante-avec-4-universites-africaines\\\/\",\"url\":\"https:\\\/\\\/www.fondationpierrefabre.org\\\/fr\\\/programmes\\\/diplome-en-e-sante-avec-4-universites-africaines\\\/\",\"name\":\"Dipl\u00f4me en E-sant\u00e9 avec 4 universit\u00e9s africaines - Fondation Pierre Fabre\",\"isPartOf\":{\"@id\":\"https:\\\/\\\/www.fondationpierrefabre.org\\\/fr\\\/#website\"},\"primaryImageOfPage\":{\"@id\":\"https:\\\/\\\/www.fondationpierrefabre.org\\\/fr\\\/programmes\\\/diplome-en-e-sante-avec-4-universites-africaines\\\/#primaryimage\"},\"image\":{\"@id\":\"https:\\\/\\\/www.fondationpierrefabre.org\\\/fr\\\/programmes\\\/diplome-en-e-sante-avec-4-universites-africaines\\\/#primaryimage\"},\"thumbnailUrl\":\"https:\\\/\\\/www.fondationpierrefabre.org\\\/wp-content\\\/uploads\\\/sites\\\/2\\\/2025\\\/07\\\/Diplome-en-E-sante.jpg\",\"datePublished\":\"2025-07-20T13:39:28+00:00\",\"dateModified\":\"2025-11-23T17:21:38+00:00\",\"description\":\"Face aux besoins de formation en e-sant\u00e9 adapt\u00e9e aux contextes des pays du Sud, ce Dipl\u00f4me Inter Universitaire en e-sant\u00e9 centr\u00e9 sur l\u2019innovation et la pratique sur le terrain permet de r\u00e9pondre aux probl\u00e8mes prioritaires de sant\u00e9.\",\"breadcrumb\":{\"@id\":\"https:\\\/\\\/www.fondationpierrefabre.org\\\/fr\\\/programmes\\\/diplome-en-e-sante-avec-4-universites-africaines\\\/#breadcrumb\"},\"inLanguage\":\"fr-FR\",\"potentialAction\":[{\"@type\":\"ReadAction\",\"target\":[\"https:\\\/\\\/www.fondationpierrefabre.org\\\/fr\\\/programmes\\\/diplome-en-e-sante-avec-4-universites-africaines\\\/\"]}]},{\"@type\":\"ImageObject\",\"inLanguage\":\"fr-FR\",\"@id\":\"https:\\\/\\\/www.fondationpierrefabre.org\\\/fr\\\/programmes\\\/diplome-en-e-sante-avec-4-universites-africaines\\\/#primaryimage\",\"url\":\"https:\\\/\\\/www.fondationpierrefabre.org\\\/wp-content\\\/uploads\\\/sites\\\/2\\\/2025\\\/07\\\/Diplome-en-E-sante.jpg\",\"contentUrl\":\"https:\\\/\\\/www.fondationpierrefabre.org\\\/wp-content\\\/uploads\\\/sites\\\/2\\\/2025\\\/07\\\/Diplome-en-E-sante.jpg\",\"width\":1200,\"height\":800},{\"@type\":\"BreadcrumbList\",\"@id\":\"https:\\\/\\\/www.fondationpierrefabre.org\\\/fr\\\/programmes\\\/diplome-en-e-sante-avec-4-universites-africaines\\\/#breadcrumb\",\"itemListElement\":[{\"@type\":\"ListItem\",\"position\":1,\"name\":\"\",\"item\":\"https:\\\/\\\/www.fondationpierrefabre.org\\\/fr\\\/\"},{\"@type\":\"ListItem\",\"position\":2,\"name\":\"Portfolio\",\"item\":\"https:\\\/\\\/www.fondationpierrefabre.org\\\/en\\\/decouvrir-nos-programmes-old\\\/\"},{\"@type\":\"ListItem\",\"position\":3,\"name\":\"Dipl\u00f4me en E-sant\u00e9 avec 4 universit\u00e9s africaines\"}]},{\"@type\":\"WebSite\",\"@id\":\"https:\\\/\\\/www.fondationpierrefabre.org\\\/fr\\\/#website\",\"url\":\"https:\\\/\\\/www.fondationpierrefabre.org\\\/fr\\\/\",\"name\":\"Fondation Pierre Fabre\",\"description\":\"Acc\u00e8s aux soins de qualit\u00e9 pour tous\",\"publisher\":{\"@id\":\"https:\\\/\\\/www.fondationpierrefabre.org\\\/fr\\\/#organization\"},\"potentialAction\":[{\"@type\":\"SearchAction\",\"target\":{\"@type\":\"EntryPoint\",\"urlTemplate\":\"https:\\\/\\\/www.fondationpierrefabre.org\\\/fr\\\/?s={search_term_string}\"},\"query-input\":{\"@type\":\"PropertyValueSpecification\",\"valueRequired\":true,\"valueName\":\"search_term_string\"}}],\"inLanguage\":\"fr-FR\"},{\"@type\":\"Organization\",\"@id\":\"https:\\\/\\\/www.fondationpierrefabre.org\\\/fr\\\/#organization\",\"name\":\"Fondation Pierre Fabre\",\"alternateName\":\"FPF\",\"url\":\"https:\\\/\\\/www.fondationpierrefabre.org\\\/fr\\\/\",\"logo\":{\"@type\":\"ImageObject\",\"inLanguage\":\"fr-FR\",\"@id\":\"https:\\\/\\\/www.fondationpierrefabre.org\\\/fr\\\/#\\\/schema\\\/logo\\\/image\\\/\",\"url\":\"https:\\\/\\\/www.fondationpierrefabre.org\\\/wp-content\\\/uploads\\\/sites\\\/2\\\/2020\\\/03\\\/FPF_Logo500.png\",\"contentUrl\":\"https:\\\/\\\/www.fondationpierrefabre.org\\\/wp-content\\\/uploads\\\/sites\\\/2\\\/2020\\\/03\\\/FPF_Logo500.png\",\"width\":500,\"height\":155,\"caption\":\"Fondation Pierre Fabre\"},\"image\":{\"@id\":\"https:\\\/\\\/www.fondationpierrefabre.org\\\/fr\\\/#\\\/schema\\\/logo\\\/image\\\/\"},\"sameAs\":[\"https:\\\/\\\/www.facebook.com\\\/FondationPierreFabre\\\/\",\"https:\\\/\\\/x.com\\\/FondationPFabre\",\"https:\\\/\\\/www.linkedin.com\\\/company\\\/fondation_pierrefabre\\\/\",\"https:\\\/\\\/www.youtube.com\\\/channel\\\/UCSTB8YVIiEnbarvfFcQ-4UA\"]}]}<\/script>\n<!-- \/ Yoast SEO plugin. -->","yoast_head_json":{"title":"Dipl\u00f4me en E-sant\u00e9 avec 4 universit\u00e9s africaines - Fondation Pierre Fabre","description":"Face aux besoins de formation en e-sant\u00e9 adapt\u00e9e aux contextes des pays du Sud, ce Dipl\u00f4me Inter Universitaire en e-sant\u00e9 centr\u00e9 sur l\u2019innovation et la pratique sur le terrain permet de r\u00e9pondre aux probl\u00e8mes prioritaires de sant\u00e9.","robots":{"index":"index","follow":"follow","max-snippet":"max-snippet:-1","max-image-preview":"max-image-preview:large","max-video-preview":"max-video-preview:-1"},"canonical":"https:\/\/www.fondationpierrefabre.org\/fr\/programmes\/diplome-en-e-sante-avec-4-universites-africaines\/","og_locale":"fr_FR","og_type":"article","og_title":"Dipl\u00f4me en E-sant\u00e9 avec 4 universit\u00e9s africaines - Fondation Pierre Fabre","og_description":"Face aux besoins de formation en e-sant\u00e9 adapt\u00e9e aux contextes des pays du Sud, ce Dipl\u00f4me Inter Universitaire en e-sant\u00e9 centr\u00e9 sur l\u2019innovation et la pratique sur le terrain permet de r\u00e9pondre aux probl\u00e8mes prioritaires de sant\u00e9.","og_url":"https:\/\/www.fondationpierrefabre.org\/fr\/programmes\/diplome-en-e-sante-avec-4-universites-africaines\/","og_site_name":"Fondation Pierre Fabre","article_publisher":"https:\/\/www.facebook.com\/FondationPierreFabre\/","article_modified_time":"2025-11-23T17:21:38+00:00","og_image":[{"width":1200,"height":800,"url":"https:\/\/www.fondationpierrefabre.org\/wp-content\/uploads\/sites\/2\/2025\/07\/Diplome-en-E-sante.jpg","type":"image\/jpeg"}],"twitter_card":"summary_large_image","twitter_site":"@FondationPFabre","twitter_misc":{"Dur\u00e9e de lecture estim\u00e9e":"5 minutes"},"schema":{"@context":"https:\/\/schema.org","@graph":[{"@type":"WebPage","@id":"https:\/\/www.fondationpierrefabre.org\/fr\/programmes\/diplome-en-e-sante-avec-4-universites-africaines\/","url":"https:\/\/www.fondationpierrefabre.org\/fr\/programmes\/diplome-en-e-sante-avec-4-universites-africaines\/","name":"Dipl\u00f4me en E-sant\u00e9 avec 4 universit\u00e9s africaines - Fondation Pierre Fabre","isPartOf":{"@id":"https:\/\/www.fondationpierrefabre.org\/fr\/#website"},"primaryImageOfPage":{"@id":"https:\/\/www.fondationpierrefabre.org\/fr\/programmes\/diplome-en-e-sante-avec-4-universites-africaines\/#primaryimage"},"image":{"@id":"https:\/\/www.fondationpierrefabre.org\/fr\/programmes\/diplome-en-e-sante-avec-4-universites-africaines\/#primaryimage"},"thumbnailUrl":"https:\/\/www.fondationpierrefabre.org\/wp-content\/uploads\/sites\/2\/2025\/07\/Diplome-en-E-sante.jpg","datePublished":"2025-07-20T13:39:28+00:00","dateModified":"2025-11-23T17:21:38+00:00","description":"Face aux besoins de formation en e-sant\u00e9 adapt\u00e9e aux contextes des pays du Sud, ce Dipl\u00f4me Inter Universitaire en e-sant\u00e9 centr\u00e9 sur l\u2019innovation et la pratique sur le terrain permet de r\u00e9pondre aux probl\u00e8mes prioritaires de sant\u00e9.","breadcrumb":{"@id":"https:\/\/www.fondationpierrefabre.org\/fr\/programmes\/diplome-en-e-sante-avec-4-universites-africaines\/#breadcrumb"},"inLanguage":"fr-FR","potentialAction":[{"@type":"ReadAction","target":["https:\/\/www.fondationpierrefabre.org\/fr\/programmes\/diplome-en-e-sante-avec-4-universites-africaines\/"]}]},{"@type":"ImageObject","inLanguage":"fr-FR","@id":"https:\/\/www.fondationpierrefabre.org\/fr\/programmes\/diplome-en-e-sante-avec-4-universites-africaines\/#primaryimage","url":"https:\/\/www.fondationpierrefabre.org\/wp-content\/uploads\/sites\/2\/2025\/07\/Diplome-en-E-sante.jpg","contentUrl":"https:\/\/www.fondationpierrefabre.org\/wp-content\/uploads\/sites\/2\/2025\/07\/Diplome-en-E-sante.jpg","width":1200,"height":800},{"@type":"BreadcrumbList","@id":"https:\/\/www.fondationpierrefabre.org\/fr\/programmes\/diplome-en-e-sante-avec-4-universites-africaines\/#breadcrumb","itemListElement":[{"@type":"ListItem","position":1,"name":"","item":"https:\/\/www.fondationpierrefabre.org\/fr\/"},{"@type":"ListItem","position":2,"name":"Portfolio","item":"https:\/\/www.fondationpierrefabre.org\/en\/decouvrir-nos-programmes-old\/"},{"@type":"ListItem","position":3,"name":"Dipl\u00f4me en E-sant\u00e9 avec 4 universit\u00e9s africaines"}]},{"@type":"WebSite","@id":"https:\/\/www.fondationpierrefabre.org\/fr\/#website","url":"https:\/\/www.fondationpierrefabre.org\/fr\/","name":"Fondation Pierre Fabre","description":"Acc\u00e8s aux soins de qualit\u00e9 pour tous","publisher":{"@id":"https:\/\/www.fondationpierrefabre.org\/fr\/#organization"},"potentialAction":[{"@type":"SearchAction","target":{"@type":"EntryPoint","urlTemplate":"https:\/\/www.fondationpierrefabre.org\/fr\/?s={search_term_string}"},"query-input":{"@type":"PropertyValueSpecification","valueRequired":true,"valueName":"search_term_string"}}],"inLanguage":"fr-FR"},{"@type":"Organization","@id":"https:\/\/www.fondationpierrefabre.org\/fr\/#organization","name":"Fondation Pierre Fabre","alternateName":"FPF","url":"https:\/\/www.fondationpierrefabre.org\/fr\/","logo":{"@type":"ImageObject","inLanguage":"fr-FR","@id":"https:\/\/www.fondationpierrefabre.org\/fr\/#\/schema\/logo\/image\/","url":"https:\/\/www.fondationpierrefabre.org\/wp-content\/uploads\/sites\/2\/2020\/03\/FPF_Logo500.png","contentUrl":"https:\/\/www.fondationpierrefabre.org\/wp-content\/uploads\/sites\/2\/2020\/03\/FPF_Logo500.png","width":500,"height":155,"caption":"Fondation Pierre Fabre"},"image":{"@id":"https:\/\/www.fondationpierrefabre.org\/fr\/#\/schema\/logo\/image\/"},"sameAs":["https:\/\/www.facebook.com\/FondationPierreFabre\/","https:\/\/x.com\/FondationPFabre","https:\/\/www.linkedin.com\/company\/fondation_pierrefabre\/","https:\/\/www.youtube.com\/channel\/UCSTB8YVIiEnbarvfFcQ-4UA"]}]}},"_links":{"self":[{"href":"https:\/\/www.fondationpierrefabre.org\/fr\/wp-json\/wp\/v2\/avada_portfolio\/18011","targetHints":{"allow":["GET"]}}],"collection":[{"href":"https:\/\/www.fondationpierrefabre.org\/fr\/wp-json\/wp\/v2\/avada_portfolio"}],"about":[{"href":"https:\/\/www.fondationpierrefabre.org\/fr\/wp-json\/wp\/v2\/types\/avada_portfolio"}],"author":[{"embeddable":true,"href":"https:\/\/www.fondationpierrefabre.org\/fr\/wp-json\/wp\/v2\/users\/12"}],"replies":[{"embeddable":true,"href":"https:\/\/www.fondationpierrefabre.org\/fr\/wp-json\/wp\/v2\/comments?post=18011"}],"version-history":[{"count":2,"href":"https:\/\/www.fondationpierrefabre.org\/fr\/wp-json\/wp\/v2\/avada_portfolio\/18011\/revisions"}],"predecessor-version":[{"id":19235,"href":"https:\/\/www.fondationpierrefabre.org\/fr\/wp-json\/wp\/v2\/avada_portfolio\/18011\/revisions\/19235"}],"wp:featuredmedia":[{"embeddable":true,"href":"https:\/\/www.fondationpierrefabre.org\/fr\/wp-json\/wp\/v2\/media\/18066"}],"wp:attachment":[{"href":"https:\/\/www.fondationpierrefabre.org\/fr\/wp-json\/wp\/v2\/media?parent=18011"}],"wp:term":[{"taxonomy":"portfolio_category","embeddable":true,"href":"https:\/\/www.fondationpierrefabre.org\/fr\/wp-json\/wp\/v2\/portfolio_category?post=18011"},{"taxonomy":"portfolio_skills","embeddable":true,"href":"https:\/\/www.fondationpierrefabre.org\/fr\/wp-json\/wp\/v2\/portfolio_skills?post=18011"},{"taxonomy":"portfolio_tags","embeddable":true,"href":"https:\/\/www.fondationpierrefabre.org\/fr\/wp-json\/wp\/v2\/portfolio_tags?post=18011"}],"curies":[{"name":"wp","href":"https:\/\/api.w.org\/{rel}","templated":true}]}}